{"id":5011,"date":"2026-01-14T10:56:21","date_gmt":"2026-01-14T11:56:21","guid":{"rendered":"https:\/\/ecomuseu-corvo.cultura.azores.gov.pt\/?post_type=tribe_events&#038;p=5011"},"modified":"2026-01-22T15:47:26","modified_gmt":"2026-01-22T16:47:26","slug":"encontros-com-memoria-4","status":"publish","type":"tribe_events","link":"https:\/\/ecomuseu-corvo.cultura.azores.gov.pt\/en\/evento\/encontros-com-memoria-4\/","title":{"rendered":"Encontros com Mem\u00f3ria"},"content":{"rendered":"<p>Iniciamos 2026 com o regresso dos nossos \u201cEncontros com Mem\u00f3ria\u201d, uma iniciativa que valoriza as hist\u00f3rias, os saberes e as viv\u00eancias que moldam a identidade da ilha do Corvo e que, ao mesmo tempo, promove a inclus\u00e3o geracional e a ocupa\u00e7\u00e3o ativa e significativa do tempo dos participantes.<br \/>\nAo longo dos \u00faltimos anos, esta atividade tem aproximado crian\u00e7as, jovens, adultos e, de forma muito especial, os anci\u00e3os da Santa Casa da Miseric\u00f3rdia do Corvo, verdadeiros guardi\u00f5es de um patrim\u00f3nio imaterial \u00fanico. Estes encontros s\u00e3o um momento de conv\u00edvio, partilha e aprendizagem m\u00fatua, permitindo que diferentes gera\u00e7\u00f5es se encontrem, dialoguem e reconhe\u00e7am o valor da experi\u00eancia acumulada ao longo de vidas inteiras.<br \/>\nNeste novo ciclo, refor\u00e7amos o compromisso de recolher relatos, tradi\u00e7\u00f5es, express\u00f5es, gestos e mem\u00f3rias que fazem parte da hist\u00f3ria da nossa comunidade. Cada conversa \u00e9 tamb\u00e9m uma oportunidade para promover o bem-estar dos participantes mais idosos, oferecendo-lhes um espa\u00e7o ativo de participa\u00e7\u00e3o social, de valoriza\u00e7\u00e3o pessoal e de continuidade das suas viv\u00eancias atrav\u00e9s da transmiss\u00e3o \u00e0s gera\u00e7\u00f5es mais novas.<br \/>\nOs \u201cEncontros com Mem\u00f3ria\u201d s\u00e3o, acima de tudo, um espa\u00e7o de escuta, di\u00e1logo e inclus\u00e3o, onde revisitar o passado nos ajuda a compreender melhor o presente e a projetar um futuro mais enraizado na identidade local.<br \/>\nQue 2026 seja mais um ano de hist\u00f3rias vivas, aprendizagens partilhadas e celebra\u00e7\u00e3o da mem\u00f3ria coletiva do Corvo, alimentando la\u00e7os comunit\u00e1rios e fortalecendo o sentimento de perten\u00e7a.<br \/>\nA primeira sess\u00e3o deste ano ter\u00e1 lugar a 15 de janeiro, dando in\u00edcio a mais um ciclo de encontros que unem pessoas, mem\u00f3rias e gera\u00e7\u00f5es.<\/p>","protected":false},"excerpt":{"rendered":"<p>Iniciamos 2026 com o regresso dos nossos \u201cEncontros com Mem\u00f3ria\u201d, uma iniciativa que valoriza as hist\u00f3rias, os saberes e as viv\u00eancias que moldam a identidade da ilha do Corvo e [&hellip;]<\/p>\n","protected":false},"author":3,"featured_media":5012,"template":"","meta":{"_tribe_events_status":"","_tribe_events_status_reason":"","footnotes":""},"tags":[],"tribe_events_cat":[60],"class_list":["post-5011","tribe_events","type-tribe_events","status-publish","has-post-thumbnail","hentry","tribe_events_cat-projeto-social","cat_projeto-social"],"_links":{"self":[{"href":"https:\/\/ecomuseu-corvo.cultura.azores.gov.pt\/en\/wp-json\/wp\/v2\/tribe_events\/5011","targetHints":{"allow":["GET"]}}],"collection":[{"href":"https:\/\/ecomuseu-corvo.cultura.azores.gov.pt\/en\/wp-json\/wp\/v2\/tribe_events"}],"about":[{"href":"https:\/\/ecomuseu-corvo.cultura.azores.gov.pt\/en\/wp-json\/wp\/v2\/types\/tribe_events"}],"author":[{"embeddable":true,"href":"https:\/\/ecomuseu-corvo.cultura.azores.gov.pt\/en\/wp-json\/wp\/v2\/users\/3"}],"version-history":[{"count":1,"href":"https:\/\/ecomuseu-corvo.cultura.azores.gov.pt\/en\/wp-json\/wp\/v2\/tribe_events\/5011\/revisions"}],"predecessor-version":[{"id":5013,"href":"https:\/\/ecomuseu-corvo.cultura.azores.gov.pt\/en\/wp-json\/wp\/v2\/tribe_events\/5011\/revisions\/5013"}],"wp:featuredmedia":[{"embeddable":true,"href":"https:\/\/ecomuseu-corvo.cultura.azores.gov.pt\/en\/wp-json\/wp\/v2\/media\/5012"}],"wp:attachment":[{"href":"https:\/\/ecomuseu-corvo.cultura.azores.gov.pt\/en\/wp-json\/wp\/v2\/media?parent=5011"}],"wp:term":[{"taxonomy":"post_tag","embeddable":true,"href":"https:\/\/ecomuseu-corvo.cultura.azores.gov.pt\/en\/wp-json\/wp\/v2\/tags?post=5011"},{"taxonomy":"tribe_events_cat","embeddable":true,"href":"https:\/\/ecomuseu-corvo.cultura.azores.gov.pt\/en\/wp-json\/wp\/v2\/tribe_events_cat?post=5011"}],"curies":[{"name":"wp","href":"https:\/\/api.w.org\/{rel}","templated":true}]}}