{"id":3975,"date":"2024-09-11T13:37:00","date_gmt":"2024-09-11T13:37:00","guid":{"rendered":"https:\/\/ecomuseu-corvo.cultura.azores.gov.pt\/?post_type=tribe_events&#038;p=3975"},"modified":"2024-10-17T15:05:30","modified_gmt":"2024-10-17T15:05:30","slug":"4-a-campanha-do-patrimonio-d-corvo","status":"publish","type":"tribe_events","link":"https:\/\/ecomuseu-corvo.cultura.azores.gov.pt\/en\/evento\/4-a-campanha-do-patrimonio-d-corvo\/","title":{"rendered":"4.\u00aa Campanha do Patrim\u00f3nio do Corvo"},"content":{"rendered":"<p>Com o objetivo de estudar, recolher e devolver a heran\u00e7a cultural do Corvo \u00e0s suas gentes, o Ecomuseu do Corvo promove, pelo quarto ano consecutivo, a Campanha do Patrim\u00f3nio da Ilha do Corvo.<\/p>\n<p>Os trabalhos ir\u00e3o decorrer entre os dias 16 a 19 de setembro, numa parceria com o Centro do Patrim\u00f3nio M\u00f3vel, Imaterial e Arqueol\u00f3gico dos A\u00e7ores, \u00e0 semelhan\u00e7a do que tem acontecido nos anos transatos, aquando das prospe\u00e7\u00f5es arqueol\u00f3gicas realizadas na zona do \u201cEngenho\u201d, no moinho do Caldeir\u00e3o, no patrim\u00f3nio subaqu\u00e1tico, nas a\u00e7\u00f5es de restauro do tear t\u00edpico do Corvo e da conserva\u00e7\u00e3o preventiva de v\u00e1rios objetos do patrim\u00f3nio m\u00f3vel da ilha do Corvo.<br \/>\nEste ano, o Ecomuseu dar\u00e1 continuidade \u00e0 forma\u00e7\u00e3o na \u00e1rea da conserva\u00e7\u00e3o e restauro do patrim\u00f3nio cultural m\u00f3vel, contando para tal com a presen\u00e7a de Paulo Silveira, especialista nas \u00e1reas de marcenaria, carpintaria especializada e restauro em madeira. O mesmo ir\u00e1 orientar um workshop, com a equipa do Ecomuseu, e apresentar esclarecimentos junto da comunidade, encontrando-se, para esse efeito, a trabalhar, em regime de porta aberta, junto \u00e0 Casa do Tempo e tamb\u00e9m no Multiusos, consoante a localiza\u00e7\u00e3o dos objetos a intervencionar, das 09h30 \u00e0s 12h30 e das 13h30 \u00e0s 17h30.<br \/>\nA equipa de arqueologia regressa ao Corvo, este ano, com uma nova miss\u00e3o. Desta feita focada na recolha de novos dados relacionados com o patrim\u00f3nio arqueol\u00f3gico da ilha do Corvo. Neste \u00e2mbito, entre outras a\u00e7\u00f5es de trabalho de campo, de arquivo e de informa\u00e7\u00e3o, a desenvolver junto da comunidade, ser\u00e1 realizada uma palestra, aberta a toda a comunidade, sobre \u201cArqueologia no Corvo. Um percurso com a comunidade\u201d, proferida por Jos\u00e9 Lu\u00eds Neto.<br \/>\nTamb\u00e9m est\u00e1 prevista uma conversa com Jos\u00e9 Lu\u00eds Neto sobre o seu mais recente livro: \u201cArqueologia da Atl\u00e2ntida\u201d.<br \/>\nCom estas a\u00e7\u00f5es pretende-se falar sobre quest\u00f5es do Patrim\u00f3nio, partilhar ideias e projetos, refletir sobre algumas lendas e mitos, bem como dar a conhecer um pouco da Hist\u00f3ria, da mem\u00f3ria e das tradi\u00e7\u00f5es da ilha do Corvo.<\/p>\n<p>Convidamos toda a comunidade a participar e a ser parte ativa na recolha, preserva\u00e7\u00e3o e divulga\u00e7\u00e3o do Patrim\u00f3nio da Ilha do Corvo.<\/p>","protected":false},"excerpt":{"rendered":"<p>Com o objetivo de estudar, recolher e devolver a heran\u00e7a cultural do Corvo \u00e0s suas gentes, o Ecomuseu do Corvo promove, pelo quarto ano consecutivo, a Campanha do Patrim\u00f3nio da [&hellip;]<\/p>\n","protected":false},"author":3,"featured_media":3976,"template":"","meta":{"_tribe_events_status":"","_tribe_events_status_reason":"","footnotes":""},"tags":[],"tribe_events_cat":[33],"class_list":["post-3975","tribe_events","type-tribe_events","status-publish","has-post-thumbnail","hentry","tribe_events_cat-patrimonio","cat_patrimonio"],"_links":{"self":[{"href":"https:\/\/ecomuseu-corvo.cultura.azores.gov.pt\/en\/wp-json\/wp\/v2\/tribe_events\/3975","targetHints":{"allow":["GET"]}}],"collection":[{"href":"https:\/\/ecomuseu-corvo.cultura.azores.gov.pt\/en\/wp-json\/wp\/v2\/tribe_events"}],"about":[{"href":"https:\/\/ecomuseu-corvo.cultura.azores.gov.pt\/en\/wp-json\/wp\/v2\/types\/tribe_events"}],"author":[{"embeddable":true,"href":"https:\/\/ecomuseu-corvo.cultura.azores.gov.pt\/en\/wp-json\/wp\/v2\/users\/3"}],"version-history":[{"count":2,"href":"https:\/\/ecomuseu-corvo.cultura.azores.gov.pt\/en\/wp-json\/wp\/v2\/tribe_events\/3975\/revisions"}],"predecessor-version":[{"id":3978,"href":"https:\/\/ecomuseu-corvo.cultura.azores.gov.pt\/en\/wp-json\/wp\/v2\/tribe_events\/3975\/revisions\/3978"}],"wp:featuredmedia":[{"embeddable":true,"href":"https:\/\/ecomuseu-corvo.cultura.azores.gov.pt\/en\/wp-json\/wp\/v2\/media\/3976"}],"wp:attachment":[{"href":"https:\/\/ecomuseu-corvo.cultura.azores.gov.pt\/en\/wp-json\/wp\/v2\/media?parent=3975"}],"wp:term":[{"taxonomy":"post_tag","embeddable":true,"href":"https:\/\/ecomuseu-corvo.cultura.azores.gov.pt\/en\/wp-json\/wp\/v2\/tags?post=3975"},{"taxonomy":"tribe_events_cat","embeddable":true,"href":"https:\/\/ecomuseu-corvo.cultura.azores.gov.pt\/en\/wp-json\/wp\/v2\/tribe_events_cat?post=3975"}],"curies":[{"name":"wp","href":"https:\/\/api.w.org\/{rel}","templated":true}]}}