{"id":3299,"date":"2024-01-01T10:00:12","date_gmt":"2024-01-01T11:00:12","guid":{"rendered":"https:\/\/ecomuseu-corvo.cultura.azores.gov.pt\/?post_type=tribe_events&#038;p=3299"},"modified":"2024-02-01T10:03:45","modified_gmt":"2024-02-01T11:03:45","slug":"peca-do-mes-fevereiro-3","status":"publish","type":"tribe_events","link":"https:\/\/ecomuseu-corvo.cultura.azores.gov.pt\/en\/evento\/peca-do-mes-fevereiro-3\/","title":{"rendered":"Pe\u00e7a do M\u00eas &#8211; fevereiro"},"content":{"rendered":"<p>O Ecomuseu do Corvo deseja a todos um Feliz e Pr\u00f3spero Ano Novo de 2024!<br \/>\nEntramos neste novo ano com mais um desafio &#8220;Falar Corvino&#8221;.<br \/>\nN\u00e3o hesitem em contactar-nos com as vossas sugest\u00f5es.<br \/>\nObrigada a todos pela participa\u00e7\u00e3o e pelos contributos que nos t\u00eam enviado.<br \/>\nPara acompanharem o resultado das vossas sugest\u00f5es deixamos o link do gloss\u00e1rio &#8220;Falar Corvino&#8221;: https:\/\/padlet.com\/ecomuseu\/5zdomsu4rcejijqy.<br \/>\nVotos de boas festas para todos!<\/p>\n<p><img loading=\"lazy\" decoding=\"async\" class=\"alignnone size-medium wp-image-3301\" src=\"https:\/\/ecomuseu-corvo.cultura.azores.gov.pt\/wp-content\/uploads\/2024\/02\/01-300x300.png\" alt=\"\" width=\"300\" height=\"300\" srcset=\"https:\/\/ecomuseu-corvo.cultura.azores.gov.pt\/wp-content\/uploads\/2024\/02\/01-300x300.png 300w, https:\/\/ecomuseu-corvo.cultura.azores.gov.pt\/wp-content\/uploads\/2024\/02\/01-150x150.png 150w, https:\/\/ecomuseu-corvo.cultura.azores.gov.pt\/wp-content\/uploads\/2024\/02\/01-768x768.png 768w, https:\/\/ecomuseu-corvo.cultura.azores.gov.pt\/wp-content\/uploads\/2024\/02\/01-12x12.png 12w, https:\/\/ecomuseu-corvo.cultura.azores.gov.pt\/wp-content\/uploads\/2024\/02\/01.png 800w\" sizes=\"auto, (max-width: 300px) 100vw, 300px\" \/><\/p>","protected":false},"excerpt":{"rendered":"<p>O Ecomuseu do Corvo deseja a todos um Feliz e Pr\u00f3spero Ano Novo de 2024! Entramos neste novo ano com mais um desafio &#8220;Falar Corvino&#8221;. N\u00e3o hesitem em contactar-nos com [&hellip;]<\/p>\n","protected":false},"author":3,"featured_media":2353,"template":"","meta":{"_tribe_events_status":"","_tribe_events_status_reason":"","footnotes":""},"tags":[],"tribe_events_cat":[37],"class_list":["post-3299","tribe_events","type-tribe_events","status-publish","has-post-thumbnail","hentry","tribe_events_cat-falar-corvino","cat_falar-corvino"],"_links":{"self":[{"href":"https:\/\/ecomuseu-corvo.cultura.azores.gov.pt\/en\/wp-json\/wp\/v2\/tribe_events\/3299","targetHints":{"allow":["GET"]}}],"collection":[{"href":"https:\/\/ecomuseu-corvo.cultura.azores.gov.pt\/en\/wp-json\/wp\/v2\/tribe_events"}],"about":[{"href":"https:\/\/ecomuseu-corvo.cultura.azores.gov.pt\/en\/wp-json\/wp\/v2\/types\/tribe_events"}],"author":[{"embeddable":true,"href":"https:\/\/ecomuseu-corvo.cultura.azores.gov.pt\/en\/wp-json\/wp\/v2\/users\/3"}],"version-history":[{"count":1,"href":"https:\/\/ecomuseu-corvo.cultura.azores.gov.pt\/en\/wp-json\/wp\/v2\/tribe_events\/3299\/revisions"}],"predecessor-version":[{"id":3302,"href":"https:\/\/ecomuseu-corvo.cultura.azores.gov.pt\/en\/wp-json\/wp\/v2\/tribe_events\/3299\/revisions\/3302"}],"wp:featuredmedia":[{"embeddable":true,"href":"https:\/\/ecomuseu-corvo.cultura.azores.gov.pt\/en\/wp-json\/wp\/v2\/media\/2353"}],"wp:attachment":[{"href":"https:\/\/ecomuseu-corvo.cultura.azores.gov.pt\/en\/wp-json\/wp\/v2\/media?parent=3299"}],"wp:term":[{"taxonomy":"post_tag","embeddable":true,"href":"https:\/\/ecomuseu-corvo.cultura.azores.gov.pt\/en\/wp-json\/wp\/v2\/tags?post=3299"},{"taxonomy":"tribe_events_cat","embeddable":true,"href":"https:\/\/ecomuseu-corvo.cultura.azores.gov.pt\/en\/wp-json\/wp\/v2\/tribe_events_cat?post=3299"}],"curies":[{"name":"wp","href":"https:\/\/api.w.org\/{rel}","templated":true}]}}