{"id":3002,"date":"2023-09-26T12:27:40","date_gmt":"2023-09-26T12:27:40","guid":{"rendered":"https:\/\/ecomuseu-corvo.cultura.azores.gov.pt\/?post_type=tribe_events&#038;p=3002"},"modified":"2023-10-06T12:29:00","modified_gmt":"2023-10-06T12:29:00","slug":"em-busca-da-ermida-de-nossa-senhora-do-rosario","status":"publish","type":"tribe_events","link":"https:\/\/ecomuseu-corvo.cultura.azores.gov.pt\/en\/evento\/em-busca-da-ermida-de-nossa-senhora-do-rosario\/","title":{"rendered":"Em busca da Ermida de Nossa Senhora do Ros\u00e1rio"},"content":{"rendered":"<p>A Secretaria Regional da Educa\u00e7\u00e3o e Assuntos Culturais, por via da Dire\u00e7\u00e3o Regional dos Assuntos Culturais (DRAC), atrav\u00e9s do Centro do Patrim\u00f3nio M\u00f3vel, Imaterial e Arqueol\u00f3gico dos A\u00e7ores e do Ecomuseu do Corvo, t\u00eam o prazer de convidar a comunidade para palestra sobre a import\u00e2ncia da antropologia aliada \u00e0 arqueologia, cuja tem\u00e1tica central ser\u00e1: \u201cEm busca da Ermida de Nossa Senhora do Ros\u00e1rio\u201d, proferida pelo arque\u00f3logo Pedro Parreira, que ir\u00e1 decorrer, no dia 27 de setembro, \u00e0s 17h30 no Centro de Conv\u00edvio da Santa Casa da Miseric\u00f3rdia da Vila do Corvo.<\/p>","protected":false},"excerpt":{"rendered":"<p>A Secretaria Regional da Educa\u00e7\u00e3o e Assuntos Culturais, por via da Dire\u00e7\u00e3o Regional dos Assuntos Culturais (DRAC), atrav\u00e9s do Centro do Patrim\u00f3nio M\u00f3vel, Imaterial e Arqueol\u00f3gico dos A\u00e7ores e do [&hellip;]<\/p>\n","protected":false},"author":3,"featured_media":3003,"template":"","meta":{"_tribe_events_status":"","_tribe_events_status_reason":"","footnotes":""},"tags":[],"tribe_events_cat":[33],"class_list":["post-3002","tribe_events","type-tribe_events","status-publish","has-post-thumbnail","hentry","tribe_events_cat-patrimonio","cat_patrimonio"],"_links":{"self":[{"href":"https:\/\/ecomuseu-corvo.cultura.azores.gov.pt\/en\/wp-json\/wp\/v2\/tribe_events\/3002","targetHints":{"allow":["GET"]}}],"collection":[{"href":"https:\/\/ecomuseu-corvo.cultura.azores.gov.pt\/en\/wp-json\/wp\/v2\/tribe_events"}],"about":[{"href":"https:\/\/ecomuseu-corvo.cultura.azores.gov.pt\/en\/wp-json\/wp\/v2\/types\/tribe_events"}],"author":[{"embeddable":true,"href":"https:\/\/ecomuseu-corvo.cultura.azores.gov.pt\/en\/wp-json\/wp\/v2\/users\/3"}],"version-history":[{"count":1,"href":"https:\/\/ecomuseu-corvo.cultura.azores.gov.pt\/en\/wp-json\/wp\/v2\/tribe_events\/3002\/revisions"}],"predecessor-version":[{"id":3004,"href":"https:\/\/ecomuseu-corvo.cultura.azores.gov.pt\/en\/wp-json\/wp\/v2\/tribe_events\/3002\/revisions\/3004"}],"wp:featuredmedia":[{"embeddable":true,"href":"https:\/\/ecomuseu-corvo.cultura.azores.gov.pt\/en\/wp-json\/wp\/v2\/media\/3003"}],"wp:attachment":[{"href":"https:\/\/ecomuseu-corvo.cultura.azores.gov.pt\/en\/wp-json\/wp\/v2\/media?parent=3002"}],"wp:term":[{"taxonomy":"post_tag","embeddable":true,"href":"https:\/\/ecomuseu-corvo.cultura.azores.gov.pt\/en\/wp-json\/wp\/v2\/tags?post=3002"},{"taxonomy":"tribe_events_cat","embeddable":true,"href":"https:\/\/ecomuseu-corvo.cultura.azores.gov.pt\/en\/wp-json\/wp\/v2\/tribe_events_cat?post=3002"}],"curies":[{"name":"wp","href":"https:\/\/api.w.org\/{rel}","templated":true}]}}