{"id":2403,"date":"2023-03-15T09:09:26","date_gmt":"2023-03-15T10:09:26","guid":{"rendered":"https:\/\/ecomuseu-corvo.cultura.azores.gov.pt\/?post_type=tribe_events&#038;p=2403"},"modified":"2023-10-10T15:15:18","modified_gmt":"2023-10-10T15:15:18","slug":"encontros-a-quinta-desafio-falar-corvino","status":"publish","type":"tribe_events","link":"https:\/\/ecomuseu-corvo.cultura.azores.gov.pt\/en\/evento\/encontros-a-quinta-desafio-falar-corvino\/","title":{"rendered":"Encontros \u00e0 Quinta &#8211; Desafio Falar Corvino"},"content":{"rendered":"<p>Informamos que damos in\u00edcio a uma nova atividade intitulada &#8220;Encontros \u00e0 Quinta&#8221;.<br \/>\nA partir do dia 30 de mar\u00e7o, e todas as \u00faltimas quintas-feiras de cada m\u00eas, vamos encontrar-nos a partir das 21h00 na Casa do Tempo, e online, via zoom, para aqueles que n\u00e3o podem estar presencialmente.<br \/>\nO objetivo \u00e9 conviver, aproximar os corvinos que est\u00e3o longe da sua terra e partilhar mem\u00f3rias de tempos antigos.<br \/>\nPara cada quinta-feira teremos preparado um pequeno desafio: &#8220;Desafio Falar Corvino&#8221; que coloca \u00e0 prova os conhecimentos sobre os falares do Corvo.<br \/>\nEste desafio servir\u00e1 de mote para conversarmos sobre muitas coisas, mas sobretudo de mem\u00f3rias e tradi\u00e7\u00f5es de antigamente.<br \/>\nPara enviarmos o link da sess\u00e3o do zoom precisamos que se inscrevam e, por isso, solicitamos que preencham alguns dados nesta ficha de inscri\u00e7\u00e3o.<br \/>\nhttps:\/\/forms.office.com\/e\/CbuPbaw9vP<br \/>\nPara a comunidade residente na ilha do Corvo basta aparecerem na Casa do Tempo \u00e0s 21h00, na \u00faltima quinta-feira de cada m\u00eas.<br \/>\nEsta \u00e9, tamb\u00e9m, uma forma de retribuirmos e agradecermos todos os contributos que t\u00eam sido dados, ao longo do ano transato e deste ano, para a atividade &#8220;Falar Corvino&#8221;- Recolha participativa do l\u00e9xico e dos falares do Corvo.<br \/>\nEsperamos por v\u00f3s e agradecemos o vosso interesse e a vossa preciosa colabora\u00e7\u00e3o. O Ecomuseu somos todos n\u00f3s!<\/p>","protected":false},"excerpt":{"rendered":"<p>Informamos que damos in\u00edcio a uma nova atividade intitulada &#8220;Encontros \u00e0 Quinta&#8221;. A partir do dia 30 de mar\u00e7o, e todas as \u00faltimas quintas-feiras de cada m\u00eas, vamos encontrar-nos a [&hellip;]<\/p>\n","protected":false},"author":3,"featured_media":2404,"template":"","meta":{"_tribe_events_status":"","_tribe_events_status_reason":"","footnotes":""},"tags":[],"tribe_events_cat":[37],"class_list":["post-2403","tribe_events","type-tribe_events","status-publish","has-post-thumbnail","hentry","tribe_events_cat-falar-corvino","cat_falar-corvino"],"_links":{"self":[{"href":"https:\/\/ecomuseu-corvo.cultura.azores.gov.pt\/en\/wp-json\/wp\/v2\/tribe_events\/2403","targetHints":{"allow":["GET"]}}],"collection":[{"href":"https:\/\/ecomuseu-corvo.cultura.azores.gov.pt\/en\/wp-json\/wp\/v2\/tribe_events"}],"about":[{"href":"https:\/\/ecomuseu-corvo.cultura.azores.gov.pt\/en\/wp-json\/wp\/v2\/types\/tribe_events"}],"author":[{"embeddable":true,"href":"https:\/\/ecomuseu-corvo.cultura.azores.gov.pt\/en\/wp-json\/wp\/v2\/users\/3"}],"version-history":[{"count":1,"href":"https:\/\/ecomuseu-corvo.cultura.azores.gov.pt\/en\/wp-json\/wp\/v2\/tribe_events\/2403\/revisions"}],"predecessor-version":[{"id":2405,"href":"https:\/\/ecomuseu-corvo.cultura.azores.gov.pt\/en\/wp-json\/wp\/v2\/tribe_events\/2403\/revisions\/2405"}],"wp:featuredmedia":[{"embeddable":true,"href":"https:\/\/ecomuseu-corvo.cultura.azores.gov.pt\/en\/wp-json\/wp\/v2\/media\/2404"}],"wp:attachment":[{"href":"https:\/\/ecomuseu-corvo.cultura.azores.gov.pt\/en\/wp-json\/wp\/v2\/media?parent=2403"}],"wp:term":[{"taxonomy":"post_tag","embeddable":true,"href":"https:\/\/ecomuseu-corvo.cultura.azores.gov.pt\/en\/wp-json\/wp\/v2\/tags?post=2403"},{"taxonomy":"tribe_events_cat","embeddable":true,"href":"https:\/\/ecomuseu-corvo.cultura.azores.gov.pt\/en\/wp-json\/wp\/v2\/tribe_events_cat?post=2403"}],"curies":[{"name":"wp","href":"https:\/\/api.w.org\/{rel}","templated":true}]}}