{"id":2319,"date":"2023-01-04T13:57:34","date_gmt":"2023-01-04T14:57:34","guid":{"rendered":"https:\/\/ecomuseu-corvo.cultura.azores.gov.pt\/?post_type=tribe_events&#038;p=2319"},"modified":"2023-10-10T15:46:09","modified_gmt":"2023-10-10T15:46:09","slug":"mostra-de-arquitetura-2023","status":"publish","type":"tribe_events","link":"https:\/\/ecomuseu-corvo.cultura.azores.gov.pt\/en\/evento\/mostra-de-arquitetura-2023\/","title":{"rendered":"Mostra de Arquitetura 2023"},"content":{"rendered":"<p>Cultura | SRAZO inicia a sua atividade cultural em 2023 com a inaugura\u00e7\u00e3o da \u201cMostra de Arquitetura 2022: exposi\u00e7\u00e3o itinerante\u201d na ilha do Corvo<br \/>\nA Sec\u00e7\u00e3o Regional dos A\u00e7ores da Ordem dos Arquitectos (SRAZO) inicia a sua atividade cultural no pr\u00f3ximo dia 05 de janeiro de 2023, com a inaugura\u00e7\u00e3o da \u201cMostra de Arquitetura 2022: exposi\u00e7\u00e3o itinerante\u201d, a decorrer desta vez no Pavilh\u00e3o Multiusos do Ecomuseu da ilha do Corvo.<br \/>\nAtrav\u00e9s desta iniciativa, a Sec\u00e7\u00e3o Regional dos A\u00e7ores pretende continuar a contribuir ativamente para o desenvolvimento sustent\u00e1vel a n\u00edvel econ\u00f3mico, social, cultural e ambiental na Regi\u00e3o Aut\u00f3noma dos A\u00e7ores, permitindo que a popula\u00e7\u00e3o se torne cada vez mais cr\u00edtica e exigente no que diz respeito ao seu Direito \u00e0 Arquitetura.<br \/>\nEm 2023, a SRAZO, em colabora\u00e7\u00e3o com o CDN, organiza o 16.\u00ba Congresso dos Arquitetos, que ir\u00e1 decorrer na ilha de S\u00e3o Miguel, acompanhado por um programa paralelo, entre os dias 1 e 5 de mar\u00e7o. Assim, convoca os arquitetos e a sociedade em geral a participar na constru\u00e7\u00e3o do [nosso] futuro, marcando presen\u00e7a num conjunto de iniciativas, a divulgar brevemente, dedicadas \u00e0 \u2018mudan\u00e7a\u2019 por um futuro mais sustent\u00e1vel.<br \/>\nMais informa\u00e7\u00f5es em: https:\/\/arquitectos.pt\/?no=1010708079,402<\/p>\n","protected":false},"excerpt":{"rendered":"<p>Cultura | SRAZO inicia a sua atividade cultural em 2023 com a inaugura\u00e7\u00e3o da \u201cMostra de Arquitetura 2022: exposi\u00e7\u00e3o itinerante\u201d na ilha do Corvo A Sec\u00e7\u00e3o Regional dos A\u00e7ores da [&hellip;]<\/p>\n","protected":false},"author":3,"featured_media":2320,"template":"","meta":{"_tribe_events_status":"","_tribe_events_status_reason":"","footnotes":""},"tags":[],"tribe_events_cat":[23],"class_list":["post-2319","tribe_events","type-tribe_events","status-publish","has-post-thumbnail","hentry","tribe_events_cat-exposicoes","cat_exposicoes"],"_links":{"self":[{"href":"https:\/\/ecomuseu-corvo.cultura.azores.gov.pt\/en\/wp-json\/wp\/v2\/tribe_events\/2319","targetHints":{"allow":["GET"]}}],"collection":[{"href":"https:\/\/ecomuseu-corvo.cultura.azores.gov.pt\/en\/wp-json\/wp\/v2\/tribe_events"}],"about":[{"href":"https:\/\/ecomuseu-corvo.cultura.azores.gov.pt\/en\/wp-json\/wp\/v2\/types\/tribe_events"}],"author":[{"embeddable":true,"href":"https:\/\/ecomuseu-corvo.cultura.azores.gov.pt\/en\/wp-json\/wp\/v2\/users\/3"}],"version-history":[{"count":1,"href":"https:\/\/ecomuseu-corvo.cultura.azores.gov.pt\/en\/wp-json\/wp\/v2\/tribe_events\/2319\/revisions"}],"predecessor-version":[{"id":2321,"href":"https:\/\/ecomuseu-corvo.cultura.azores.gov.pt\/en\/wp-json\/wp\/v2\/tribe_events\/2319\/revisions\/2321"}],"wp:featuredmedia":[{"embeddable":true,"href":"https:\/\/ecomuseu-corvo.cultura.azores.gov.pt\/en\/wp-json\/wp\/v2\/media\/2320"}],"wp:attachment":[{"href":"https:\/\/ecomuseu-corvo.cultura.azores.gov.pt\/en\/wp-json\/wp\/v2\/media?parent=2319"}],"wp:term":[{"taxonomy":"post_tag","embeddable":true,"href":"https:\/\/ecomuseu-corvo.cultura.azores.gov.pt\/en\/wp-json\/wp\/v2\/tags?post=2319"},{"taxonomy":"tribe_events_cat","embeddable":true,"href":"https:\/\/ecomuseu-corvo.cultura.azores.gov.pt\/en\/wp-json\/wp\/v2\/tribe_events_cat?post=2319"}],"curies":[{"name":"wp","href":"https:\/\/api.w.org\/{rel}","templated":true}]}}