{"id":2047,"date":"2022-09-21T14:33:37","date_gmt":"2022-09-21T14:33:37","guid":{"rendered":"https:\/\/ecomuseu-corvo.cultura.azores.gov.pt\/?post_type=tribe_events&#038;p=2047"},"modified":"2022-09-24T14:35:37","modified_gmt":"2022-09-24T14:35:37","slug":"2a-campanha-do-patrimonio","status":"publish","type":"tribe_events","link":"https:\/\/ecomuseu-corvo.cultura.azores.gov.pt\/en\/evento\/2a-campanha-do-patrimonio\/","title":{"rendered":"2\u00aa Campanha do Patrim\u00f3nio"},"content":{"rendered":"<p>Na sequ\u00eancia da 2.\u00aa campanha do Patrim\u00f3nio da Ilha do Corvo, dinamizada atrav\u00e9s de uma parceria direta com o Centro do Patrim\u00f3nio M\u00f3vel, Imaterial e Arqueol\u00f3gico dos A\u00e7ores, vimos informar que amanh\u00e3, dia 22 de setembro, ir\u00e1 decorrer, no centro de conv\u00edvio da Santa Casa da Miseric\u00f3rdia da Vila do Corvo, uma sess\u00e3o de sensibiliza\u00e7\u00e3o, dinamizada pela equipa de arque\u00f3logos, que est\u00e1 no Corvo a realizar uma nova expedi\u00e7\u00e3o focada no Patrim\u00f3nio cultural subaqu\u00e1tico.<br \/>\nEsta campanha centrou-se na procura de vest\u00edgios de antigos naufr\u00e1gios resultantes de embarca\u00e7\u00f5es que por aqui passaram, desde o tempo das naus da \u00cdndia at\u00e9 aos grandes barcos a vapor que atravessaram o Atl\u00e2ntico, para ligar a Europa \u00e0 Am\u00e9rica.<br \/>\nEsta sess\u00e3o de sensibiliza\u00e7\u00e3o ser\u00e1 desdobrada em duas a\u00e7\u00f5es, a decorrer nos seguintes hor\u00e1rios:<br \/>\n1.\u00aa sess\u00e3o &#8211; alunos do 1.\u00ba e 2.\u00ba ciclos: das 13h15 \u00e0s 1400<br \/>\n2.\u00aa sess\u00e3o \u2013 aberta a toda a comunidade \u2013 a partir das 16h00<br \/>\nNestas a\u00e7\u00f5es os arque\u00f3logos Pedro Parreira e Lu\u00eds Borges ir\u00e3o apresentar os resultados desta campanha, sempre com o objetivo de devolver a heran\u00e7a cultural do Corvo \u00e0s suas gentes.<br \/>\nEst\u00e3o todos convidados!<\/p>","protected":false},"excerpt":{"rendered":"<p>Na sequ\u00eancia da 2.\u00aa campanha do Patrim\u00f3nio da Ilha do Corvo, dinamizada atrav\u00e9s de uma parceria direta com o Centro do Patrim\u00f3nio M\u00f3vel, Imaterial e Arqueol\u00f3gico dos A\u00e7ores, vimos informar [&hellip;]<\/p>\n","protected":false},"author":3,"featured_media":2048,"template":"","meta":{"_tribe_events_status":"","_tribe_events_status_reason":"","footnotes":""},"tags":[],"tribe_events_cat":[33],"class_list":["post-2047","tribe_events","type-tribe_events","status-publish","has-post-thumbnail","hentry","tribe_events_cat-patrimonio","cat_patrimonio"],"_links":{"self":[{"href":"https:\/\/ecomuseu-corvo.cultura.azores.gov.pt\/en\/wp-json\/wp\/v2\/tribe_events\/2047","targetHints":{"allow":["GET"]}}],"collection":[{"href":"https:\/\/ecomuseu-corvo.cultura.azores.gov.pt\/en\/wp-json\/wp\/v2\/tribe_events"}],"about":[{"href":"https:\/\/ecomuseu-corvo.cultura.azores.gov.pt\/en\/wp-json\/wp\/v2\/types\/tribe_events"}],"author":[{"embeddable":true,"href":"https:\/\/ecomuseu-corvo.cultura.azores.gov.pt\/en\/wp-json\/wp\/v2\/users\/3"}],"version-history":[{"count":1,"href":"https:\/\/ecomuseu-corvo.cultura.azores.gov.pt\/en\/wp-json\/wp\/v2\/tribe_events\/2047\/revisions"}],"predecessor-version":[{"id":2049,"href":"https:\/\/ecomuseu-corvo.cultura.azores.gov.pt\/en\/wp-json\/wp\/v2\/tribe_events\/2047\/revisions\/2049"}],"wp:featuredmedia":[{"embeddable":true,"href":"https:\/\/ecomuseu-corvo.cultura.azores.gov.pt\/en\/wp-json\/wp\/v2\/media\/2048"}],"wp:attachment":[{"href":"https:\/\/ecomuseu-corvo.cultura.azores.gov.pt\/en\/wp-json\/wp\/v2\/media?parent=2047"}],"wp:term":[{"taxonomy":"post_tag","embeddable":true,"href":"https:\/\/ecomuseu-corvo.cultura.azores.gov.pt\/en\/wp-json\/wp\/v2\/tags?post=2047"},{"taxonomy":"tribe_events_cat","embeddable":true,"href":"https:\/\/ecomuseu-corvo.cultura.azores.gov.pt\/en\/wp-json\/wp\/v2\/tribe_events_cat?post=2047"}],"curies":[{"name":"wp","href":"https:\/\/api.w.org\/{rel}","templated":true}]}}