{"id":1900,"date":"2022-06-13T16:30:01","date_gmt":"2022-06-13T16:30:01","guid":{"rendered":"https:\/\/ecomuseu-corvo.cultura.azores.gov.pt\/?post_type=tribe_events&#038;p=1900"},"modified":"2022-08-04T16:33:50","modified_gmt":"2022-08-04T16:33:50","slug":"falar-corvino-13-de-junho","status":"publish","type":"tribe_events","link":"https:\/\/ecomuseu-corvo.cultura.azores.gov.pt\/en\/evento\/falar-corvino-13-de-junho\/","title":{"rendered":"Falar Corvino &#8211; 13 de junho"},"content":{"rendered":"<p>O desafio &#8220;Falar Corvino&#8221; volta!<br \/>\nQuem tiver sugest\u00f5es por favor entre em contacto connosco.<br \/>\nObrigada a todos pela participa\u00e7\u00e3o e pelos contributos que nos t\u00eam enviado.<br \/>\nPara acompanharem o resultado dos vossos contributos deixamos o link do gloss\u00e1rio &#8220;Falar Corvino&#8221;: https:\/\/padlet.com\/ecomuseu\/5zdomsu4rcejijqy<br \/>\nUma boa semana para todos!<\/p>\n<p><img loading=\"lazy\" decoding=\"async\" class=\"alignnone size-medium wp-image-1905\" src=\"https:\/\/ecomuseu-corvo.cultura.azores.gov.pt\/wp-content\/uploads\/2022\/06\/17-300x300.png\" alt=\"\" width=\"300\" height=\"300\" srcset=\"https:\/\/ecomuseu-corvo.cultura.azores.gov.pt\/wp-content\/uploads\/2022\/06\/17-300x300.png 300w, https:\/\/ecomuseu-corvo.cultura.azores.gov.pt\/wp-content\/uploads\/2022\/06\/17-150x150.png 150w, https:\/\/ecomuseu-corvo.cultura.azores.gov.pt\/wp-content\/uploads\/2022\/06\/17-768x768.png 768w, https:\/\/ecomuseu-corvo.cultura.azores.gov.pt\/wp-content\/uploads\/2022\/06\/17-12x12.png 12w, https:\/\/ecomuseu-corvo.cultura.azores.gov.pt\/wp-content\/uploads\/2022\/06\/17.png 800w\" sizes=\"auto, (max-width: 300px) 100vw, 300px\" \/><\/p>","protected":false},"excerpt":{"rendered":"<p>O desafio &#8220;Falar Corvino&#8221; volta! Quem tiver sugest\u00f5es por favor entre em contacto connosco. Obrigada a todos pela participa\u00e7\u00e3o e pelos contributos que nos t\u00eam enviado. Para acompanharem o resultado [&hellip;]<\/p>\n","protected":false},"author":3,"featured_media":1879,"template":"","meta":{"_tribe_events_status":"","_tribe_events_status_reason":"","footnotes":""},"tags":[],"tribe_events_cat":[37],"class_list":["post-1900","tribe_events","type-tribe_events","status-publish","has-post-thumbnail","hentry","tribe_events_cat-falar-corvino","cat_falar-corvino"],"_links":{"self":[{"href":"https:\/\/ecomuseu-corvo.cultura.azores.gov.pt\/en\/wp-json\/wp\/v2\/tribe_events\/1900","targetHints":{"allow":["GET"]}}],"collection":[{"href":"https:\/\/ecomuseu-corvo.cultura.azores.gov.pt\/en\/wp-json\/wp\/v2\/tribe_events"}],"about":[{"href":"https:\/\/ecomuseu-corvo.cultura.azores.gov.pt\/en\/wp-json\/wp\/v2\/types\/tribe_events"}],"author":[{"embeddable":true,"href":"https:\/\/ecomuseu-corvo.cultura.azores.gov.pt\/en\/wp-json\/wp\/v2\/users\/3"}],"version-history":[{"count":2,"href":"https:\/\/ecomuseu-corvo.cultura.azores.gov.pt\/en\/wp-json\/wp\/v2\/tribe_events\/1900\/revisions"}],"predecessor-version":[{"id":1906,"href":"https:\/\/ecomuseu-corvo.cultura.azores.gov.pt\/en\/wp-json\/wp\/v2\/tribe_events\/1900\/revisions\/1906"}],"wp:featuredmedia":[{"embeddable":true,"href":"https:\/\/ecomuseu-corvo.cultura.azores.gov.pt\/en\/wp-json\/wp\/v2\/media\/1879"}],"wp:attachment":[{"href":"https:\/\/ecomuseu-corvo.cultura.azores.gov.pt\/en\/wp-json\/wp\/v2\/media?parent=1900"}],"wp:term":[{"taxonomy":"post_tag","embeddable":true,"href":"https:\/\/ecomuseu-corvo.cultura.azores.gov.pt\/en\/wp-json\/wp\/v2\/tags?post=1900"},{"taxonomy":"tribe_events_cat","embeddable":true,"href":"https:\/\/ecomuseu-corvo.cultura.azores.gov.pt\/en\/wp-json\/wp\/v2\/tribe_events_cat?post=1900"}],"curies":[{"name":"wp","href":"https:\/\/api.w.org\/{rel}","templated":true}]}}