{"id":1475,"date":"2022-03-21T09:59:55","date_gmt":"2022-03-21T10:59:55","guid":{"rendered":"https:\/\/ecomuseu-corvo.cultura.azores.gov.pt\/?post_type=tribe_events&#038;p=1475"},"modified":"2022-04-22T10:05:10","modified_gmt":"2022-04-22T10:05:10","slug":"falar-corvino_21-de-marco","status":"publish","type":"tribe_events","link":"https:\/\/ecomuseu-corvo.cultura.azores.gov.pt\/en\/evento\/falar-corvino_21-de-marco\/","title":{"rendered":"Falar Corvino_21 de mar\u00e7o"},"content":{"rendered":"<p>Para esta semana temos dois desafios que nos foram propostos pelo Pedro Felicidade e pela Zita Mendes. Partilhamos, tamb\u00e9m, o Gloss\u00e1rio &#8220;Falar Corvino&#8221; com os contributos reunidos at\u00e9 hoje. Todas as semanas lan\u00e7amos um desafio \u00e0 comunidade para, de uma forma participativa, construirmos um gloss\u00e1rio online que, inicialmente servir\u00e1 para nos ajudar na recolha e divulga\u00e7\u00e3o do trabalho feito.<\/p>\n<p>Obrigada pela vossa participa\u00e7\u00e3o e contributos. O Ecomuseu somos todos n\u00f3s!<br \/>\nGloss\u00e1rio: &#8220;<a href=\"https:\/\/padlet.com\/ecomuseu\/5zdomsu4rcejijqy\">Falar Corvino<\/a>&#8220;.<\/p>\n<p><img loading=\"lazy\" decoding=\"async\" class=\"alignnone size-medium wp-image-1476\" src=\"https:\/\/ecomuseu-corvo.cultura.azores.gov.pt\/wp-content\/uploads\/2022\/04\/4_mechim-e-froca-300x300.png\" alt=\"\" width=\"300\" height=\"300\" \/><\/p>","protected":false},"excerpt":{"rendered":"<p>Para esta semana temos dois desafios que nos foram propostos pelo Pedro Felicidade e pela Zita Mendes. Partilhamos, tamb\u00e9m, o Gloss\u00e1rio &#8220;Falar Corvino&#8221; com os contributos reunidos at\u00e9 hoje. Todas [&hellip;]<\/p>\n","protected":false},"author":3,"featured_media":1169,"template":"","meta":{"_tribe_events_status":"","_tribe_events_status_reason":"","footnotes":""},"tags":[],"tribe_events_cat":[37],"class_list":["post-1475","tribe_events","type-tribe_events","status-publish","has-post-thumbnail","hentry","tribe_events_cat-falar-corvino","cat_falar-corvino"],"_links":{"self":[{"href":"https:\/\/ecomuseu-corvo.cultura.azores.gov.pt\/en\/wp-json\/wp\/v2\/tribe_events\/1475","targetHints":{"allow":["GET"]}}],"collection":[{"href":"https:\/\/ecomuseu-corvo.cultura.azores.gov.pt\/en\/wp-json\/wp\/v2\/tribe_events"}],"about":[{"href":"https:\/\/ecomuseu-corvo.cultura.azores.gov.pt\/en\/wp-json\/wp\/v2\/types\/tribe_events"}],"author":[{"embeddable":true,"href":"https:\/\/ecomuseu-corvo.cultura.azores.gov.pt\/en\/wp-json\/wp\/v2\/users\/3"}],"version-history":[{"count":1,"href":"https:\/\/ecomuseu-corvo.cultura.azores.gov.pt\/en\/wp-json\/wp\/v2\/tribe_events\/1475\/revisions"}],"predecessor-version":[{"id":1477,"href":"https:\/\/ecomuseu-corvo.cultura.azores.gov.pt\/en\/wp-json\/wp\/v2\/tribe_events\/1475\/revisions\/1477"}],"wp:featuredmedia":[{"embeddable":true,"href":"https:\/\/ecomuseu-corvo.cultura.azores.gov.pt\/en\/wp-json\/wp\/v2\/media\/1169"}],"wp:attachment":[{"href":"https:\/\/ecomuseu-corvo.cultura.azores.gov.pt\/en\/wp-json\/wp\/v2\/media?parent=1475"}],"wp:term":[{"taxonomy":"post_tag","embeddable":true,"href":"https:\/\/ecomuseu-corvo.cultura.azores.gov.pt\/en\/wp-json\/wp\/v2\/tags?post=1475"},{"taxonomy":"tribe_events_cat","embeddable":true,"href":"https:\/\/ecomuseu-corvo.cultura.azores.gov.pt\/en\/wp-json\/wp\/v2\/tribe_events_cat?post=1475"}],"curies":[{"name":"wp","href":"https:\/\/api.w.org\/{rel}","templated":true}]}}