{"id":962,"date":"2022-03-15T15:34:23","date_gmt":"2022-03-15T16:34:23","guid":{"rendered":"https:\/\/ecomuseu-corvo.cultura.azores.gov.pt\/?page_id=962"},"modified":"2023-12-19T18:16:48","modified_gmt":"2023-12-19T19:16:48","slug":"fechadura-de-madeira-do-corvo","status":"publish","type":"page","link":"https:\/\/ecomuseu-corvo.cultura.azores.gov.pt\/en\/fechadura-de-madeira-do-corvo\/","title":{"rendered":"Fechadura de Madeira do Corvo"},"content":{"rendered":"<figure class=\"wp-block-image size-full\"><img loading=\"lazy\" decoding=\"async\" width=\"600\" height=\"400\" src=\"https:\/\/ecomuseu-corvo.cultura.azores.gov.pt\/wp-content\/uploads\/2022\/03\/fechadura-1.jpg\" alt=\"\" class=\"wp-image-993\" srcset=\"https:\/\/ecomuseu-corvo.cultura.azores.gov.pt\/wp-content\/uploads\/2022\/03\/fechadura-1.jpg 600w, https:\/\/ecomuseu-corvo.cultura.azores.gov.pt\/wp-content\/uploads\/2022\/03\/fechadura-1-300x200.jpg 300w, https:\/\/ecomuseu-corvo.cultura.azores.gov.pt\/wp-content\/uploads\/2022\/03\/fechadura-1-18x12.jpg 18w\" sizes=\"auto, (max-width: 600px) 100vw, 600px\" \/><\/figure>\n\n\n\n<p>A fechadura de madeira do Corvo \u00e9 uma das mais peculiares pe\u00e7as do artesanato a\u00e7oriano.<br>N\u00e3o sendo exclusiva do Corvo, foi aqui que teve a sua express\u00e3o m\u00e1xima, perdurando at\u00e9 aos dias de hoje como uma esp\u00e9cie de \u00faltimo reduto de uma sociedade comunit\u00e1ria, onde a simples indica\u00e7\u00e3o de propriedade privada era suficiente para garantir a sua interdi\u00e7\u00e3o.<\/p>\n\n\n\n<p>Num tempo em que as mat\u00e9rias-primas eram escassas, mas o engenho se sobrelevava, estas eram integralmente de madeira, \u00e0 exce\u00e7\u00e3o da chave, que podia ser feita, tamb\u00e9m, em osso de baleia ou lat\u00e3o.<\/p>\n\n\n\n<figure class=\"wp-block-image size-full is-resized\"><img loading=\"lazy\" decoding=\"async\" width=\"750\" height=\"1000\" src=\"https:\/\/ecomuseu-corvo.cultura.azores.gov.pt\/wp-content\/uploads\/2022\/03\/fechadura-2.jpg\" alt=\"\" class=\"wp-image-1384\" style=\"width:366px;height:487px\" srcset=\"https:\/\/ecomuseu-corvo.cultura.azores.gov.pt\/wp-content\/uploads\/2022\/03\/fechadura-2.jpg 750w, https:\/\/ecomuseu-corvo.cultura.azores.gov.pt\/wp-content\/uploads\/2022\/03\/fechadura-2-225x300.jpg 225w, https:\/\/ecomuseu-corvo.cultura.azores.gov.pt\/wp-content\/uploads\/2022\/03\/fechadura-2-9x12.jpg 9w\" sizes=\"auto, (max-width: 750px) 100vw, 750px\" \/><\/figure>\n\n\n\n<div class=\"wp-block-media-text alignwide is-stacked-on-mobile\" style=\"grid-template-columns:32% auto\"><figure class=\"wp-block-media-text__media\"><img loading=\"lazy\" decoding=\"async\" width=\"785\" height=\"763\" src=\"https:\/\/ecomuseu-corvo.cultura.azores.gov.pt\/wp-content\/uploads\/2022\/03\/EnigmadaFechadura_FolhadeJogo_PTeEN_novo_page-000-1.jpg\" alt=\"\" class=\"wp-image-1000 size-full\" srcset=\"https:\/\/ecomuseu-corvo.cultura.azores.gov.pt\/wp-content\/uploads\/2022\/03\/EnigmadaFechadura_FolhadeJogo_PTeEN_novo_page-000-1.jpg 785w, https:\/\/ecomuseu-corvo.cultura.azores.gov.pt\/wp-content\/uploads\/2022\/03\/EnigmadaFechadura_FolhadeJogo_PTeEN_novo_page-000-1-300x292.jpg 300w, https:\/\/ecomuseu-corvo.cultura.azores.gov.pt\/wp-content\/uploads\/2022\/03\/EnigmadaFechadura_FolhadeJogo_PTeEN_novo_page-000-1-768x746.jpg 768w, https:\/\/ecomuseu-corvo.cultura.azores.gov.pt\/wp-content\/uploads\/2022\/03\/EnigmadaFechadura_FolhadeJogo_PTeEN_novo_page-000-1-12x12.jpg 12w\" sizes=\"auto, (max-width: 785px) 100vw, 785px\" \/><\/figure><div class=\"wp-block-media-text__content\">\n<p>Feita integralmente em madeira, que lhe garantia uma maior resist\u00eancia ao salitre, a fechadura do Corvo decomp\u00f5e-se em quatro partes:<\/p>\n\n\n\n<ul class=\"wp-block-list\">\n<li>Caixa de fechadura; <\/li>\n\n\n\n<li>Trinco;<\/li>\n\n\n\n<li>Chave; <\/li>\n\n\n\n<li>Vermelhos.<\/li>\n<\/ul>\n\n\n\n<p>A sua fixa\u00e7\u00e3o na porta era feita com cavilhas (parafusos de madeira).<\/p>\n<\/div><\/div>\n\n\n\n<p>Ap\u00f3s a limpeza a madeira \u00e9 cortada at\u00e9 adquirir a dimens\u00e3o da fechadura que se pretende construir. Seguidamente, com a ajuda do graminho, s\u00e3o marcados na madeira os lugares dos rasgos que permitir\u00e3o construir o interior da fechadura.<\/p>\n\n\n\n<p>Os rasgos, onde ir\u00e3o encaixar os vermelhos, e o fecho s\u00e3o marcados com a ajuda de uma trincha. No final as fechaduras s\u00e3o marcadas nos cantos para terem uma textura mais suave. <\/p>\n\n\n\n<p>Para se produzir os fechos corta-se a madeira com a largura do local de passagem da chave. Faz-se, depois, os rasgos dos vermelhos para a passagem da chave. Por fim, \u00e9 produzida a chave com a madeira mais fina. A simetria da chave de madeira permite mover o encaixe, provocado pelos vermelhos que funcionam como aut\u00eanticos trincos,  permitindo o funcionamento da fechadura.<\/p>\n\n\n\n<figure class=\"wp-block-gallery has-nested-images columns-default is-cropped wp-block-gallery-1 is-layout-flex wp-block-gallery-is-layout-flex\">\n<figure class=\"wp-block-image size-large\"><img loading=\"lazy\" decoding=\"async\" width=\"1024\" height=\"680\" data-id=\"1012\" src=\"https:\/\/ecomuseu-corvo.cultura.azores.gov.pt\/wp-content\/uploads\/2022\/03\/Jose-Ines_fechaduras_Corvo_Oficio_Luisa-Flores_12-1024x680-1.jpg\" alt=\"\" class=\"wp-image-1012\" srcset=\"https:\/\/ecomuseu-corvo.cultura.azores.gov.pt\/wp-content\/uploads\/2022\/03\/Jose-Ines_fechaduras_Corvo_Oficio_Luisa-Flores_12-1024x680-1.jpg 1024w, https:\/\/ecomuseu-corvo.cultura.azores.gov.pt\/wp-content\/uploads\/2022\/03\/Jose-Ines_fechaduras_Corvo_Oficio_Luisa-Flores_12-1024x680-1-300x199.jpg 300w, https:\/\/ecomuseu-corvo.cultura.azores.gov.pt\/wp-content\/uploads\/2022\/03\/Jose-Ines_fechaduras_Corvo_Oficio_Luisa-Flores_12-1024x680-1-768x510.jpg 768w, https:\/\/ecomuseu-corvo.cultura.azores.gov.pt\/wp-content\/uploads\/2022\/03\/Jose-Ines_fechaduras_Corvo_Oficio_Luisa-Flores_12-1024x680-1-18x12.jpg 18w\" sizes=\"auto, (max-width: 1024px) 100vw, 1024px\" \/><\/figure>\n\n\n\n<figure class=\"wp-block-image size-large\"><img loading=\"lazy\" decoding=\"async\" width=\"1024\" height=\"680\" data-id=\"1013\" src=\"https:\/\/ecomuseu-corvo.cultura.azores.gov.pt\/wp-content\/uploads\/2022\/03\/Jose-Ines_fechaduras_Corvo_Oficio_Luisa-Flores_3-1024x680-1.jpg\" alt=\"\" class=\"wp-image-1013\" srcset=\"https:\/\/ecomuseu-corvo.cultura.azores.gov.pt\/wp-content\/uploads\/2022\/03\/Jose-Ines_fechaduras_Corvo_Oficio_Luisa-Flores_3-1024x680-1.jpg 1024w, https:\/\/ecomuseu-corvo.cultura.azores.gov.pt\/wp-content\/uploads\/2022\/03\/Jose-Ines_fechaduras_Corvo_Oficio_Luisa-Flores_3-1024x680-1-300x199.jpg 300w, https:\/\/ecomuseu-corvo.cultura.azores.gov.pt\/wp-content\/uploads\/2022\/03\/Jose-Ines_fechaduras_Corvo_Oficio_Luisa-Flores_3-1024x680-1-768x510.jpg 768w, https:\/\/ecomuseu-corvo.cultura.azores.gov.pt\/wp-content\/uploads\/2022\/03\/Jose-Ines_fechaduras_Corvo_Oficio_Luisa-Flores_3-1024x680-1-18x12.jpg 18w\" sizes=\"auto, (max-width: 1024px) 100vw, 1024px\" \/><\/figure>\n\n\n\n<figure class=\"wp-block-image size-large\"><img loading=\"lazy\" decoding=\"async\" width=\"928\" height=\"614\" data-id=\"1014\" src=\"https:\/\/ecomuseu-corvo.cultura.azores.gov.pt\/wp-content\/uploads\/2022\/03\/Sem-Titulo.png\" alt=\"\" class=\"wp-image-1014\" srcset=\"https:\/\/ecomuseu-corvo.cultura.azores.gov.pt\/wp-content\/uploads\/2022\/03\/Sem-Titulo.png 928w, https:\/\/ecomuseu-corvo.cultura.azores.gov.pt\/wp-content\/uploads\/2022\/03\/Sem-Titulo-300x198.png 300w, https:\/\/ecomuseu-corvo.cultura.azores.gov.pt\/wp-content\/uploads\/2022\/03\/Sem-Titulo-768x508.png 768w, https:\/\/ecomuseu-corvo.cultura.azores.gov.pt\/wp-content\/uploads\/2022\/03\/Sem-Titulo-18x12.png 18w\" sizes=\"auto, (max-width: 928px) 100vw, 928px\" \/><\/figure>\n<figcaption class=\"blocks-gallery-caption wp-element-caption\"><a href=\"http:\/\/artesanato.azores.gov.pt\/artesanato\/fechaduras-de-madeira\/\" target=\"_blank\" rel=\"noreferrer noopener\">Fotos_Centro de Artesanato e Design dos A\u00e7ores<\/a><\/figcaption><\/figure>\n\n\n\n<p>Ferramentas utilizadas na constru\u00e7\u00e3o das fechaduras:<\/p>\n\n\n\n<figure class=\"wp-block-image size-large is-resized\"><img loading=\"lazy\" decoding=\"async\" width=\"1024\" height=\"265\" src=\"https:\/\/ecomuseu-corvo.cultura.azores.gov.pt\/wp-content\/uploads\/2022\/03\/Imagem3-2-1024x265.png\" alt=\"\" class=\"wp-image-1033\" style=\"width:651px;height:168px\" srcset=\"https:\/\/ecomuseu-corvo.cultura.azores.gov.pt\/wp-content\/uploads\/2022\/03\/Imagem3-2-1024x265.png 1024w, https:\/\/ecomuseu-corvo.cultura.azores.gov.pt\/wp-content\/uploads\/2022\/03\/Imagem3-2-300x78.png 300w, https:\/\/ecomuseu-corvo.cultura.azores.gov.pt\/wp-content\/uploads\/2022\/03\/Imagem3-2-768x199.png 768w, https:\/\/ecomuseu-corvo.cultura.azores.gov.pt\/wp-content\/uploads\/2022\/03\/Imagem3-2-1536x397.png 1536w, https:\/\/ecomuseu-corvo.cultura.azores.gov.pt\/wp-content\/uploads\/2022\/03\/Imagem3-2-2048x530.png 2048w, https:\/\/ecomuseu-corvo.cultura.azores.gov.pt\/wp-content\/uploads\/2022\/03\/Imagem3-2-18x5.png 18w, https:\/\/ecomuseu-corvo.cultura.azores.gov.pt\/wp-content\/uploads\/2022\/03\/Imagem3-2-1200x310.png 1200w, https:\/\/ecomuseu-corvo.cultura.azores.gov.pt\/wp-content\/uploads\/2022\/03\/Imagem3-2-1980x512.png 1980w\" sizes=\"auto, (max-width: 1024px) 100vw, 1024px\" \/><figcaption class=\"wp-element-caption\">Legenda da figura da esquerda para a direita: 1- Graminho; 2- Masso; 3- Trincha; 4- Garlopa; 5- Plaina; 6- Serra de banco.<\/figcaption><\/figure>\n\n\n\n<div class=\"wp-block-media-text alignwide has-media-on-the-right is-stacked-on-mobile\" style=\"grid-template-columns:auto 36%\"><div class=\"wp-block-media-text__content\">\n<p>O cedro-do-mato era a madeira mais utilizada por ser o recurso dispon\u00edvel na altura, por apresentar maior durabilidade e resist\u00eancia \u00e0s intemp\u00e9ries e por ser facilmente trabalhada. Esta \u00e9 uma esp\u00e9cie end\u00e9mica dos A\u00e7ores que beneficia, hoje, de um estatuto de prote\u00e7\u00e3o.<\/p>\n\n\n\n<p>\u00c9 poss\u00edvel ainda encontrar exemplares desta ancestral fechadura em algumas casas de abegoaria localizadas na Vila e na maioria daquelas que se situam nas &#8220;Terras de Cima&#8221;.<\/p>\n<\/div><figure class=\"wp-block-media-text__media\"><img loading=\"lazy\" decoding=\"async\" width=\"600\" height=\"572\" src=\"https:\/\/ecomuseu-corvo.cultura.azores.gov.pt\/wp-content\/uploads\/2022\/03\/img18.jpg\" alt=\"\" class=\"wp-image-995 size-full\" srcset=\"https:\/\/ecomuseu-corvo.cultura.azores.gov.pt\/wp-content\/uploads\/2022\/03\/img18.jpg 600w, https:\/\/ecomuseu-corvo.cultura.azores.gov.pt\/wp-content\/uploads\/2022\/03\/img18-300x286.jpg 300w, https:\/\/ecomuseu-corvo.cultura.azores.gov.pt\/wp-content\/uploads\/2022\/03\/img18-13x12.jpg 13w\" sizes=\"auto, (max-width: 600px) 100vw, 600px\" \/><\/figure><\/div>\n\n\n\n<figure class=\"wp-block-image size-large\"><img loading=\"lazy\" decoding=\"async\" width=\"1024\" height=\"724\" src=\"https:\/\/ecomuseu-corvo.cultura.azores.gov.pt\/wp-content\/uploads\/2022\/03\/Existem-varios-modelos-e-com-varios-segredos-que-so-a-respetiva-chave-torna-acessivel.-1024x724.png\" alt=\"\" class=\"wp-image-1343\" srcset=\"https:\/\/ecomuseu-corvo.cultura.azores.gov.pt\/wp-content\/uploads\/2022\/03\/Existem-varios-modelos-e-com-varios-segredos-que-so-a-respetiva-chave-torna-acessivel.-1024x724.png 1024w, https:\/\/ecomuseu-corvo.cultura.azores.gov.pt\/wp-content\/uploads\/2022\/03\/Existem-varios-modelos-e-com-varios-segredos-que-so-a-respetiva-chave-torna-acessivel.-300x212.png 300w, https:\/\/ecomuseu-corvo.cultura.azores.gov.pt\/wp-content\/uploads\/2022\/03\/Existem-varios-modelos-e-com-varios-segredos-que-so-a-respetiva-chave-torna-acessivel.-768x543.png 768w, https:\/\/ecomuseu-corvo.cultura.azores.gov.pt\/wp-content\/uploads\/2022\/03\/Existem-varios-modelos-e-com-varios-segredos-que-so-a-respetiva-chave-torna-acessivel.-1536x1086.png 1536w, https:\/\/ecomuseu-corvo.cultura.azores.gov.pt\/wp-content\/uploads\/2022\/03\/Existem-varios-modelos-e-com-varios-segredos-que-so-a-respetiva-chave-torna-acessivel.-18x12.png 18w, https:\/\/ecomuseu-corvo.cultura.azores.gov.pt\/wp-content\/uploads\/2022\/03\/Existem-varios-modelos-e-com-varios-segredos-que-so-a-respetiva-chave-torna-acessivel.-1200x848.png 1200w, https:\/\/ecomuseu-corvo.cultura.azores.gov.pt\/wp-content\/uploads\/2022\/03\/Existem-varios-modelos-e-com-varios-segredos-que-so-a-respetiva-chave-torna-acessivel.-1980x1400.png 1980w, https:\/\/ecomuseu-corvo.cultura.azores.gov.pt\/wp-content\/uploads\/2022\/03\/Existem-varios-modelos-e-com-varios-segredos-que-so-a-respetiva-chave-torna-acessivel..png 2000w\" sizes=\"auto, (max-width: 1024px) 100vw, 1024px\" \/><\/figure>\n\n\n\n<p>Estas fechaduras constituem um produto emblem\u00e1tico do artesanato local que manteve a sua relev\u00e2ncia ao longo dos s\u00e9culos, tornando-se indissoci\u00e1vel da Hist\u00f3ria da Regi\u00e3o e dos Corvinos.<\/p>\n\n\n\n<p>Ao manter vivas as fechaduras de madeira do Corvo, tamb\u00e9m se mantem viva a identidade cultural e social de um povo.<\/p>\n\n\n\n<p>As fechaduras do Corvo est\u00e3o reconhecidas como marca coletiva de certifica\u00e7\u00e3o \u201cArtesanato dos A\u00e7ores\u201d, pois trata-se de um bem patrimonial  tradicionalmente <strong>manufaturado<\/strong> na ilha do Corvo.<\/p>\n\n\n\n<p>Esta certifica\u00e7\u00e3o de origem e qualidade, visa contribuir  para a sua valoriza\u00e7\u00e3o cultural e para a sua distin\u00e7\u00e3o no mercado.<\/p>\n\n\n\n<p>\u00c9 ao  <a rel=\"noreferrer noopener\" href=\"http:\/\/artesanato.azores.gov.pt\/\" data-type=\"URL\" data-id=\"http:\/\/artesanato.azores.gov.pt\/\" target=\"_blank\">Centro de Artesanato e Design dos A\u00e7ores<\/a> (CADA) que compete garantir a certifica\u00e7\u00e3o de origem e qualidade dos produtos artesanais. <\/p>\n\n\n\n<p><a href=\"http:\/\/artesanato.azores.gov.pt\/wp-content\/uploads\/2021\/10\/fechaduras-de-madeira-da-ilha-do-corvo-certificacao.pdf\" data-type=\"URL\" data-id=\"http:\/\/artesanato.azores.gov.pt\/wp-content\/uploads\/2021\/10\/fechaduras-de-madeira-da-ilha-do-corvo-certificacao.pdf\" target=\"_blank\" rel=\"noreferrer noopener\">Certifica\u00e7\u00e3o e Prote\u00e7\u00e3o dos Produtos Artesanais<\/a><\/p>\n\n\n\n<p><a rel=\"noreferrer noopener\" href=\"https:\/\/jo.azores.gov.pt\/api\/public\/jornal\/pdfOriginal?numeroJornal=175&amp;ano=2021&amp;serieId=ec6ff6d5-7709-4517-8d3c-b9b92c443c8a&amp;suplemento=0\" target=\"_blank\">Condi\u00e7\u00f5es para a certifica\u00e7\u00e3o<\/a><\/p>\n\n\n\n<figure class=\"wp-block-image size-full is-resized\"><a href=\"http:\/\/artesanato.azores.gov.pt\/artesao\/certificacao-de-produtos\/\" target=\"_blank\" rel=\"noreferrer noopener\"><img loading=\"lazy\" decoding=\"async\" width=\"960\" height=\"243\" src=\"https:\/\/ecomuseu-corvo.cultura.azores.gov.pt\/wp-content\/uploads\/2023\/06\/logo-cada-2021-01-1.png\" alt=\"\" class=\"wp-image-2574\" style=\"width:184px;height:46px\" srcset=\"https:\/\/ecomuseu-corvo.cultura.azores.gov.pt\/wp-content\/uploads\/2023\/06\/logo-cada-2021-01-1.png 960w, https:\/\/ecomuseu-corvo.cultura.azores.gov.pt\/wp-content\/uploads\/2023\/06\/logo-cada-2021-01-1-300x76.png 300w, https:\/\/ecomuseu-corvo.cultura.azores.gov.pt\/wp-content\/uploads\/2023\/06\/logo-cada-2021-01-1-768x194.png 768w, https:\/\/ecomuseu-corvo.cultura.azores.gov.pt\/wp-content\/uploads\/2023\/06\/logo-cada-2021-01-1-18x5.png 18w\" sizes=\"auto, (max-width: 960px) 100vw, 960px\" \/><\/a><\/figure>\n\n\n\n<p><\/p>","protected":false},"excerpt":{"rendered":"<p>A fechadura de madeira do Corvo \u00e9 uma das mais peculiares pe\u00e7as do artesanato a\u00e7oriano.N\u00e3o sendo exclusiva do Corvo, foi aqui que teve a sua express\u00e3o m\u00e1xima, perdurando at\u00e9 aos [&hellip;]<\/p>\n","protected":false},"author":3,"featured_media":0,"parent":0,"menu_order":0,"comment_status":"closed","ping_status":"closed","template":"","meta":{"footnotes":""},"class_list":["post-962","page","type-page","status-publish","hentry"],"_links":{"self":[{"href":"https:\/\/ecomuseu-corvo.cultura.azores.gov.pt\/en\/wp-json\/wp\/v2\/pages\/962","targetHints":{"allow":["GET"]}}],"collection":[{"href":"https:\/\/ecomuseu-corvo.cultura.azores.gov.pt\/en\/wp-json\/wp\/v2\/pages"}],"about":[{"href":"https:\/\/ecomuseu-corvo.cultura.azores.gov.pt\/en\/wp-json\/wp\/v2\/types\/page"}],"author":[{"embeddable":true,"href":"https:\/\/ecomuseu-corvo.cultura.azores.gov.pt\/en\/wp-json\/wp\/v2\/users\/3"}],"replies":[{"embeddable":true,"href":"https:\/\/ecomuseu-corvo.cultura.azores.gov.pt\/en\/wp-json\/wp\/v2\/comments?post=962"}],"version-history":[{"count":35,"href":"https:\/\/ecomuseu-corvo.cultura.azores.gov.pt\/en\/wp-json\/wp\/v2\/pages\/962\/revisions"}],"predecessor-version":[{"id":3285,"href":"https:\/\/ecomuseu-corvo.cultura.azores.gov.pt\/en\/wp-json\/wp\/v2\/pages\/962\/revisions\/3285"}],"wp:attachment":[{"href":"https:\/\/ecomuseu-corvo.cultura.azores.gov.pt\/en\/wp-json\/wp\/v2\/media?parent=962"}],"curies":[{"name":"wp","href":"https:\/\/api.w.org\/{rel}","templated":true}]}}