{"id":110,"date":"2021-07-23T11:00:05","date_gmt":"2021-07-23T11:00:05","guid":{"rendered":"https:\/\/ecomuseu-corvo.cultura.azores.gov.pt\/?page_id=110"},"modified":"2025-08-22T13:47:16","modified_gmt":"2025-08-22T13:47:16","slug":"patrimonio-corvino","status":"publish","type":"page","link":"https:\/\/ecomuseu-corvo.cultura.azores.gov.pt\/en\/patrimonio-corvino\/","title":{"rendered":"Patrim\u00f3nio Corvino"},"content":{"rendered":"\n<div class=\"wp-block-columns alignwide is-layout-flex wp-container-core-columns-is-layout-9d6595d7 wp-block-columns-is-layout-flex\">\n<div class=\"wp-block-column is-layout-flow wp-block-column-is-layout-flow\">\n<div class=\"wp-block-group has-background\" style=\"background-color:#ffffff\"><div class=\"wp-block-group__inner-container is-layout-flow wp-block-group-is-layout-flow\">\n<h3 class=\"wp-block-heading has-text-align-center\">Fechadura de Madeira<\/h3>\n\n\n<div class=\"wp-block-image\">\n<figure class=\"aligncenter size-full is-resized\"><a href=\"https:\/\/ecomuseu-corvo.cultura.azores.gov.pt\/fechadura-de-madeira-do-corvo\/\" target=\"_blank\" rel=\"noopener\"><img loading=\"lazy\" decoding=\"async\" width=\"515\" height=\"439\" src=\"https:\/\/ecomuseu-corvo.cultura.azores.gov.pt\/wp-content\/uploads\/2022\/03\/fechadura-2-1-1.jpg\" alt=\"\" class=\"wp-image-1394\" style=\"aspect-ratio:1.173120728929385;width:363px;height:auto\" srcset=\"https:\/\/ecomuseu-corvo.cultura.azores.gov.pt\/wp-content\/uploads\/2022\/03\/fechadura-2-1-1.jpg 515w, https:\/\/ecomuseu-corvo.cultura.azores.gov.pt\/wp-content\/uploads\/2022\/03\/fechadura-2-1-1-300x256.jpg 300w, https:\/\/ecomuseu-corvo.cultura.azores.gov.pt\/wp-content\/uploads\/2022\/03\/fechadura-2-1-1-14x12.jpg 14w\" sizes=\"auto, (max-width: 515px) 100vw, 515px\" \/><\/a><figcaption class=\"wp-element-caption\">Fechadura de madeira &#8211; EMC.2022.0148 <\/figcaption><\/figure>\n<\/div>\n\n\n<div class=\"wp-block-buttons alignwide is-content-justification-center is-layout-flex wp-container-core-buttons-is-layout-16018d1d wp-block-buttons-is-layout-flex\">\n<div class=\"wp-block-button is-style-fill\"><a class=\"wp-block-button__link wp-element-button\" href=\"https:\/\/ecomuseu-corvo.cultura.azores.gov.pt\/fechadura-de-madeira-do-corvo\/\">Ler mais<\/a><\/div>\n<\/div>\n<\/div><\/div>\n<\/div>\n\n\n\n<div class=\"wp-block-column is-layout-flow wp-block-column-is-layout-flow\">\n<div class=\"wp-block-group has-background\" style=\"background-color:#ffffff\"><div class=\"wp-block-group__inner-container is-layout-flow wp-block-group-is-layout-flow\">\n<h3 class=\"wp-block-heading has-text-align-center\">Barreta de L\u00e3<\/h3>\n\n\n<div class=\"wp-block-image\">\n<figure class=\"aligncenter size-full is-resized\"><a href=\"https:\/\/ecomuseu-corvo.cultura.azores.gov.pt\/boina-de-la-do-corvo\/\" target=\"_blank\" rel=\"noopener\"><img loading=\"lazy\" decoding=\"async\" width=\"515\" height=\"439\" src=\"https:\/\/ecomuseu-corvo.cultura.azores.gov.pt\/wp-content\/uploads\/2022\/03\/barreta-1.jpg\" alt=\"\" class=\"wp-image-1393\" style=\"aspect-ratio:1.173120728929385;width:337px;height:auto\" srcset=\"https:\/\/ecomuseu-corvo.cultura.azores.gov.pt\/wp-content\/uploads\/2022\/03\/barreta-1.jpg 515w, https:\/\/ecomuseu-corvo.cultura.azores.gov.pt\/wp-content\/uploads\/2022\/03\/barreta-1-300x256.jpg 300w, https:\/\/ecomuseu-corvo.cultura.azores.gov.pt\/wp-content\/uploads\/2022\/03\/barreta-1-14x12.jpg 14w\" sizes=\"auto, (max-width: 515px) 100vw, 515px\" \/><\/a><figcaption class=\"wp-element-caption\">Foto: Arquivo Fotogr\u00e1fico do Ecomuseu do Corvo &#8211; EMC 22.28.1684- Pertence a Jo\u00e3o Mendes de Mendon\u00e7a<\/figcaption><\/figure>\n<\/div>\n\n\n<div class=\"wp-block-buttons is-content-justification-center is-layout-flex wp-container-core-buttons-is-layout-16018d1d wp-block-buttons-is-layout-flex\">\n<div class=\"wp-block-button is-style-fill\"><a class=\"wp-block-button__link wp-element-button\" href=\"https:\/\/ecomuseu-corvo.cultura.azores.gov.pt\/boina-de-la-do-corvo\/\">ler mais<\/a><\/div>\n<\/div>\n<\/div><\/div>\n<\/div>\n<\/div>\n\n\n\n<div class=\"wp-block-columns alignwide is-layout-flex wp-container-core-columns-is-layout-9d6595d7 wp-block-columns-is-layout-flex\">\n<div class=\"wp-block-column is-layout-flow wp-block-column-is-layout-flow\">\n<div class=\"wp-block-group has-background\" style=\"background-color:#ffffff\"><div class=\"wp-block-group__inner-container is-layout-flow wp-block-group-is-layout-flow\">\n<h5 class=\"wp-block-heading has-text-align-center\">Jun\u00e7a &#8211; <em>Cyperus esculentus<\/em><\/h5>\n\n\n<div class=\"wp-block-image\">\n<figure class=\"aligncenter size-full is-resized\"><img loading=\"lazy\" decoding=\"async\" width=\"559\" height=\"570\" src=\"https:\/\/ecomuseu-corvo.cultura.azores.gov.pt\/wp-content\/uploads\/2023\/11\/Dossier-Junca-um-patrimonio-do-Corvo_a.jpg\" alt=\"\" class=\"wp-image-3074\" style=\"aspect-ratio:0.980701754385965;width:335px;height:auto\" srcset=\"https:\/\/ecomuseu-corvo.cultura.azores.gov.pt\/wp-content\/uploads\/2023\/11\/Dossier-Junca-um-patrimonio-do-Corvo_a.jpg 559w, https:\/\/ecomuseu-corvo.cultura.azores.gov.pt\/wp-content\/uploads\/2023\/11\/Dossier-Junca-um-patrimonio-do-Corvo_a-294x300.jpg 294w, https:\/\/ecomuseu-corvo.cultura.azores.gov.pt\/wp-content\/uploads\/2023\/11\/Dossier-Junca-um-patrimonio-do-Corvo_a-12x12.jpg 12w\" sizes=\"auto, (max-width: 559px) 100vw, 559px\" \/><\/figure>\n<\/div>\n\n\n<div class=\"wp-block-buttons alignwide is-content-justification-center is-layout-flex wp-container-core-buttons-is-layout-16018d1d wp-block-buttons-is-layout-flex\">\n<div class=\"wp-block-button is-style-fill\"><a class=\"wp-block-button__link wp-element-button\" href=\"https:\/\/ecomuseu-corvo.cultura.azores.gov.pt\/the-sedge-cyperus-esculentus-a-corvos-heritage\/\">Ler mais<\/a><\/div>\n<\/div>\n<\/div><\/div>\n<\/div>\n\n\n\n<div class=\"wp-block-column is-layout-flow wp-block-column-is-layout-flow\">\n<div class=\"wp-block-group has-background\" style=\"background-color:#ffffff\"><div class=\"wp-block-group__inner-container is-layout-flow wp-block-group-is-layout-flow\">\n<h3 class=\"wp-block-heading has-text-align-center\">Moinho do Caldeir\u00e3o<\/h3>\n\n\n<div class=\"wp-block-image\">\n<figure class=\"aligncenter size-large is-resized\"><img loading=\"lazy\" decoding=\"async\" width=\"1024\" height=\"768\" src=\"https:\/\/ecomuseu-corvo.cultura.azores.gov.pt\/wp-content\/uploads\/2023\/11\/image-1-1-1024x768.png\" alt=\"\" class=\"wp-image-3106\" style=\"aspect-ratio:1.173120728929385;width:347px;height:auto\" srcset=\"https:\/\/ecomuseu-corvo.cultura.azores.gov.pt\/wp-content\/uploads\/2023\/11\/image-1-1-1024x768.png 1024w, https:\/\/ecomuseu-corvo.cultura.azores.gov.pt\/wp-content\/uploads\/2023\/11\/image-1-1-300x225.png 300w, https:\/\/ecomuseu-corvo.cultura.azores.gov.pt\/wp-content\/uploads\/2023\/11\/image-1-1-768x576.png 768w, https:\/\/ecomuseu-corvo.cultura.azores.gov.pt\/wp-content\/uploads\/2023\/11\/image-1-1-16x12.png 16w, https:\/\/ecomuseu-corvo.cultura.azores.gov.pt\/wp-content\/uploads\/2023\/11\/image-1-1.png 1157w\" sizes=\"auto, (max-width: 1024px) 100vw, 1024px\" \/><\/figure>\n<\/div>\n\n\n<div class=\"wp-block-buttons is-content-justification-center is-layout-flex wp-container-core-buttons-is-layout-16018d1d wp-block-buttons-is-layout-flex\">\n<div class=\"wp-block-button is-style-fill\"><a class=\"wp-block-button__link wp-element-button\" href=\"https:\/\/ecomuseu-corvo.cultura.azores.gov.pt\/moinho-do-caldeirao\/\">ler mais<\/a><\/div>\n<\/div>\n<\/div><\/div>\n<\/div>\n<\/div>\n\n\n\n<h1 class=\"wp-block-heading\">Patrim\u00f3nio Cultural<\/h1>\n\n\n\n<div class=\"wp-block-media-text alignwide is-stacked-on-mobile\" style=\"grid-template-columns:42% auto\"><figure class=\"wp-block-media-text__media\"><img loading=\"lazy\" decoding=\"async\" width=\"808\" height=\"1024\" src=\"https:\/\/ecomuseu-corvo.cultura.azores.gov.pt\/wp-content\/uploads\/2022\/03\/Imovel-808x1024.png\" alt=\"\" class=\"wp-image-1419 size-full\" srcset=\"https:\/\/ecomuseu-corvo.cultura.azores.gov.pt\/wp-content\/uploads\/2022\/03\/Imovel-808x1024.png 808w, https:\/\/ecomuseu-corvo.cultura.azores.gov.pt\/wp-content\/uploads\/2022\/03\/Imovel-237x300.png 237w, https:\/\/ecomuseu-corvo.cultura.azores.gov.pt\/wp-content\/uploads\/2022\/03\/Imovel-768x974.png 768w, https:\/\/ecomuseu-corvo.cultura.azores.gov.pt\/wp-content\/uploads\/2022\/03\/Imovel-9x12.png 9w, https:\/\/ecomuseu-corvo.cultura.azores.gov.pt\/wp-content\/uploads\/2022\/03\/Imovel.png 862w\" sizes=\"auto, (max-width: 808px) 100vw, 808px\" \/><\/figure><div class=\"wp-block-media-text__content\">\n<h4 class=\"wp-block-heading\">Patrim\u00f3nio Material Im\u00f3vel<\/h4>\n\n\n\n<details class=\"wp-block-details is-layout-flow wp-block-details-is-layout-flow\"><summary>Atafona<\/summary>\n<p>As atafonas foram instrumentos que os povoadores aplicaram para moer alguns cereais, nomeadamente milho, trigo, centeio, jun\u00e7a, etc., uma vez que n\u00e3o havia condi\u00e7\u00f5es para os moinhos a vento e de \u00e1gua. A for\u00e7a motriz seria um animal.<br>Cada atafona era comum a um grupo de pessoas, quase sempre, moradores das proximidades, semelhante \u00e0 composi\u00e7\u00e3o das esquadras do dia da l\u00e3 e a chave estava, sempre, em casa do mesmo \u201cs\u00f3cio\u201d.<\/p>\n\n\n\n<figure class=\"wp-block-image size-large is-resized\"><img loading=\"lazy\" decoding=\"async\" width=\"1024\" height=\"768\" src=\"https:\/\/ecomuseu-corvo.cultura.azores.gov.pt\/wp-content\/uploads\/2023\/11\/IMG_7659-1024x768.jpg\" alt=\"\" class=\"wp-image-3111\" style=\"aspect-ratio:1.3333333333333333;width:309px;height:auto\" srcset=\"https:\/\/ecomuseu-corvo.cultura.azores.gov.pt\/wp-content\/uploads\/2023\/11\/IMG_7659-1024x768.jpg 1024w, https:\/\/ecomuseu-corvo.cultura.azores.gov.pt\/wp-content\/uploads\/2023\/11\/IMG_7659-300x225.jpg 300w, https:\/\/ecomuseu-corvo.cultura.azores.gov.pt\/wp-content\/uploads\/2023\/11\/IMG_7659-768x576.jpg 768w, https:\/\/ecomuseu-corvo.cultura.azores.gov.pt\/wp-content\/uploads\/2023\/11\/IMG_7659-1536x1152.jpg 1536w, https:\/\/ecomuseu-corvo.cultura.azores.gov.pt\/wp-content\/uploads\/2023\/11\/IMG_7659-2048x1536.jpg 2048w, https:\/\/ecomuseu-corvo.cultura.azores.gov.pt\/wp-content\/uploads\/2023\/11\/IMG_7659-16x12.jpg 16w, https:\/\/ecomuseu-corvo.cultura.azores.gov.pt\/wp-content\/uploads\/2023\/11\/IMG_7659-1200x900.jpg 1200w, https:\/\/ecomuseu-corvo.cultura.azores.gov.pt\/wp-content\/uploads\/2023\/11\/IMG_7659-1980x1485.jpg 1980w\" sizes=\"auto, (max-width: 1024px) 100vw, 1024px\" \/><\/figure>\n\n\n\n<p>O engenho tinha duas pedras: a debaixo era fixa e no centro tinha um buraco por onde passava a parte superior do eixo cil\u00edndrico que fazia rodar a roda de cima quando a atafona funcionava. A pedra de cima para baixar ou levantar mais, conforme era para moer mais grado ou mais fino, era levantada e segura com uma cunha de madeira. Havia ainda uma moega, uma caixa de madeira, onde se colocava o milho, ou outro cereal, e de onde ia caindo o cereal conforme a pessoa desejava.<\/p>\n\n\n\n<figure class=\"wp-block-image size-large is-resized\"><img loading=\"lazy\" decoding=\"async\" width=\"762\" height=\"1024\" src=\"https:\/\/ecomuseu-corvo.cultura.azores.gov.pt\/wp-content\/uploads\/2023\/11\/Imagem4-762x1024.png\" alt=\"\" class=\"wp-image-3112\" style=\"aspect-ratio:0.744140625;width:296px;height:auto\" srcset=\"https:\/\/ecomuseu-corvo.cultura.azores.gov.pt\/wp-content\/uploads\/2023\/11\/Imagem4-762x1024.png 762w, https:\/\/ecomuseu-corvo.cultura.azores.gov.pt\/wp-content\/uploads\/2023\/11\/Imagem4-223x300.png 223w, https:\/\/ecomuseu-corvo.cultura.azores.gov.pt\/wp-content\/uploads\/2023\/11\/Imagem4-768x1033.png 768w, https:\/\/ecomuseu-corvo.cultura.azores.gov.pt\/wp-content\/uploads\/2023\/11\/Imagem4-9x12.png 9w, https:\/\/ecomuseu-corvo.cultura.azores.gov.pt\/wp-content\/uploads\/2023\/11\/Imagem4.png 949w\" sizes=\"auto, (max-width: 762px) 100vw, 762px\" \/><\/figure>\n<\/details>\n\n\n\n<details class=\"wp-block-details is-layout-flow wp-block-details-is-layout-flow\"><summary>Caixa<\/summary>\n<p>Ra\u00fal Brand\u00e3o, na sua obra &#8220;Ilhas Desconhecidas&#8221;, fala-nos de uma caixa com a seguinte descri\u00e7\u00e3o:<\/p>\n\n\n\n<p>&#8220;[As mulheres] disp\u00f5em da chave da caixa [&#8230;] Ora isto de ter a chave da caixa \u00e9 uma coisa muito s\u00e9ria na lavoura. A caixa de limpeza, sempre de uma madeira dura para lhe n\u00e3o entrar o rato, e no Corvo de cedro petrificado que se encontra no fundo da terra, ou de tabu\u00f5es de naufr\u00e1gio que d\u00e3o \u00e0 costa, \u00e9 o m\u00f3vel onde se guardam os melhores panos, as moedas que se juntam tirando-o \u00e0 boca, as coisas de maior pr\u00e9stimo e valia e as recorda\u00e7\u00f5es dos mortos. A caixa herda-se. E, pu\u00edda de tantas m\u00e3os, \u00e9 quase sagrada.&#8221;<\/p>\n\n\n\n<figure class=\"wp-block-image size-large is-resized\"><img loading=\"lazy\" decoding=\"async\" width=\"1024\" height=\"768\" src=\"https:\/\/ecomuseu-corvo.cultura.azores.gov.pt\/wp-content\/uploads\/2023\/11\/IMG_20221003_161748-PhotoRoom-1-1024x768.png\" alt=\"\" class=\"wp-image-3113\" style=\"aspect-ratio:1.3333333333333333;width:296px;height:auto\" srcset=\"https:\/\/ecomuseu-corvo.cultura.azores.gov.pt\/wp-content\/uploads\/2023\/11\/IMG_20221003_161748-PhotoRoom-1-1024x768.png 1024w, https:\/\/ecomuseu-corvo.cultura.azores.gov.pt\/wp-content\/uploads\/2023\/11\/IMG_20221003_161748-PhotoRoom-1-300x225.png 300w, https:\/\/ecomuseu-corvo.cultura.azores.gov.pt\/wp-content\/uploads\/2023\/11\/IMG_20221003_161748-PhotoRoom-1-768x576.png 768w, https:\/\/ecomuseu-corvo.cultura.azores.gov.pt\/wp-content\/uploads\/2023\/11\/IMG_20221003_161748-PhotoRoom-1-16x12.png 16w, https:\/\/ecomuseu-corvo.cultura.azores.gov.pt\/wp-content\/uploads\/2023\/11\/IMG_20221003_161748-PhotoRoom-1-1200x900.png 1200w, https:\/\/ecomuseu-corvo.cultura.azores.gov.pt\/wp-content\/uploads\/2023\/11\/IMG_20221003_161748-PhotoRoom-1.png 1280w\" sizes=\"auto, (max-width: 1024px) 100vw, 1024px\" \/><\/figure>\n<\/details>\n\n\n\n<details class=\"wp-block-details is-layout-flow wp-block-details-is-layout-flow\"><summary>Cal\u00e7ada do Maranh\u00e3o<\/summary>\n<p>Ao longo do tempo os corvinos desenvolveram uma t\u00e9cnica que lhes permitiu, com os recursos dispon\u00edveis, calcetar as ruas da Vila. Hoje sabemos que a cal\u00e7ada, que ainda \u00e9 poss\u00edvel encontrar no Cimo do Maranh\u00e3o, foi o resultado de v\u00e1rias interven\u00e7\u00f5es levadas a cabo ao longo dos anos.<br>As primeiras ruas em terra batida foram dando lugar a um pavimento que permitiu melhores condi\u00e7\u00f5es de salubridade e circula\u00e7\u00e3o.<\/p>\n\n\n<div class=\"wp-block-image\">\n<figure class=\"aligncenter size-large is-resized\"><img loading=\"lazy\" decoding=\"async\" width=\"886\" height=\"1024\" src=\"https:\/\/ecomuseu-corvo.cultura.azores.gov.pt\/wp-content\/uploads\/2023\/11\/1afase-desenho-886x1024.png\" alt=\"\" class=\"wp-image-3114\" style=\"aspect-ratio:0.865234375;width:247px;height:auto\" srcset=\"https:\/\/ecomuseu-corvo.cultura.azores.gov.pt\/wp-content\/uploads\/2023\/11\/1afase-desenho-886x1024.png 886w, https:\/\/ecomuseu-corvo.cultura.azores.gov.pt\/wp-content\/uploads\/2023\/11\/1afase-desenho-260x300.png 260w, https:\/\/ecomuseu-corvo.cultura.azores.gov.pt\/wp-content\/uploads\/2023\/11\/1afase-desenho-768x888.png 768w, https:\/\/ecomuseu-corvo.cultura.azores.gov.pt\/wp-content\/uploads\/2023\/11\/1afase-desenho-10x12.png 10w, https:\/\/ecomuseu-corvo.cultura.azores.gov.pt\/wp-content\/uploads\/2023\/11\/1afase-desenho-1200x1387.png 1200w, https:\/\/ecomuseu-corvo.cultura.azores.gov.pt\/wp-content\/uploads\/2023\/11\/1afase-desenho.png 1264w\" sizes=\"auto, (max-width: 886px) 100vw, 886px\" \/><\/figure>\n<\/div>\n\n\n<p>A evolu\u00e7\u00e3o evidenciada no processo de calcetamento demonstra que o patrim\u00f3nio \u00e9 algo vivo, algo que se transforma ao longo dos tempos por a\u00e7\u00e3o da comunidade que o possui e adapta em fun\u00e7\u00e3o das suas necessidades.<\/p>\n\n\n\n<figure class=\"wp-block-gallery has-nested-images columns-default is-cropped wp-block-gallery-1 is-layout-flex wp-block-gallery-is-layout-flex\">\n<figure class=\"wp-block-image size-large\"><img loading=\"lazy\" decoding=\"async\" width=\"1024\" height=\"768\" data-id=\"3115\" src=\"https:\/\/ecomuseu-corvo.cultura.azores.gov.pt\/wp-content\/uploads\/2023\/11\/2a-fase-Maranhao-2-1024x768.jpg\" alt=\"\" class=\"wp-image-3115\" srcset=\"https:\/\/ecomuseu-corvo.cultura.azores.gov.pt\/wp-content\/uploads\/2023\/11\/2a-fase-Maranhao-2-1024x768.jpg 1024w, https:\/\/ecomuseu-corvo.cultura.azores.gov.pt\/wp-content\/uploads\/2023\/11\/2a-fase-Maranhao-2-300x225.jpg 300w, https:\/\/ecomuseu-corvo.cultura.azores.gov.pt\/wp-content\/uploads\/2023\/11\/2a-fase-Maranhao-2-768x576.jpg 768w, https:\/\/ecomuseu-corvo.cultura.azores.gov.pt\/wp-content\/uploads\/2023\/11\/2a-fase-Maranhao-2-1536x1152.jpg 1536w, https:\/\/ecomuseu-corvo.cultura.azores.gov.pt\/wp-content\/uploads\/2023\/11\/2a-fase-Maranhao-2-2048x1536.jpg 2048w, https:\/\/ecomuseu-corvo.cultura.azores.gov.pt\/wp-content\/uploads\/2023\/11\/2a-fase-Maranhao-2-16x12.jpg 16w, https:\/\/ecomuseu-corvo.cultura.azores.gov.pt\/wp-content\/uploads\/2023\/11\/2a-fase-Maranhao-2-1200x900.jpg 1200w, https:\/\/ecomuseu-corvo.cultura.azores.gov.pt\/wp-content\/uploads\/2023\/11\/2a-fase-Maranhao-2-1980x1485.jpg 1980w\" sizes=\"auto, (max-width: 1024px) 100vw, 1024px\" \/><\/figure>\n\n\n\n<figure class=\"wp-block-image size-large\"><img loading=\"lazy\" decoding=\"async\" width=\"1024\" height=\"768\" data-id=\"3116\" src=\"https:\/\/ecomuseu-corvo.cultura.azores.gov.pt\/wp-content\/uploads\/2023\/11\/2a-fase-Maranhao-1024x768.jpg\" alt=\"\" class=\"wp-image-3116\" srcset=\"https:\/\/ecomuseu-corvo.cultura.azores.gov.pt\/wp-content\/uploads\/2023\/11\/2a-fase-Maranhao-1024x768.jpg 1024w, https:\/\/ecomuseu-corvo.cultura.azores.gov.pt\/wp-content\/uploads\/2023\/11\/2a-fase-Maranhao-300x225.jpg 300w, https:\/\/ecomuseu-corvo.cultura.azores.gov.pt\/wp-content\/uploads\/2023\/11\/2a-fase-Maranhao-768x576.jpg 768w, https:\/\/ecomuseu-corvo.cultura.azores.gov.pt\/wp-content\/uploads\/2023\/11\/2a-fase-Maranhao-1536x1152.jpg 1536w, https:\/\/ecomuseu-corvo.cultura.azores.gov.pt\/wp-content\/uploads\/2023\/11\/2a-fase-Maranhao-2048x1536.jpg 2048w, https:\/\/ecomuseu-corvo.cultura.azores.gov.pt\/wp-content\/uploads\/2023\/11\/2a-fase-Maranhao-16x12.jpg 16w, https:\/\/ecomuseu-corvo.cultura.azores.gov.pt\/wp-content\/uploads\/2023\/11\/2a-fase-Maranhao-1200x900.jpg 1200w, https:\/\/ecomuseu-corvo.cultura.azores.gov.pt\/wp-content\/uploads\/2023\/11\/2a-fase-Maranhao-1980x1485.jpg 1980w\" sizes=\"auto, (max-width: 1024px) 100vw, 1024px\" \/><\/figure>\n<\/figure>\n<\/details>\n\n\n\n<details class=\"wp-block-details is-layout-flow wp-block-details-is-layout-flow\"><summary>Fontes e Fontan\u00e1rios<\/summary>\n<p>Constru\u00eddos nos s\u00e9culos XVIII e XIX em alvenaria de pedra rebocada, numa \u00e9poca em que n\u00e3o havia \u00e1gua canalizada, as fontes tornaram-se fundamentais no quotidiano dos corvinos. Era aqui que se ia buscar a \u00e1gua para consumo dom\u00e9stico e se lavava a roupa.<\/p>\n\n\n\n<p>Os rapazes ainda solteiros, que a prop\u00f3sito de irem ao bebedouro dar de beber aos seus animais, aproveitavam a oportunidade para catrapiscar esta ou aquela rapariga que mais lhes agradava. Muitos casamentos come\u00e7aram assim\u2026<\/p>\n\n\n\n<p>Este espa\u00e7o acabava tamb\u00e9m por ser um local de socializa\u00e7\u00e3o entre as mulheres. <\/p>\n\n\n<div class=\"wp-block-image\">\n<figure class=\"aligncenter size-large is-resized\"><img loading=\"lazy\" decoding=\"async\" width=\"1024\" height=\"664\" src=\"https:\/\/ecomuseu-corvo.cultura.azores.gov.pt\/wp-content\/uploads\/2023\/11\/19.18.900-1024x664.jpg\" alt=\"\" class=\"wp-image-3143\" style=\"aspect-ratio:1.5421686746987953;width:333px;height:auto\" srcset=\"https:\/\/ecomuseu-corvo.cultura.azores.gov.pt\/wp-content\/uploads\/2023\/11\/19.18.900-1024x664.jpg 1024w, https:\/\/ecomuseu-corvo.cultura.azores.gov.pt\/wp-content\/uploads\/2023\/11\/19.18.900-300x194.jpg 300w, https:\/\/ecomuseu-corvo.cultura.azores.gov.pt\/wp-content\/uploads\/2023\/11\/19.18.900-768x498.jpg 768w, https:\/\/ecomuseu-corvo.cultura.azores.gov.pt\/wp-content\/uploads\/2023\/11\/19.18.900-1536x996.jpg 1536w, https:\/\/ecomuseu-corvo.cultura.azores.gov.pt\/wp-content\/uploads\/2023\/11\/19.18.900-2048x1328.jpg 2048w, https:\/\/ecomuseu-corvo.cultura.azores.gov.pt\/wp-content\/uploads\/2023\/11\/19.18.900-18x12.jpg 18w, https:\/\/ecomuseu-corvo.cultura.azores.gov.pt\/wp-content\/uploads\/2023\/11\/19.18.900-1200x778.jpg 1200w, https:\/\/ecomuseu-corvo.cultura.azores.gov.pt\/wp-content\/uploads\/2023\/11\/19.18.900-1980x1283.jpg 1980w\" sizes=\"auto, (max-width: 1024px) 100vw, 1024px\" \/><figcaption class=\"wp-element-caption\">Arquivo Fotogr\u00e1fico do Corvo &#8211; Pertence a Wilfried Mayrus<\/figcaption><\/figure>\n<\/div>\n\n\n<p>Na vila do Corvo conhecem-se tr\u00eas fontes: uma no local da Fonte de Cima; uma na Rua das Pedras e outra no Caminho da Grota. Para al\u00e9m destas, segundo os historiadores, o primeiro chafariz foi constru\u00eddo no ano de 1836, no cimo da antiga Rua da Fonte.<\/p>\n<\/details>\n\n\n\n<details class=\"wp-block-details is-layout-flow wp-block-details-is-layout-flow\"><summary>Chiqueiros e Currais<\/summary>\n<p>&#8220;Os currais s\u00e3o terrenos de dimens\u00f5es reduzidas, delimitados e protegidos por paredes de pedra seca, onde se abriam portais tapados com pedras. Na espessura das paredes, viradas a nascente, faziam-se cavidades (cal\u00e7adouros, cal\u00e7adas)[&#8230;].<\/p>\n\n\n\n<p>No interior dos currais, normalmente a um canto, constru\u00edam-se abrigos de pseudoc\u00fapula em pedra seca (chiqueiros) para tapar os bezerros e outras estruturas id\u00eanticas, mas de menor dimens\u00e3o, onde se abrigavam caba\u00e7as de leite. [&#8230;] Quando chegava a altura de parir, as vacas eram levadas para os currais ou para os palheiros da Vila sendo, mais tarde, mudadas com as crias para os currais, onde ficariam as primeiras semanas.&#8221;<\/p>\n\n\n\n<p>&#8220;As vacas circulavam entre o espa\u00e7o exterior fechado (currais &#8211; noite) e o exterior aberto (relvas &#8211; dia), enquanto os bezerros circulavam entre o espa\u00e7o exterior fechado (currais &#8211; dia) e o espa\u00e7o interior (chiqueiro &#8211; noite).&#8221;<\/p>\n\n\n\n<ul class=\"wp-block-list\">\n<li>Invent\u00e1rio do Patrim\u00f3nio Im\u00f3vel dos A\u00e7ores: Vila Nova do Corvo. [Angra do Hero\u00edsmo]: Instituto A\u00e7oriano de Cultura Dire\u00e7\u00e3o Regional da Cultura, 2001.<\/li>\n<\/ul>\n<\/details>\n\n\n\n<details class=\"wp-block-details is-layout-flow wp-block-details-is-layout-flow\"><summary>Eiras<\/summary>\n<p>As eiras s\u00e3o constru\u00e7\u00f5es de teor agr\u00edcola que cumprem fun\u00e7\u00f5es de secagem e debulha dos cereais.<\/p>\n\n\n<div class=\"wp-block-image\">\n<figure class=\"aligncenter size-large is-resized\"><img loading=\"lazy\" decoding=\"async\" width=\"1024\" height=\"768\" src=\"https:\/\/ecomuseu-corvo.cultura.azores.gov.pt\/wp-content\/uploads\/2023\/11\/IMG_8403-1024x768.jpg\" alt=\"\" class=\"wp-image-3126\" style=\"aspect-ratio:1.3333333333333333;width:307px;height:auto\" srcset=\"https:\/\/ecomuseu-corvo.cultura.azores.gov.pt\/wp-content\/uploads\/2023\/11\/IMG_8403-1024x768.jpg 1024w, https:\/\/ecomuseu-corvo.cultura.azores.gov.pt\/wp-content\/uploads\/2023\/11\/IMG_8403-300x225.jpg 300w, https:\/\/ecomuseu-corvo.cultura.azores.gov.pt\/wp-content\/uploads\/2023\/11\/IMG_8403-768x576.jpg 768w, https:\/\/ecomuseu-corvo.cultura.azores.gov.pt\/wp-content\/uploads\/2023\/11\/IMG_8403-1536x1152.jpg 1536w, https:\/\/ecomuseu-corvo.cultura.azores.gov.pt\/wp-content\/uploads\/2023\/11\/IMG_8403-2048x1536.jpg 2048w, https:\/\/ecomuseu-corvo.cultura.azores.gov.pt\/wp-content\/uploads\/2023\/11\/IMG_8403-16x12.jpg 16w, https:\/\/ecomuseu-corvo.cultura.azores.gov.pt\/wp-content\/uploads\/2023\/11\/IMG_8403-1200x900.jpg 1200w, https:\/\/ecomuseu-corvo.cultura.azores.gov.pt\/wp-content\/uploads\/2023\/11\/IMG_8403-1980x1485.jpg 1980w\" sizes=\"auto, (max-width: 1024px) 100vw, 1024px\" \/><\/figure>\n<\/div>\n\n\n<p>Hoje em dia ainda \u00e9 poss\u00edvel observar mais de duas dezenas destes exemplares. A exist\u00eancia de tantas eiras na Vila do Corvo dever-se-\u00e1 \u00e0 necessidade do pagamento do imposto de 40 moios de trigo anuais e de produzir alimento. A disponibilidade de rocha e do calhau rolado facilitou a constru\u00e7\u00e3o de t\u00e3o importante recurso.<\/p>\n\n\n\n<p>Na maioria dos casos as eiras tinham mais do que um propriet\u00e1rio e quem n\u00e3o possu\u00eda eiras solicitava o seu empr\u00e9stimo sem pagamento associado.<\/p>\n\n\n<div class=\"wp-block-image\">\n<figure class=\"aligncenter size-full is-resized\"><img loading=\"lazy\" decoding=\"async\" width=\"351\" height=\"470\" src=\"https:\/\/ecomuseu-corvo.cultura.azores.gov.pt\/wp-content\/uploads\/2023\/11\/Imagem10.png\" alt=\"\" class=\"wp-image-3158\" style=\"aspect-ratio:0.7468085106382979;width:278px;height:auto\" srcset=\"https:\/\/ecomuseu-corvo.cultura.azores.gov.pt\/wp-content\/uploads\/2023\/11\/Imagem10.png 351w, https:\/\/ecomuseu-corvo.cultura.azores.gov.pt\/wp-content\/uploads\/2023\/11\/Imagem10-224x300.png 224w, https:\/\/ecomuseu-corvo.cultura.azores.gov.pt\/wp-content\/uploads\/2023\/11\/Imagem10-9x12.png 9w\" sizes=\"auto, (max-width: 351px) 100vw, 351px\" \/><\/figure>\n<\/div><\/details>\n\n\n\n<details class=\"wp-block-details is-layout-flow wp-block-details-is-layout-flow\"><summary>Moinho de Vento<\/summary>\n<p>Os moinhos de vento do Corvo, \u00fanicos nos A\u00e7ores, s\u00e3o moinhos fixos de pedra ou \u201cde torre\u201d, na variante designada por continental sul, por semelhan\u00e7as aos que existem naquela zona do Continente portugu\u00eas.<br>De dimens\u00f5es mais reduzidas do que os seus cong\u00e9neres, estes moinhos foram constru\u00eddos de acordo com as necessidades da comunidade e tendo em conta as condicionantes impostas pelo pr\u00f3prio territ\u00f3rio.<\/p>\n\n\n\n<figure class=\"wp-block-gallery has-nested-images columns-default is-cropped wp-block-gallery-2 is-layout-flex wp-block-gallery-is-layout-flex\">\n<figure class=\"wp-block-image size-large\"><img loading=\"lazy\" decoding=\"async\" width=\"1024\" height=\"768\" data-id=\"3117\" src=\"https:\/\/ecomuseu-corvo.cultura.azores.gov.pt\/wp-content\/uploads\/2023\/11\/IMG_7630-1024x768.jpg\" alt=\"\" class=\"wp-image-3117\" srcset=\"https:\/\/ecomuseu-corvo.cultura.azores.gov.pt\/wp-content\/uploads\/2023\/11\/IMG_7630-1024x768.jpg 1024w, https:\/\/ecomuseu-corvo.cultura.azores.gov.pt\/wp-content\/uploads\/2023\/11\/IMG_7630-300x225.jpg 300w, https:\/\/ecomuseu-corvo.cultura.azores.gov.pt\/wp-content\/uploads\/2023\/11\/IMG_7630-768x576.jpg 768w, https:\/\/ecomuseu-corvo.cultura.azores.gov.pt\/wp-content\/uploads\/2023\/11\/IMG_7630-1536x1152.jpg 1536w, https:\/\/ecomuseu-corvo.cultura.azores.gov.pt\/wp-content\/uploads\/2023\/11\/IMG_7630-2048x1536.jpg 2048w, https:\/\/ecomuseu-corvo.cultura.azores.gov.pt\/wp-content\/uploads\/2023\/11\/IMG_7630-16x12.jpg 16w, https:\/\/ecomuseu-corvo.cultura.azores.gov.pt\/wp-content\/uploads\/2023\/11\/IMG_7630-1200x900.jpg 1200w, https:\/\/ecomuseu-corvo.cultura.azores.gov.pt\/wp-content\/uploads\/2023\/11\/IMG_7630-1980x1485.jpg 1980w\" sizes=\"auto, (max-width: 1024px) 100vw, 1024px\" \/><\/figure>\n\n\n\n<figure class=\"wp-block-image size-large\"><img loading=\"lazy\" decoding=\"async\" width=\"1024\" height=\"768\" data-id=\"3119\" src=\"https:\/\/ecomuseu-corvo.cultura.azores.gov.pt\/wp-content\/uploads\/2023\/11\/IMG_7631-1024x768.jpg\" alt=\"\" class=\"wp-image-3119\" srcset=\"https:\/\/ecomuseu-corvo.cultura.azores.gov.pt\/wp-content\/uploads\/2023\/11\/IMG_7631-1024x768.jpg 1024w, https:\/\/ecomuseu-corvo.cultura.azores.gov.pt\/wp-content\/uploads\/2023\/11\/IMG_7631-300x225.jpg 300w, https:\/\/ecomuseu-corvo.cultura.azores.gov.pt\/wp-content\/uploads\/2023\/11\/IMG_7631-768x576.jpg 768w, https:\/\/ecomuseu-corvo.cultura.azores.gov.pt\/wp-content\/uploads\/2023\/11\/IMG_7631-1536x1152.jpg 1536w, https:\/\/ecomuseu-corvo.cultura.azores.gov.pt\/wp-content\/uploads\/2023\/11\/IMG_7631-2048x1536.jpg 2048w, https:\/\/ecomuseu-corvo.cultura.azores.gov.pt\/wp-content\/uploads\/2023\/11\/IMG_7631-16x12.jpg 16w, https:\/\/ecomuseu-corvo.cultura.azores.gov.pt\/wp-content\/uploads\/2023\/11\/IMG_7631-1200x900.jpg 1200w, https:\/\/ecomuseu-corvo.cultura.azores.gov.pt\/wp-content\/uploads\/2023\/11\/IMG_7631-1980x1485.jpg 1980w\" sizes=\"auto, (max-width: 1024px) 100vw, 1024px\" \/><\/figure>\n\n\n\n<figure class=\"wp-block-image size-large\"><img loading=\"lazy\" decoding=\"async\" width=\"1024\" height=\"768\" data-id=\"3118\" src=\"https:\/\/ecomuseu-corvo.cultura.azores.gov.pt\/wp-content\/uploads\/2023\/11\/IMG_7632-1024x768.jpg\" alt=\"\" class=\"wp-image-3118\" srcset=\"https:\/\/ecomuseu-corvo.cultura.azores.gov.pt\/wp-content\/uploads\/2023\/11\/IMG_7632-1024x768.jpg 1024w, https:\/\/ecomuseu-corvo.cultura.azores.gov.pt\/wp-content\/uploads\/2023\/11\/IMG_7632-300x225.jpg 300w, https:\/\/ecomuseu-corvo.cultura.azores.gov.pt\/wp-content\/uploads\/2023\/11\/IMG_7632-768x576.jpg 768w, https:\/\/ecomuseu-corvo.cultura.azores.gov.pt\/wp-content\/uploads\/2023\/11\/IMG_7632-1536x1152.jpg 1536w, https:\/\/ecomuseu-corvo.cultura.azores.gov.pt\/wp-content\/uploads\/2023\/11\/IMG_7632-2048x1536.jpg 2048w, https:\/\/ecomuseu-corvo.cultura.azores.gov.pt\/wp-content\/uploads\/2023\/11\/IMG_7632-16x12.jpg 16w, https:\/\/ecomuseu-corvo.cultura.azores.gov.pt\/wp-content\/uploads\/2023\/11\/IMG_7632-1200x900.jpg 1200w, https:\/\/ecomuseu-corvo.cultura.azores.gov.pt\/wp-content\/uploads\/2023\/11\/IMG_7632-1980x1485.jpg 1980w\" sizes=\"auto, (max-width: 1024px) 100vw, 1024px\" \/><\/figure>\n<\/figure>\n\n\n\n<p><br>A sua constru\u00e7\u00e3o \u00e9 feita sobre uma esp\u00e9cie de terra\u00e7o circular, designado localmente por archete do moinho, com cerca de 15 metros de di\u00e2metro e 1,5 metros de altura; o corpo do moinho, em alvenaria de pedra, rebocada ou n\u00e3o, apresenta uma planta circular de forma troncoc\u00f3nica, medindo, de uma forma geral, 4 metros de altura e 3 metros de di\u00e2metro.<br>A cobertura, localmente designada de carapu\u00e7a, tem uma forma c\u00f3nica com pouca inclina\u00e7\u00e3o, assenta a meio da espessura da parede e \u00e9 m\u00f3vel, permitindo orientar o mastro e as quatro velas triangulares, na dire\u00e7\u00e3o do vento favor\u00e1vel \u00e0 moagem; o cata-vento em forma de galo, no topo da carapu\u00e7a, ajudava a determinar a melhor posi\u00e7\u00e3o. O mastro, com 8 faces, era feito a partir de uma \u00fanica pe\u00e7a de madeira, medindo cerca de 7 metros de comprimento.<br>Dois lances de escadas d\u00e3o acesso ao interior do moinho, sendo que o primeiro nos coloca no archete e o segundo ao n\u00edvel da porta, \u00fanico v\u00e3o no corpo do moinho.<\/p>\n\n\n<div class=\"wp-block-image\">\n<figure class=\"aligncenter size-full is-resized\"><img loading=\"lazy\" decoding=\"async\" width=\"1000\" height=\"667\" src=\"https:\/\/ecomuseu-corvo.cultura.azores.gov.pt\/wp-content\/uploads\/2022\/03\/MG_2634.jpg\" alt=\"\" class=\"wp-image-1321\" style=\"aspect-ratio:1.4992503748125936;width:363px;height:auto\" srcset=\"https:\/\/ecomuseu-corvo.cultura.azores.gov.pt\/wp-content\/uploads\/2022\/03\/MG_2634.jpg 1000w, https:\/\/ecomuseu-corvo.cultura.azores.gov.pt\/wp-content\/uploads\/2022\/03\/MG_2634-300x200.jpg 300w, https:\/\/ecomuseu-corvo.cultura.azores.gov.pt\/wp-content\/uploads\/2022\/03\/MG_2634-768x512.jpg 768w, https:\/\/ecomuseu-corvo.cultura.azores.gov.pt\/wp-content\/uploads\/2022\/03\/MG_2634-18x12.jpg 18w\" sizes=\"auto, (max-width: 1000px) 100vw, 1000px\" \/><\/figure>\n<\/div><\/details>\n\n\n\n<details class=\"wp-block-details is-layout-flow wp-block-details-is-layout-flow\"><summary>Moinho de Mar\u00e9<\/summary>\n<p>Informa\u00e7\u00e3o dispon\u00edvel em <a href=\"https:\/\/ecomuseu-corvo.cultura.azores.gov.pt\/moinho-do-caldeirao\/\">Moinho do Caldeir\u00e3o<\/a><\/p>\n\n\n\n<figure class=\"wp-block-gallery has-nested-images columns-default is-cropped wp-block-gallery-3 is-layout-flex wp-block-gallery-is-layout-flex\">\n<figure class=\"wp-block-image size-large\"><img loading=\"lazy\" decoding=\"async\" width=\"1024\" height=\"768\" data-id=\"3106\" src=\"https:\/\/ecomuseu-corvo.cultura.azores.gov.pt\/wp-content\/uploads\/2023\/11\/image-1-1-1024x768.png\" alt=\"\" class=\"wp-image-3106\" srcset=\"https:\/\/ecomuseu-corvo.cultura.azores.gov.pt\/wp-content\/uploads\/2023\/11\/image-1-1-1024x768.png 1024w, https:\/\/ecomuseu-corvo.cultura.azores.gov.pt\/wp-content\/uploads\/2023\/11\/image-1-1-300x225.png 300w, https:\/\/ecomuseu-corvo.cultura.azores.gov.pt\/wp-content\/uploads\/2023\/11\/image-1-1-768x576.png 768w, https:\/\/ecomuseu-corvo.cultura.azores.gov.pt\/wp-content\/uploads\/2023\/11\/image-1-1-16x12.png 16w, https:\/\/ecomuseu-corvo.cultura.azores.gov.pt\/wp-content\/uploads\/2023\/11\/image-1-1.png 1157w\" sizes=\"auto, (max-width: 1024px) 100vw, 1024px\" \/><\/figure>\n\n\n\n<figure class=\"wp-block-image size-large\"><img loading=\"lazy\" decoding=\"async\" width=\"1024\" height=\"700\" data-id=\"3101\" src=\"https:\/\/ecomuseu-corvo.cultura.azores.gov.pt\/wp-content\/uploads\/2023\/11\/Imagem3-1024x700.png\" alt=\"\" class=\"wp-image-3101\" srcset=\"https:\/\/ecomuseu-corvo.cultura.azores.gov.pt\/wp-content\/uploads\/2023\/11\/Imagem3-1024x700.png 1024w, https:\/\/ecomuseu-corvo.cultura.azores.gov.pt\/wp-content\/uploads\/2023\/11\/Imagem3-300x205.png 300w, https:\/\/ecomuseu-corvo.cultura.azores.gov.pt\/wp-content\/uploads\/2023\/11\/Imagem3-768x525.png 768w, https:\/\/ecomuseu-corvo.cultura.azores.gov.pt\/wp-content\/uploads\/2023\/11\/Imagem3-18x12.png 18w, https:\/\/ecomuseu-corvo.cultura.azores.gov.pt\/wp-content\/uploads\/2023\/11\/Imagem3-1200x821.png 1200w, https:\/\/ecomuseu-corvo.cultura.azores.gov.pt\/wp-content\/uploads\/2023\/11\/Imagem3.png 1522w\" sizes=\"auto, (max-width: 1024px) 100vw, 1024px\" \/><\/figure>\n<\/figure>\n<\/details>\n\n\n\n<details class=\"wp-block-details is-layout-flow wp-block-details-is-layout-flow\"><summary>Moagens<\/summary>\n<p>No Corvo existiram duas moagens que funcionaram at\u00e9 aos anos oitenta do s\u00e9culo passado. Em 1951 chegaram \u00e0 Ilha, pela m\u00e3o do padre Leonete Vieira do Rego, um gerador para produ\u00e7\u00e3o de eletricidade e uma debulhadora mec\u00e2nica, ditando o fim das atafonas e dos moinhos de vento no Corvo.<\/p>\n<\/details>\n\n\n\n<details class=\"wp-block-details is-layout-flow wp-block-details-is-layout-flow\"><summary>Palheiros<\/summary>\n<p>Estruturas que tinham como fun\u00e7\u00e3o abrigar o gado, principalmente as vacas quando est\u00e3o prestes a parir, bem como os vitelos. Funcionavam ainda para guardar alfaias agr\u00edcolas e alimento para o gado. Encontram-se sempre dentro da delimita\u00e7\u00e3o dos terrenos, junto \u00e0 estrada ou caminho de acesso ao mesmo.<\/p>\n\n\n<div class=\"wp-block-image\">\n<figure class=\"aligncenter size-full is-resized\"><img loading=\"lazy\" decoding=\"async\" width=\"396\" height=\"256\" src=\"https:\/\/ecomuseu-corvo.cultura.azores.gov.pt\/wp-content\/uploads\/2023\/11\/5.jpg\" alt=\"\" class=\"wp-image-3142\" style=\"aspect-ratio:1.546875;width:300px;height:auto\" srcset=\"https:\/\/ecomuseu-corvo.cultura.azores.gov.pt\/wp-content\/uploads\/2023\/11\/5.jpg 396w, https:\/\/ecomuseu-corvo.cultura.azores.gov.pt\/wp-content\/uploads\/2023\/11\/5-300x194.jpg 300w, https:\/\/ecomuseu-corvo.cultura.azores.gov.pt\/wp-content\/uploads\/2023\/11\/5-18x12.jpg 18w\" sizes=\"auto, (max-width: 396px) 100vw, 396px\" \/><\/figure>\n<\/div><\/details>\n\n\n\n<details class=\"wp-block-details is-layout-flow wp-block-details-is-layout-flow\"><summary>Igreja da Matriz<\/summary>\n<p>A constru\u00e7\u00e3o da Igreja Matriz de Nossa Senhora dos Milagres foi conclu\u00edda em 1795. <\/p>\n\n\n\n<p>O primeiro templo erguido na ilha consistiu numa pequena ermida junto ao mar, sob a invoca\u00e7\u00e3o de uma imagem a Nossa Senhora do Ros\u00e1rio, que transitou para a nova igreja, com o nome de Nossa Senhora dos Milagres.<\/p>\n\n\n\n<p>A atual edifica\u00e7\u00e3o foi mandada construir em 1675, aquando da Visita Pastoral,  mas s\u00f3  20 anos depois, em 1695, se inciou a constru\u00e7\u00e3o. A sua conclus\u00e3o ter\u00e1 acontecido em 1795, um s\u00e9culo mais tarde.<\/p>\n\n\n<div class=\"wp-block-image\">\n<figure class=\"aligncenter size-full is-resized\"><img loading=\"lazy\" decoding=\"async\" width=\"183\" height=\"275\" src=\"https:\/\/ecomuseu-corvo.cultura.azores.gov.pt\/wp-content\/uploads\/2023\/11\/OIP.jpg\" alt=\"\" class=\"wp-image-3124\" style=\"aspect-ratio:0.6654545454545454;width:119px;height:auto\" srcset=\"https:\/\/ecomuseu-corvo.cultura.azores.gov.pt\/wp-content\/uploads\/2023\/11\/OIP.jpg 183w, https:\/\/ecomuseu-corvo.cultura.azores.gov.pt\/wp-content\/uploads\/2023\/11\/OIP-8x12.jpg 8w\" sizes=\"auto, (max-width: 183px) 100vw, 183px\" \/><\/figure>\n<\/div>\n\n\n<p>A 4 de novembro de 1932 deflagrou no templo um violento inc\u00eandio que deixou apenas as paredes de p\u00e9. As perdas foram grandes, no entanto foi poss\u00edvel salvar a imagem da padroeira. As obras de reconstru\u00e7\u00e3o tiveram in\u00edcio em 1933. Ter-se-\u00e1 perdido neste inc\u00eandio o brevi\u00e1rio da Igreja, onde os p\u00e1rocos da ilha ter\u00e3o registado, ao longo dos tempos, os acontecimentos mais marcantes da comunidade.<\/p>\n\n\n<div class=\"wp-block-image\">\n<figure class=\"aligncenter size-full is-resized\"><img loading=\"lazy\" decoding=\"async\" width=\"720\" height=\"512\" src=\"https:\/\/ecomuseu-corvo.cultura.azores.gov.pt\/wp-content\/uploads\/2023\/11\/R.jpg\" alt=\"\" class=\"wp-image-3125\" style=\"aspect-ratio:1.40625;width:313px;height:auto\" srcset=\"https:\/\/ecomuseu-corvo.cultura.azores.gov.pt\/wp-content\/uploads\/2023\/11\/R.jpg 720w, https:\/\/ecomuseu-corvo.cultura.azores.gov.pt\/wp-content\/uploads\/2023\/11\/R-300x213.jpg 300w, https:\/\/ecomuseu-corvo.cultura.azores.gov.pt\/wp-content\/uploads\/2023\/11\/R-18x12.jpg 18w\" sizes=\"auto, (max-width: 720px) 100vw, 720px\" \/><\/figure>\n<\/div>\n\n\n<p>&#8220;Igreja de nave \u00fanica com sacristia e baptist\u00e9rio no lado da ep\u00edstola e p\u00falpito no lado do evangelho. Ao fundo da nave existem dois pequenos altares dedicados a Nossa Senhora do Carmo e ao Sagrado Cora\u00e7\u00e3o de Jesus.<\/p>\n\n\n\n<p>[&#8230;]<\/p>\n\n\n\n<p>Toda a constru\u00e7\u00e3o \u00e9 em alvenaria de pedra rebocada e pintada de branco, com exce\u00e7\u00e3o do soco, dos cunhais, da cornija e das molduras dos v\u00e3os, que s\u00e3o pintados de cinzento. [&#8230;] O edif\u00edcio est\u00e1 ligeiramente elevado em rela\u00e7\u00e3o \u00e0 rua e inserido numa esp\u00e9cie de adro cujo pavimento \u00e9 em calhau rolado delimitado por faixas de pedra aparelhada.&#8221;<\/p>\n\n\n\n<ul class=\"wp-block-list\">\n<li>Invent\u00e1rio do Patrim\u00f3nio Im\u00f3vel dos A\u00e7ores: Vila Nova do Corvo. [Angra do Hero\u00edsmo]: Instituto A\u00e7oriano de Cultura Dire\u00e7\u00e3o Regional da Cultura, 2001.<\/li>\n<\/ul>\n<\/details>\n<\/div><\/div>\n\n\n\n<div class=\"wp-block-media-text alignfull is-stacked-on-mobile\" style=\"grid-template-columns:40% auto\"><figure class=\"wp-block-media-text__media\"><img loading=\"lazy\" decoding=\"async\" width=\"391\" height=\"421\" src=\"https:\/\/ecomuseu-corvo.cultura.azores.gov.pt\/wp-content\/uploads\/2023\/11\/EMC_Doc_B6-panfleto_page-00012.jpg\" alt=\"\" class=\"wp-image-3165 size-full\" srcset=\"https:\/\/ecomuseu-corvo.cultura.azores.gov.pt\/wp-content\/uploads\/2023\/11\/EMC_Doc_B6-panfleto_page-00012.jpg 391w, https:\/\/ecomuseu-corvo.cultura.azores.gov.pt\/wp-content\/uploads\/2023\/11\/EMC_Doc_B6-panfleto_page-00012-279x300.jpg 279w, https:\/\/ecomuseu-corvo.cultura.azores.gov.pt\/wp-content\/uploads\/2023\/11\/EMC_Doc_B6-panfleto_page-00012-11x12.jpg 11w\" sizes=\"auto, (max-width: 391px) 100vw, 391px\" \/><\/figure><div class=\"wp-block-media-text__content\">\n<h4 class=\"wp-block-heading\">Patrim\u00f3nio Material M\u00f3vel<\/h4>\n\n\n\n<details class=\"wp-block-details is-layout-flow wp-block-details-is-layout-flow\"><summary>Barreta de L\u00e3<\/summary>\n<p>Informa\u00e7\u00e3o dispon\u00edvel em: <a href=\"http:\/\/ecomuseu-corvo.cultura.azores.gov.pt\/boina-de-la-do-corvo\/\">Patrim\u00f3nio Corvino<\/a><\/p>\n\n\n<div class=\"wp-block-image\">\n<figure class=\"aligncenter size-full is-resized\"><img loading=\"lazy\" decoding=\"async\" width=\"600\" height=\"445\" src=\"https:\/\/ecomuseu-corvo.cultura.azores.gov.pt\/wp-content\/uploads\/2022\/03\/Boina-do-Corvo-02-1024x759-1.jpg\" alt=\"\" class=\"wp-image-1203\" style=\"aspect-ratio:1.348314606741573;width:274px;height:auto\" srcset=\"https:\/\/ecomuseu-corvo.cultura.azores.gov.pt\/wp-content\/uploads\/2022\/03\/Boina-do-Corvo-02-1024x759-1.jpg 600w, https:\/\/ecomuseu-corvo.cultura.azores.gov.pt\/wp-content\/uploads\/2022\/03\/Boina-do-Corvo-02-1024x759-1-300x223.jpg 300w, https:\/\/ecomuseu-corvo.cultura.azores.gov.pt\/wp-content\/uploads\/2022\/03\/Boina-do-Corvo-02-1024x759-1-16x12.jpg 16w\" sizes=\"auto, (max-width: 600px) 100vw, 600px\" \/><\/figure>\n<\/div><\/details>\n\n\n\n<details class=\"wp-block-details is-layout-flow wp-block-details-is-layout-flow\"><summary>Fechadura de Madeira<\/summary>\n<p>Informa\u00e7\u00e3o dispon\u00edvel em: <a href=\"http:\/\/ecomuseu-corvo.cultura.azores.gov.pt\/fechadura-de-madeira-do-corvo\/\">Patrim\u00f3nio Corvino<\/a><\/p>\n\n\n<div class=\"wp-block-image\">\n<figure class=\"aligncenter size-full is-resized\"><img loading=\"lazy\" decoding=\"async\" width=\"599\" height=\"398\" src=\"https:\/\/ecomuseu-corvo.cultura.azores.gov.pt\/wp-content\/uploads\/2022\/03\/fechadura.png\" alt=\"\" class=\"wp-image-1279\" style=\"aspect-ratio:1.5050251256281406;width:292px;height:auto\" srcset=\"https:\/\/ecomuseu-corvo.cultura.azores.gov.pt\/wp-content\/uploads\/2022\/03\/fechadura.png 599w, https:\/\/ecomuseu-corvo.cultura.azores.gov.pt\/wp-content\/uploads\/2022\/03\/fechadura-300x199.png 300w, https:\/\/ecomuseu-corvo.cultura.azores.gov.pt\/wp-content\/uploads\/2022\/03\/fechadura-18x12.png 18w\" sizes=\"auto, (max-width: 599px) 100vw, 599px\" \/><\/figure>\n<\/div><\/details>\n\n\n\n<details class=\"wp-block-details is-layout-flow wp-block-details-is-layout-flow\"><summary>Mon\u00f3culo do Pirata Almeidinha<\/summary>\n<p>Ant\u00f3nio Lacerda Bulc\u00e3o relata que por volta do s\u00e9culo XIX cruzava os mares dos A\u00e7ores um not\u00e1vel brigue equipado com 9 canh\u00f5es de cada lado e que diziam ser pirata. A sua tripula\u00e7\u00e3o de 160 homens era comandada por Almeidinha que diziam ser um homem de presen\u00e7a agrad\u00e1vel, valente e generoso, o que n\u00e3o deixa de ser contr\u00e1rio \u00e0 imagem que nos vem \u00e0 cabe\u00e7a quando pensamos num pirata.<br>Aportava com regularidade na ilha do Corvo para se abastecer do necess\u00e1rio como farinha, aves, carne e \u00e1gua, pagando generosamente por tudo o que levava. Quando vinha a terra passava longas horas com o Padre Queixudo ( Jos\u00e9 In\u00e1cio Lopes) por quem tinha grande amizade e respeito.<br>A situa\u00e7\u00e3o desenrolou-se de tal forma que o capit\u00e3o-general dos A\u00e7ores, Francisco Ant\u00f3nio de Ara\u00fajo Azevedo, enviou ordens para que n\u00e3o se abastecesse o pirata mas, como n\u00e3o providenciou meios de defesa contra a artilharia do brigue pirata, as ordens nunca foram cumpridas. Assim sendo, o padre vig\u00e1rio foi intimado para comparecer em Angra do Hero\u00edsmo e responder pelo que estava a acontecer. Tudo isto se sucedeu na aus\u00eancia do pirata pelo que, quando regressou \u00e0 ilha e teve conhecimento do que tinha acontecido ao amigo por sua causa, entregou ao juiz de paz (cargo desempenhado na altura por Manuel Tom\u00e1s de Avelar) um mon\u00f3culo e 7500 pe\u00e7as de ouro para que fossem entregues ao Padre Queixudo como paga pelos preju\u00edzos causados.<\/p>\n\n\n\n<figure class=\"wp-block-image size-large\"><img loading=\"lazy\" decoding=\"async\" width=\"1024\" height=\"146\" src=\"https:\/\/ecomuseu-corvo.cultura.azores.gov.pt\/wp-content\/uploads\/2023\/11\/Desenho-com-dimensoes_page-0001-1024x146.jpg\" alt=\"\" class=\"wp-image-3132\" srcset=\"https:\/\/ecomuseu-corvo.cultura.azores.gov.pt\/wp-content\/uploads\/2023\/11\/Desenho-com-dimensoes_page-0001-1024x146.jpg 1024w, https:\/\/ecomuseu-corvo.cultura.azores.gov.pt\/wp-content\/uploads\/2023\/11\/Desenho-com-dimensoes_page-0001-300x43.jpg 300w, https:\/\/ecomuseu-corvo.cultura.azores.gov.pt\/wp-content\/uploads\/2023\/11\/Desenho-com-dimensoes_page-0001-768x110.jpg 768w, https:\/\/ecomuseu-corvo.cultura.azores.gov.pt\/wp-content\/uploads\/2023\/11\/Desenho-com-dimensoes_page-0001-18x3.jpg 18w, https:\/\/ecomuseu-corvo.cultura.azores.gov.pt\/wp-content\/uploads\/2023\/11\/Desenho-com-dimensoes_page-0001-1200x171.jpg 1200w, https:\/\/ecomuseu-corvo.cultura.azores.gov.pt\/wp-content\/uploads\/2023\/11\/Desenho-com-dimensoes_page-0001.jpg 1423w\" sizes=\"auto, (max-width: 1024px) 100vw, 1024px\" \/><\/figure>\n\n\n\n<p>De regresso \u00e0 ilha o vig\u00e1rio utilizou as pe\u00e7as de ouro para mandar comprar, no Brasil, dois cord\u00f5es de ouro e outras joias para adornar a imagem de Nossa Senhora dos Milagres, padroeira da ilha; o mon\u00f3culo foi passando de m\u00e3o em m\u00e3o tendo estado na posse de Jos\u00e9 Maria Pimentel, at\u00e9 ao seu falecimento,  que o recebeu de Edmundo Rocha.<\/p>\n\n\n\n<p>Atualmente pertence a Lu\u00eds Pimentel Nunes, conforme consta da informa\u00e7\u00e3o junto ao \u00f3culo, na Casa do Tempo.<\/p>\n<\/details>\n\n\n\n<details class=\"wp-block-details is-layout-flow wp-block-details-is-layout-flow\"><summary>Nossa Senhora dos Milagres<\/summary>\n<p>A Igreja Matriz do Corvo tem como padroeira Nossa Senhora dos Milagres. A imagem tem origem flamenga e destaca-se pelo seu talhe e magn\u00edficos adornos com que foi dotada ao longo do tempo: coroa e ros\u00e1rio de ouro, capas e mantos de seda recamados de ouro. Um aspeto incomum desta imagem \u00e9 o da Santa segurar o menino com a m\u00e3o direita e n\u00e3o com a esquerda (como \u00e9 comum).<\/p>\n\n\n<div class=\"wp-block-image\">\n<figure class=\"aligncenter size-large is-resized\"><img loading=\"lazy\" decoding=\"async\" width=\"682\" height=\"1024\" src=\"https:\/\/ecomuseu-corvo.cultura.azores.gov.pt\/wp-content\/uploads\/2023\/11\/19.18.883-682x1024.jpg\" alt=\"\" class=\"wp-image-3161\" style=\"aspect-ratio:0.45440251572327045;width:115px;height:auto\" srcset=\"https:\/\/ecomuseu-corvo.cultura.azores.gov.pt\/wp-content\/uploads\/2023\/11\/19.18.883-682x1024.jpg 682w, https:\/\/ecomuseu-corvo.cultura.azores.gov.pt\/wp-content\/uploads\/2023\/11\/19.18.883-200x300.jpg 200w, https:\/\/ecomuseu-corvo.cultura.azores.gov.pt\/wp-content\/uploads\/2023\/11\/19.18.883-768x1153.jpg 768w, https:\/\/ecomuseu-corvo.cultura.azores.gov.pt\/wp-content\/uploads\/2023\/11\/19.18.883-1023x1536.jpg 1023w, https:\/\/ecomuseu-corvo.cultura.azores.gov.pt\/wp-content\/uploads\/2023\/11\/19.18.883-1364x2048.jpg 1364w, https:\/\/ecomuseu-corvo.cultura.azores.gov.pt\/wp-content\/uploads\/2023\/11\/19.18.883-8x12.jpg 8w, https:\/\/ecomuseu-corvo.cultura.azores.gov.pt\/wp-content\/uploads\/2023\/11\/19.18.883-1200x1802.jpg 1200w, https:\/\/ecomuseu-corvo.cultura.azores.gov.pt\/wp-content\/uploads\/2023\/11\/19.18.883-1980x2973.jpg 1980w, https:\/\/ecomuseu-corvo.cultura.azores.gov.pt\/wp-content\/uploads\/2023\/11\/19.18.883-scaled.jpg 1705w\" sizes=\"auto, (max-width: 682px) 100vw, 682px\" \/><\/figure>\n<\/div>\n\n\n<p>Segundo uma das diversas lendas do Corvo, ter\u00e1 sido encontrado um pequeno caixote com uma imagem de Nossa Senhora dos Milagres, na altura designada Nossa Senhora do Ros\u00e1rio, enquanto andava \u00e0 procura de lenha e coisas trazidas pelo mar. No interior da caixa encontrava-se uma inscri\u00e7\u00e3o que expressava o desejo da Santa: &#8220;no lugar aonde eu sair, fa\u00e7am me uma ermida&#8221;; e assim fizeram os Corvinos, que imediatamente lhe ficaram devotos.<\/p>\n\n\n\n<p>No dia 23 de junho de 1632, j\u00e1 Nossa Senhora do Ros\u00e1rio vivia entre os Corvinos, d\u00e1-se um dos momentos mais dram\u00e1ticos mas tamb\u00e9m mais heroicos da hist\u00f3ria da ilha. <\/p>\n\n\n<div class=\"wp-block-image\">\n<figure class=\"aligncenter size-large is-resized\"><img loading=\"lazy\" decoding=\"async\" width=\"1024\" height=\"720\" src=\"https:\/\/ecomuseu-corvo.cultura.azores.gov.pt\/wp-content\/uploads\/2023\/11\/Painel-1024x720.gif\" alt=\"\" class=\"wp-image-3156\" style=\"aspect-ratio:1.4222222222222223;width:360px;height:auto\" srcset=\"https:\/\/ecomuseu-corvo.cultura.azores.gov.pt\/wp-content\/uploads\/2023\/11\/Painel-1024x720.gif 1024w, https:\/\/ecomuseu-corvo.cultura.azores.gov.pt\/wp-content\/uploads\/2023\/11\/Painel-300x211.gif 300w, https:\/\/ecomuseu-corvo.cultura.azores.gov.pt\/wp-content\/uploads\/2023\/11\/Painel-768x540.gif 768w, https:\/\/ecomuseu-corvo.cultura.azores.gov.pt\/wp-content\/uploads\/2023\/11\/Painel-1536x1080.gif 1536w, https:\/\/ecomuseu-corvo.cultura.azores.gov.pt\/wp-content\/uploads\/2023\/11\/Painel-18x12.gif 18w, https:\/\/ecomuseu-corvo.cultura.azores.gov.pt\/wp-content\/uploads\/2023\/11\/Painel-1200x844.gif 1200w\" sizes=\"auto, (max-width: 1024px) 100vw, 1024px\" \/><\/figure>\n<\/div>\n\n\n<p><\/p>\n\n\n\n<p>Reza a lenda de que os Corvinos ter\u00e3o tido a ajuda da Santa faca a um ataque de piratas, que ter\u00e1 durado 11 horas; estando os Corvinos em afli\u00e7\u00e3o com a viol\u00eancia do ataque suplicaram a Nossa Senhora que os salvasse, tendo o vig\u00e1rio trazido a Santa nos seus bra\u00e7os, para o cimo da encosta. Ao passar de um lado para o outro, a Santa desviava todos os tiros mandados pelos piratas, devolvendo-os multiplicados, para os barcos dos invasores, pondo-os em fuga.<\/p>\n\n\n\n<p>Os Corvinos atribu\u00edram o seu sucesso \u00e0 interven\u00e7\u00e3o miraculosa da Santa e decidiram mudar o nome de Nossa Senhora do Ros\u00e1rio para Nossa Senhora dos Milagres. Tanto a veneram que \u00e9 o seu andor que abre as prociss\u00f5es.<\/p>\n<\/details>\n\n\n\n<details class=\"wp-block-details is-layout-flow wp-block-details-is-layout-flow\"><summary>Moinho de M\u00e3o<\/summary>\n<p>Os moinhos de m\u00e3o \u2013 moinhos tidos como dos mais primitivos \u2013 s\u00e3o compostos por duas pe\u00e7as talhadas em basalto: uma m\u00f3 com um olho sobre o eixo central por onde se deita o cereal e com um man\u00edpulo exc\u00eantrico para imprimir o movimento rotativo (a m\u00f3 andadeira), e uma base fixa que pode ter, como no caso deste exemplar, rebordo alto.<\/p>\n\n\n<div class=\"wp-block-image\">\n<figure class=\"aligncenter size-full is-resized\"><img loading=\"lazy\" decoding=\"async\" width=\"636\" height=\"491\" src=\"https:\/\/ecomuseu-corvo.cultura.azores.gov.pt\/wp-content\/uploads\/2023\/11\/Imagem2-2.jpg\" alt=\"\" class=\"wp-image-3153\" style=\"aspect-ratio:1.295315682281059;width:267px;height:auto\" srcset=\"https:\/\/ecomuseu-corvo.cultura.azores.gov.pt\/wp-content\/uploads\/2023\/11\/Imagem2-2.jpg 636w, https:\/\/ecomuseu-corvo.cultura.azores.gov.pt\/wp-content\/uploads\/2023\/11\/Imagem2-2-300x232.jpg 300w, https:\/\/ecomuseu-corvo.cultura.azores.gov.pt\/wp-content\/uploads\/2023\/11\/Imagem2-2-16x12.jpg 16w\" sizes=\"auto, (max-width: 636px) 100vw, 636px\" \/><\/figure>\n<\/div>\n\n\n<p>Subsistiram nas ilhas at\u00e9 \u00e9pocas muito recentes com a finalidade, tamb\u00e9m, de moer o \u201ccarolo\u201d destinado \u00e0 prepara\u00e7\u00e3o das papas grossas ou gradas. Este instrumento era utilizado, maioritariamente pelas mulheres e crian\u00e7as, na unidade dom\u00e9stica, para triturar pequenas quantidades de milho.<\/p>\n<\/details>\n\n\n\n<details class=\"wp-block-details is-layout-flow wp-block-details-is-layout-flow\"><summary>Vasilha<\/summary>\n<p>Boi\u00e3o em cer\u00e2mica, com duas pegas e com tampa. Objeto usado para armazenar provis\u00f5es de banha e conservar enchidos de porco.<\/p>\n\n\n<div class=\"wp-block-image\">\n<figure class=\"aligncenter size-full is-resized\"><img loading=\"lazy\" decoding=\"async\" width=\"346\" height=\"614\" src=\"https:\/\/ecomuseu-corvo.cultura.azores.gov.pt\/wp-content\/uploads\/2023\/11\/Imagem5.png\" alt=\"\" class=\"wp-image-3138\" style=\"aspect-ratio:0.5635179153094463;width:137px;height:auto\" srcset=\"https:\/\/ecomuseu-corvo.cultura.azores.gov.pt\/wp-content\/uploads\/2023\/11\/Imagem5.png 346w, https:\/\/ecomuseu-corvo.cultura.azores.gov.pt\/wp-content\/uploads\/2023\/11\/Imagem5-169x300.png 169w, https:\/\/ecomuseu-corvo.cultura.azores.gov.pt\/wp-content\/uploads\/2023\/11\/Imagem5-7x12.png 7w\" sizes=\"auto, (max-width: 346px) 100vw, 346px\" \/><\/figure>\n<\/div>\n\n\n<p>&#8220;Logo no dia seguinte, come\u00e7avam a fritar o toucinho mais grosso e os v\u00e9us da banha, para extrair toda a graxa poss\u00edvel e, por vezes, um s\u00f3 dia n\u00e3o chegava, ainda passava para o dia seguinte. Terminado o toucinho, eram fritos o entalo e os torresmos (\u2026). \u00c0 medida que a parte de fritar, nomeadamente o entalo e o torresmo, iam arrefecendo era guardada em vasilhas vidradas, depois cobertas com a graxa s\u00f3 morna para ocupar todos os espa\u00e7os (\u2026), pela panela toda e ficarem completamente cobertas. N\u00e3o deixava entrar o ar, aguentava todo o ano sem que nada estragasse.&#8221;<\/p>\n\n\n\n<p>Fraga, Lino de Freitas. O dia da l\u00e3: hist\u00f3rias e viv\u00eancias corvinas: 1875-1975. Corvo: C\u00e2mara Municipal, 2017.259 p.<\/p>\n<\/details>\n\n\n\n<details class=\"wp-block-details is-layout-flow wp-block-details-is-layout-flow\"><summary>Tear<\/summary>\n<p>Dispositivo usado para tecer tecidos e tape\u00e7arias. O objetivo b\u00e1sico de qualquer tear \u00e9 manter os fios da urdidura sob tens\u00e3o para facilitar o entrela\u00e7amento dos fios da trama. A forma precisa do tear e sua mec\u00e2nica podem variar, mas a fun\u00e7\u00e3o b\u00e1sica \u00e9 a mesma.<\/p>\n\n\n<div class=\"wp-block-image\">\n<figure class=\"aligncenter size-large is-resized\"><img loading=\"lazy\" decoding=\"async\" width=\"1024\" height=\"994\" src=\"https:\/\/ecomuseu-corvo.cultura.azores.gov.pt\/wp-content\/uploads\/2023\/11\/IMG_20220608_112904-1-1024x994.jpg\" alt=\"\" class=\"wp-image-3140\" style=\"aspect-ratio:1.0301810865191148;width:273px;height:auto\" srcset=\"https:\/\/ecomuseu-corvo.cultura.azores.gov.pt\/wp-content\/uploads\/2023\/11\/IMG_20220608_112904-1-1024x994.jpg 1024w, https:\/\/ecomuseu-corvo.cultura.azores.gov.pt\/wp-content\/uploads\/2023\/11\/IMG_20220608_112904-1-300x291.jpg 300w, https:\/\/ecomuseu-corvo.cultura.azores.gov.pt\/wp-content\/uploads\/2023\/11\/IMG_20220608_112904-1-768x745.jpg 768w, https:\/\/ecomuseu-corvo.cultura.azores.gov.pt\/wp-content\/uploads\/2023\/11\/IMG_20220608_112904-1-1536x1491.jpg 1536w, https:\/\/ecomuseu-corvo.cultura.azores.gov.pt\/wp-content\/uploads\/2023\/11\/IMG_20220608_112904-1-2048x1988.jpg 2048w, https:\/\/ecomuseu-corvo.cultura.azores.gov.pt\/wp-content\/uploads\/2023\/11\/IMG_20220608_112904-1-12x12.jpg 12w, https:\/\/ecomuseu-corvo.cultura.azores.gov.pt\/wp-content\/uploads\/2023\/11\/IMG_20220608_112904-1-1200x1165.jpg 1200w, https:\/\/ecomuseu-corvo.cultura.azores.gov.pt\/wp-content\/uploads\/2023\/11\/IMG_20220608_112904-1-1980x1922.jpg 1980w\" sizes=\"auto, (max-width: 1024px) 100vw, 1024px\" \/><\/figure>\n<\/div>\n\n\n<p><\/p>\n\n\n\n<p>Local onde se coloca a \u201curdidura\u201d ou \u201cteia\u201d, e um complexo conjunto de elementos necess\u00e1rios \u00e0 confec\u00e7\u00e3o dos tecidos, mantas ou tapetes.<\/p>\n\n\n\n<p>A tecelgem consiste numa arte milenar comum a quase todas as culturas, a tecelagem nasceu no contexto da sedentariza\u00e7\u00e3o e da necessidade de cobrir o corpo, assumindo desde cedo um car\u00e1cter simb\u00f3lico, social e econ\u00f3mico para al\u00e9m do utilit\u00e1rio.<\/p>\n<\/details>\n\n\n\n<details class=\"wp-block-details is-layout-flow wp-block-details-is-layout-flow\"><summary>Mechim<\/summary>\n<p>O Mechim, palavra apropriada do ingl\u00eas &#8220;machine&#8221;, ou roda de fiar \u00e9 um mecanismo constitu\u00eddo por uma roda, acionado por um pedal, incorporado numa estrutura retangular assente em quatro p\u00e9s, que em conjunto com o fuso tinha como fun\u00e7\u00e3o produzir fios de origem vegetal, como a l\u00e3. <\/p>\n\n\n<div class=\"wp-block-image\">\n<figure class=\"aligncenter size-large is-resized\"><img loading=\"lazy\" decoding=\"async\" width=\"1024\" height=\"768\" src=\"https:\/\/ecomuseu-corvo.cultura.azores.gov.pt\/wp-content\/uploads\/2023\/11\/IMG_20231108_155114-1024x768.jpg\" alt=\"\" class=\"wp-image-3141\" style=\"aspect-ratio:1.3333333333333333;width:303px;height:auto\" srcset=\"https:\/\/ecomuseu-corvo.cultura.azores.gov.pt\/wp-content\/uploads\/2023\/11\/IMG_20231108_155114-1024x768.jpg 1024w, https:\/\/ecomuseu-corvo.cultura.azores.gov.pt\/wp-content\/uploads\/2023\/11\/IMG_20231108_155114-300x225.jpg 300w, https:\/\/ecomuseu-corvo.cultura.azores.gov.pt\/wp-content\/uploads\/2023\/11\/IMG_20231108_155114-768x576.jpg 768w, https:\/\/ecomuseu-corvo.cultura.azores.gov.pt\/wp-content\/uploads\/2023\/11\/IMG_20231108_155114-1536x1152.jpg 1536w, https:\/\/ecomuseu-corvo.cultura.azores.gov.pt\/wp-content\/uploads\/2023\/11\/IMG_20231108_155114-2048x1536.jpg 2048w, https:\/\/ecomuseu-corvo.cultura.azores.gov.pt\/wp-content\/uploads\/2023\/11\/IMG_20231108_155114-16x12.jpg 16w, https:\/\/ecomuseu-corvo.cultura.azores.gov.pt\/wp-content\/uploads\/2023\/11\/IMG_20231108_155114-1200x900.jpg 1200w, https:\/\/ecomuseu-corvo.cultura.azores.gov.pt\/wp-content\/uploads\/2023\/11\/IMG_20231108_155114-1980x1485.jpg 1980w\" sizes=\"auto, (max-width: 1024px) 100vw, 1024px\" \/><\/figure>\n<\/div>\n\n\n<p>A tarefa consistia na tors\u00e3o e uni\u00e3o das fibras de forma a produzir fios longos e resistentes depois empregues na tecelagem. Nesta opera\u00e7\u00e3o, a mulher, com uma das m\u00e3os, torce a fibra entre os dedos, e com a outra pega no fuso, fazendo-o girar de forma a que a fibra se transforme em fio e fique envolto naquele.<\/p>\n<\/details>\n\n\n\n<details class=\"wp-block-details is-layout-flow wp-block-details-is-layout-flow\"><summary>Caneca de \u00c1gua<\/summary>\n<p>Recipiente em madeira (em aduelas), unido por aros de ferro, terminado em bico.<\/p>\n\n\n<div class=\"wp-block-image\">\n<figure class=\"aligncenter size-large is-resized\"><img loading=\"lazy\" decoding=\"async\" width=\"631\" height=\"1024\" src=\"https:\/\/ecomuseu-corvo.cultura.azores.gov.pt\/wp-content\/uploads\/2023\/11\/Imagem7-631x1024.png\" alt=\"\" class=\"wp-image-3146\" style=\"aspect-ratio:0.6162109375;width:125px;height:auto\" srcset=\"https:\/\/ecomuseu-corvo.cultura.azores.gov.pt\/wp-content\/uploads\/2023\/11\/Imagem7-631x1024.png 631w, https:\/\/ecomuseu-corvo.cultura.azores.gov.pt\/wp-content\/uploads\/2023\/11\/Imagem7-185x300.png 185w, https:\/\/ecomuseu-corvo.cultura.azores.gov.pt\/wp-content\/uploads\/2023\/11\/Imagem7-7x12.png 7w, https:\/\/ecomuseu-corvo.cultura.azores.gov.pt\/wp-content\/uploads\/2023\/11\/Imagem7.png 674w\" sizes=\"auto, (max-width: 631px) 100vw, 631px\" \/><\/figure>\n<\/div>\n\n\n<p>Antigamente destinada ao transporte da \u00e1gua desde a fonte at\u00e9 casa. Este tipo de caneca tamb\u00e9m era usado para conservar a \u00e1gua das lanchas de pesca, ficando quase sempre debaixo do leito da proa ou da popa para estar fresca, protegida do sol.<\/p>\n<\/details>\n\n\n\n<details class=\"wp-block-details is-layout-flow wp-block-details-is-layout-flow\"><summary>Queijo Artesanal<\/summary>\n<p>&#8220;O leite quando chegava a casa ao fim da tarde era colocado dentro de uma pana ou selha de cedro [&#8230;] s\u00f3 depois ponham a quantidade de coalho apropriada, de acordo com a quantidade de litros de leite que tinham para coalhar.<\/p>\n\n\n\n<p>[&#8230;]<\/p>\n\n\n\n<p>Depois de coalhado, era colocado dentro de uma francela, em cima de um pano branco fino que fazia de coador e iam espremendo, at\u00e9 extrair o soro o mais poss\u00edvel e ficar apenas a massa. Juntavam uma determinada quantidade de sal, de acordo com a quantidade da massa que era muito remexido para ficar bem dissolvido por toda a massa e esta era colocada dentro de uma forma de lat\u00e3o, onde a massa era bem acalcada e bem apertada, depois, cobria-se a parte de cima, bem coberta com sal.<\/p>\n\n\n\n<p>[&#8230;][Passados dois dias] tiravam o queijo da forma, era lavado e era embrulhado numa toalha branca, bem apertado, para manter a sua forma.<\/p>\n\n\n\n<p>Os queijos eram lavados todos os dias, bem enxutos e, de novo, embrulhados em outras toalhas brancas lavadas, isto \u00e9 o queijo se aguentar sem perder a sua forma e come\u00e7ar a amarelecer.<\/p>\n\n\n<div class=\"wp-block-image\">\n<figure class=\"aligncenter size-large is-resized\"><img loading=\"lazy\" decoding=\"async\" width=\"1024\" height=\"683\" src=\"https:\/\/ecomuseu-corvo.cultura.azores.gov.pt\/wp-content\/uploads\/2023\/11\/19.18.863-1024x683.jpg\" alt=\"\" class=\"wp-image-3149\" style=\"aspect-ratio:1.5;width:332px;height:auto\" srcset=\"https:\/\/ecomuseu-corvo.cultura.azores.gov.pt\/wp-content\/uploads\/2023\/11\/19.18.863-1024x683.jpg 1024w, https:\/\/ecomuseu-corvo.cultura.azores.gov.pt\/wp-content\/uploads\/2023\/11\/19.18.863-300x200.jpg 300w, https:\/\/ecomuseu-corvo.cultura.azores.gov.pt\/wp-content\/uploads\/2023\/11\/19.18.863-768x512.jpg 768w, https:\/\/ecomuseu-corvo.cultura.azores.gov.pt\/wp-content\/uploads\/2023\/11\/19.18.863-1536x1024.jpg 1536w, https:\/\/ecomuseu-corvo.cultura.azores.gov.pt\/wp-content\/uploads\/2023\/11\/19.18.863-2048x1365.jpg 2048w, https:\/\/ecomuseu-corvo.cultura.azores.gov.pt\/wp-content\/uploads\/2023\/11\/19.18.863-18x12.jpg 18w, https:\/\/ecomuseu-corvo.cultura.azores.gov.pt\/wp-content\/uploads\/2023\/11\/19.18.863-1200x800.jpg 1200w, https:\/\/ecomuseu-corvo.cultura.azores.gov.pt\/wp-content\/uploads\/2023\/11\/19.18.863-1980x1320.jpg 1980w\" sizes=\"auto, (max-width: 1024px) 100vw, 1024px\" \/><figcaption class=\"wp-element-caption\">Arquivo Fotogr\u00e1fico do Corvo &#8211; Pertence a Wilfried Mayrus<\/figcaption><\/figure>\n<\/div>\n\n\n<p>Depois as senhoras tiravam uma pequena por\u00e7\u00e3o da massa do queijo do pr\u00f3prio dia e, quando acabavam de lavar e enxugar os outros queijos, ponham um pouco dessa massa nas m\u00e3os e passava, engraxavam todos, queijo a queijo, a face\u00e1-los para que fosse endurecendo [&#8230;]&#8221;<\/p>\n\n\n<div class=\"wp-block-image\">\n<figure class=\"aligncenter size-full\"><img loading=\"lazy\" decoding=\"async\" width=\"259\" height=\"194\" src=\"https:\/\/ecomuseu-corvo.cultura.azores.gov.pt\/wp-content\/uploads\/2023\/11\/transferir-1.jpg\" alt=\"\" class=\"wp-image-3150\" srcset=\"https:\/\/ecomuseu-corvo.cultura.azores.gov.pt\/wp-content\/uploads\/2023\/11\/transferir-1.jpg 259w, https:\/\/ecomuseu-corvo.cultura.azores.gov.pt\/wp-content\/uploads\/2023\/11\/transferir-1-16x12.jpg 16w\" sizes=\"auto, (max-width: 259px) 100vw, 259px\" \/><\/figure>\n<\/div>\n\n\n<p>Fraga, Lino de Freitas. O dia da l\u00e3: hist\u00f3rias e viv\u00eancias corvinas: 1875-1975. Corvo: C\u00e2mara Municipal, 2017.259 p.<\/p>\n<\/details>\n<\/div><\/div>\n\n\n\n<div class=\"wp-block-media-text alignwide is-stacked-on-mobile\" style=\"grid-template-columns:39% auto\"><figure class=\"wp-block-media-text__media\"><img loading=\"lazy\" decoding=\"async\" width=\"512\" height=\"600\" src=\"https:\/\/ecomuseu-corvo.cultura.azores.gov.pt\/wp-content\/uploads\/2022\/03\/Imaterial1-1.png\" alt=\"\" class=\"wp-image-1415 size-full\" srcset=\"https:\/\/ecomuseu-corvo.cultura.azores.gov.pt\/wp-content\/uploads\/2022\/03\/Imaterial1-1.png 512w, https:\/\/ecomuseu-corvo.cultura.azores.gov.pt\/wp-content\/uploads\/2022\/03\/Imaterial1-1-256x300.png 256w, https:\/\/ecomuseu-corvo.cultura.azores.gov.pt\/wp-content\/uploads\/2022\/03\/Imaterial1-1-10x12.png 10w\" sizes=\"auto, (max-width: 512px) 100vw, 512px\" \/><\/figure><div class=\"wp-block-media-text__content\">\n<h3 class=\"wp-block-heading\">Patrim\u00f3nio Imaterial<\/h3>\n\n\n\n<details class=\"wp-block-details is-layout-flow wp-block-details-is-layout-flow\"><summary>Ciclo da L\u00e3<\/summary>\n<p>Desconhece-se a data em que o gado ovino foi introduzido na ilha, contudo remonta ao per\u00edodo do povoamento, principalmente para o fornecimento da l\u00e3, mat\u00e9ria prima para o fabrico de todo o tipo de vestu\u00e1rio, roupas de cama e outras, para al\u00e9m do pagamento do tributo de \u201coitenta mil reis em dinheiro pertencente \u00e0s l\u00e3s\u201d.<br>Os ovinos ocuparam as pastagens das zonas mais altas e menos produtivas da ilha \u2013 o Baldio -, uma vez que resistiam naturalmente aos rigores do clima.<\/p>\n\n\n\n<p>Chegaram a existir entre 5.000 a 6.000 ovelhas, rebanho este repartido por entre todos os corvinos. Para melhor fazer a gest\u00e3o desse rebanho, a comunidade encontrou um m\u00e9todo de marca\u00e7\u00e3o dos animais, atrav\u00e9s de cortes nas orelhas, cujo formato ou conjuga\u00e7\u00e3o ficava com registo feito em livro pr\u00f3prio \u2013 o Livro das Marcas \u2013 na C\u00e2mara Municipal.<\/p>\n\n\n\n<p>O Dia da L\u00e3 repartia-se em dois momentos \u2013 em maio para a tosquia e em setembro para a marca\u00e7\u00e3o das crias e f\u00eameas, sempre no curral dos Lagos. <\/p>\n\n\n\n<p>Em maio ocorria o ajuntamento de todo o gado ovino que se destinava \u00e0 tosquia dos animais, a qual servia para fazer todo o tipo de agasalhos para o Inverno. Os homens reuniam ao Outeiro, onde eram formadas as \u201cesquadras\u201d, grupos de 10 a 12 homens, liderados pelo \u201ccabo da esquadra\u201d que teriam como fun\u00e7\u00e3o arrebanhar as ovelhas.<\/p>\n\n\n\n<p>Reunidas as ovelhas no Curral dos Lagos, estas eram separadas por propriet\u00e1rio e amarradas por &#8220;cobras&#8221; \u2013 cordas fixadas ao solo por estacas. \u00c0 medida em que eram tosquiadas, eram soltas e voltavam para o baldio.<\/p>\n\n\n<div class=\"wp-block-image\">\n<figure class=\"aligncenter size-large is-resized\"><img loading=\"lazy\" decoding=\"async\" width=\"1024\" height=\"583\" src=\"https:\/\/ecomuseu-corvo.cultura.azores.gov.pt\/wp-content\/uploads\/2023\/11\/17.4.242-1024x583.jpg\" alt=\"\" class=\"wp-image-3172\" style=\"aspect-ratio:1.7564322469982847;width:362px;height:auto\" srcset=\"https:\/\/ecomuseu-corvo.cultura.azores.gov.pt\/wp-content\/uploads\/2023\/11\/17.4.242-1024x583.jpg 1024w, https:\/\/ecomuseu-corvo.cultura.azores.gov.pt\/wp-content\/uploads\/2023\/11\/17.4.242-300x171.jpg 300w, https:\/\/ecomuseu-corvo.cultura.azores.gov.pt\/wp-content\/uploads\/2023\/11\/17.4.242-768x437.jpg 768w, https:\/\/ecomuseu-corvo.cultura.azores.gov.pt\/wp-content\/uploads\/2023\/11\/17.4.242-1536x874.jpg 1536w, https:\/\/ecomuseu-corvo.cultura.azores.gov.pt\/wp-content\/uploads\/2023\/11\/17.4.242-18x10.jpg 18w, https:\/\/ecomuseu-corvo.cultura.azores.gov.pt\/wp-content\/uploads\/2023\/11\/17.4.242-1200x683.jpg 1200w, https:\/\/ecomuseu-corvo.cultura.azores.gov.pt\/wp-content\/uploads\/2023\/11\/17.4.242-1980x1127.jpg 1980w, https:\/\/ecomuseu-corvo.cultura.azores.gov.pt\/wp-content\/uploads\/2023\/11\/17.4.242.jpg 2035w\" sizes=\"auto, (max-width: 1024px) 100vw, 1024px\" \/><figcaption class=\"wp-element-caption\">Arquivo Fotogr\u00e1fico do Corvo &#8211; Pertence ao Padre Eug\u00e9nio Rita<\/figcaption><\/figure>\n<\/div>\n\n<div class=\"wp-block-image\">\n<figure class=\"aligncenter size-large is-resized\"><img loading=\"lazy\" decoding=\"async\" width=\"1024\" height=\"569\" src=\"https:\/\/ecomuseu-corvo.cultura.azores.gov.pt\/wp-content\/uploads\/2023\/11\/17.4.243-1024x569.jpg\" alt=\"\" class=\"wp-image-3173\" style=\"aspect-ratio:1.7996485061511422;width:382px;height:auto\" srcset=\"https:\/\/ecomuseu-corvo.cultura.azores.gov.pt\/wp-content\/uploads\/2023\/11\/17.4.243-1024x569.jpg 1024w, https:\/\/ecomuseu-corvo.cultura.azores.gov.pt\/wp-content\/uploads\/2023\/11\/17.4.243-300x167.jpg 300w, https:\/\/ecomuseu-corvo.cultura.azores.gov.pt\/wp-content\/uploads\/2023\/11\/17.4.243-768x427.jpg 768w, https:\/\/ecomuseu-corvo.cultura.azores.gov.pt\/wp-content\/uploads\/2023\/11\/17.4.243-1536x853.jpg 1536w, https:\/\/ecomuseu-corvo.cultura.azores.gov.pt\/wp-content\/uploads\/2023\/11\/17.4.243-18x10.jpg 18w, https:\/\/ecomuseu-corvo.cultura.azores.gov.pt\/wp-content\/uploads\/2023\/11\/17.4.243-1200x667.jpg 1200w, https:\/\/ecomuseu-corvo.cultura.azores.gov.pt\/wp-content\/uploads\/2023\/11\/17.4.243-1980x1100.jpg 1980w, https:\/\/ecomuseu-corvo.cultura.azores.gov.pt\/wp-content\/uploads\/2023\/11\/17.4.243.jpg 2041w\" sizes=\"auto, (max-width: 1024px) 100vw, 1024px\" \/><figcaption class=\"wp-element-caption\">Arquivo Fotogr\u00e1fico do Corvo &#8211; Pertence ao Padre Eug\u00e9nio Rita<\/figcaption><\/figure>\n<\/div>\n\n\n<p>(&#8220;Falar do dia da l\u00e3 \u00e9 lembrar uma tradi\u00e7\u00e3o Corvina que se extinguiu na segunda metade do s\u00e9c. XX, mais concretamente em 1969, mas que ainda prevalece na lembran\u00e7a de alguns corvinos. &#8220;Era dia de muito trabalho mas, tamb\u00e9m, um grande dia festivo e que era, s\u00f3, o dia de maior ajuntamento popular de todo o ano na ilha do Corvo.&#8221;).<\/p>\n\n\n\n<p>Em setembro, os homens organizavam-se novamente para arrebanhar as f\u00eameas, que dariam \u00e0 luz entretanto. A juntar \u00e0 marca nas orelhas j\u00e1 existente, era usado um peda\u00e7o de tecido pintado com um certo padr\u00e3o que identificava o seu propriet\u00e1rio e que permitia a identifica\u00e7\u00e3o das ovelhas \u00e0 dist\u00e2ncia. Assim, depois de nascidos os cordeiros, o seu propriet\u00e1rio poderia l\u00e1 ir fazer as marcas nas orelhas das crias.<\/p>\n\n\n<div class=\"wp-block-image\">\n<figure class=\"aligncenter size-large is-resized\"><img loading=\"lazy\" decoding=\"async\" width=\"1024\" height=\"719\" src=\"https:\/\/ecomuseu-corvo.cultura.azores.gov.pt\/wp-content\/uploads\/2023\/11\/17.7.342-1024x719.jpg\" alt=\"\" class=\"wp-image-3174\" style=\"aspect-ratio:1.4242002781641168;width:335px;height:auto\" srcset=\"https:\/\/ecomuseu-corvo.cultura.azores.gov.pt\/wp-content\/uploads\/2023\/11\/17.7.342-1024x719.jpg 1024w, https:\/\/ecomuseu-corvo.cultura.azores.gov.pt\/wp-content\/uploads\/2023\/11\/17.7.342-300x211.jpg 300w, https:\/\/ecomuseu-corvo.cultura.azores.gov.pt\/wp-content\/uploads\/2023\/11\/17.7.342-768x539.jpg 768w, https:\/\/ecomuseu-corvo.cultura.azores.gov.pt\/wp-content\/uploads\/2023\/11\/17.7.342-1536x1078.jpg 1536w, https:\/\/ecomuseu-corvo.cultura.azores.gov.pt\/wp-content\/uploads\/2023\/11\/17.7.342-18x12.jpg 18w, https:\/\/ecomuseu-corvo.cultura.azores.gov.pt\/wp-content\/uploads\/2023\/11\/17.7.342-1200x842.jpg 1200w, https:\/\/ecomuseu-corvo.cultura.azores.gov.pt\/wp-content\/uploads\/2023\/11\/17.7.342.jpg 1960w\" sizes=\"auto, (max-width: 1024px) 100vw, 1024px\" \/><figcaption class=\"wp-element-caption\">Arquivo Fotogr\u00e1fico do Corvo &#8211; Pertence a Rosa Mendon\u00e7a de In\u00eas<\/figcaption><\/figure>\n<\/div>\n\n\n<p>Terminada a tosquia, seguia-se o tratamento da l\u00e3 at\u00e9 chegar ao tear e \u00e0s mantas, cobertores, camisotes, garotas, camisoulas, camur\u00e7as, cal\u00e7as, barretas e roupa interior. Invertiam-se os pap\u00e9is de protagonismo, agora eram as mulheres a ocupar o papel preponderante nos v\u00e1rios processos Seguia-se ent\u00e3o lavar, tingir, abrir, pentear, cardar,  fiar, dobar, urdir e tecer.<\/p>\n<\/details>\n\n\n\n<details class=\"wp-block-details is-layout-flow wp-block-details-is-layout-flow\"><summary>Culto do Esp\u00edrito Santo<\/summary>\n<p>A introdu\u00e7\u00e3o do culto do Esp\u00edrito Santo no Arquip\u00e9lago foi realizada pelos primeiros povoadores, no s\u00e9c. XV. A sua propaga\u00e7\u00e3o est\u00e1 estritamente relacionada com a a\u00e7\u00e3o dos padres Franciscanos que chegaram aos A\u00e7ores. A realidade de cada ilha, de cada comunidade, marca profundamente as manifesta\u00e7\u00f5es associadas a estas festividades e, por essa raz\u00e3o, podem observar-se varia\u00e7\u00f5es ao percorrermos as ilhas.<\/p>\n\n\n<div class=\"wp-block-image\">\n<figure class=\"aligncenter size-large is-resized\"><img loading=\"lazy\" decoding=\"async\" width=\"1024\" height=\"768\" src=\"https:\/\/ecomuseu-corvo.cultura.azores.gov.pt\/wp-content\/uploads\/2023\/11\/125522005_475106083748980_6055238154369366764_n-1024x768.jpg\" alt=\"\" class=\"wp-image-3120\" style=\"aspect-ratio:1.3333333333333333;width:349px;height:auto\" srcset=\"https:\/\/ecomuseu-corvo.cultura.azores.gov.pt\/wp-content\/uploads\/2023\/11\/125522005_475106083748980_6055238154369366764_n-1024x768.jpg 1024w, https:\/\/ecomuseu-corvo.cultura.azores.gov.pt\/wp-content\/uploads\/2023\/11\/125522005_475106083748980_6055238154369366764_n-300x225.jpg 300w, https:\/\/ecomuseu-corvo.cultura.azores.gov.pt\/wp-content\/uploads\/2023\/11\/125522005_475106083748980_6055238154369366764_n-768x576.jpg 768w, https:\/\/ecomuseu-corvo.cultura.azores.gov.pt\/wp-content\/uploads\/2023\/11\/125522005_475106083748980_6055238154369366764_n-1536x1152.jpg 1536w, https:\/\/ecomuseu-corvo.cultura.azores.gov.pt\/wp-content\/uploads\/2023\/11\/125522005_475106083748980_6055238154369366764_n-16x12.jpg 16w, https:\/\/ecomuseu-corvo.cultura.azores.gov.pt\/wp-content\/uploads\/2023\/11\/125522005_475106083748980_6055238154369366764_n-1200x900.jpg 1200w, https:\/\/ecomuseu-corvo.cultura.azores.gov.pt\/wp-content\/uploads\/2023\/11\/125522005_475106083748980_6055238154369366764_n-1980x1485.jpg 1980w, https:\/\/ecomuseu-corvo.cultura.azores.gov.pt\/wp-content\/uploads\/2023\/11\/125522005_475106083748980_6055238154369366764_n.jpg 2048w\" sizes=\"auto, (max-width: 1024px) 100vw, 1024px\" \/><\/figure>\n<\/div>\n\n\n<p>A cada domingo, as ins\u00edgnias s\u00e3o levadas em prociss\u00e3o at\u00e9 \u00e0 pr\u00f3xima casa, transportadas por pessoas convidadas pelos donos da casa onde estiveram naquela semana. As pessoas que recebem o Esp\u00edrito Santo em casa, constroem altares onde colocam as coroas. No Corvo, os altares s\u00e3o constitu\u00eddos por uma estrutura em forma de escada, coberta por uma toalha vermelha com uma toalha branca de renda sobre ela. <br>Durante as sete semanas do Pentecostes, as pessoas re\u00fanem-se na casa da pessoa que recebe o Esp\u00edrito Santo e rezam o ter\u00e7o junto desses altares.<br><\/p>\n\n\n\n<figure class=\"wp-block-gallery has-nested-images columns-default is-cropped wp-block-gallery-4 is-layout-flex wp-block-gallery-is-layout-flex\">\n<figure class=\"wp-block-image size-large\"><img loading=\"lazy\" decoding=\"async\" width=\"1024\" height=\"623\" data-id=\"3122\" src=\"https:\/\/ecomuseu-corvo.cultura.azores.gov.pt\/wp-content\/uploads\/2023\/11\/17.5.296-1024x623.jpg\" alt=\"\" class=\"wp-image-3122\" srcset=\"https:\/\/ecomuseu-corvo.cultura.azores.gov.pt\/wp-content\/uploads\/2023\/11\/17.5.296-1024x623.jpg 1024w, https:\/\/ecomuseu-corvo.cultura.azores.gov.pt\/wp-content\/uploads\/2023\/11\/17.5.296-300x183.jpg 300w, https:\/\/ecomuseu-corvo.cultura.azores.gov.pt\/wp-content\/uploads\/2023\/11\/17.5.296-768x467.jpg 768w, https:\/\/ecomuseu-corvo.cultura.azores.gov.pt\/wp-content\/uploads\/2023\/11\/17.5.296-1536x935.jpg 1536w, https:\/\/ecomuseu-corvo.cultura.azores.gov.pt\/wp-content\/uploads\/2023\/11\/17.5.296-2048x1246.jpg 2048w, https:\/\/ecomuseu-corvo.cultura.azores.gov.pt\/wp-content\/uploads\/2023\/11\/17.5.296-18x12.jpg 18w, https:\/\/ecomuseu-corvo.cultura.azores.gov.pt\/wp-content\/uploads\/2023\/11\/17.5.296-1200x730.jpg 1200w, https:\/\/ecomuseu-corvo.cultura.azores.gov.pt\/wp-content\/uploads\/2023\/11\/17.5.296-1980x1205.jpg 1980w\" sizes=\"auto, (max-width: 1024px) 100vw, 1024px\" \/><\/figure>\n\n\n\n<figure class=\"wp-block-image size-large\"><img loading=\"lazy\" decoding=\"async\" width=\"1024\" height=\"657\" data-id=\"3123\" src=\"https:\/\/ecomuseu-corvo.cultura.azores.gov.pt\/wp-content\/uploads\/2023\/11\/17.12.499-1024x657.jpg\" alt=\"\" class=\"wp-image-3123\" srcset=\"https:\/\/ecomuseu-corvo.cultura.azores.gov.pt\/wp-content\/uploads\/2023\/11\/17.12.499-1024x657.jpg 1024w, https:\/\/ecomuseu-corvo.cultura.azores.gov.pt\/wp-content\/uploads\/2023\/11\/17.12.499-300x192.jpg 300w, https:\/\/ecomuseu-corvo.cultura.azores.gov.pt\/wp-content\/uploads\/2023\/11\/17.12.499-768x493.jpg 768w, https:\/\/ecomuseu-corvo.cultura.azores.gov.pt\/wp-content\/uploads\/2023\/11\/17.12.499-18x12.jpg 18w, https:\/\/ecomuseu-corvo.cultura.azores.gov.pt\/wp-content\/uploads\/2023\/11\/17.12.499-1200x770.jpg 1200w, https:\/\/ecomuseu-corvo.cultura.azores.gov.pt\/wp-content\/uploads\/2023\/11\/17.12.499.jpg 1506w\" sizes=\"auto, (max-width: 1024px) 100vw, 1024px\" \/><\/figure>\n\n\n\n<figure class=\"wp-block-image size-large\"><img loading=\"lazy\" decoding=\"async\" width=\"1024\" height=\"683\" data-id=\"3121\" src=\"https:\/\/ecomuseu-corvo.cultura.azores.gov.pt\/wp-content\/uploads\/2023\/11\/S22C-818101610030-1024x683.jpg\" alt=\"\" class=\"wp-image-3121\" srcset=\"https:\/\/ecomuseu-corvo.cultura.azores.gov.pt\/wp-content\/uploads\/2023\/11\/S22C-818101610030-1024x683.jpg 1024w, https:\/\/ecomuseu-corvo.cultura.azores.gov.pt\/wp-content\/uploads\/2023\/11\/S22C-818101610030-300x200.jpg 300w, https:\/\/ecomuseu-corvo.cultura.azores.gov.pt\/wp-content\/uploads\/2023\/11\/S22C-818101610030-768x512.jpg 768w, https:\/\/ecomuseu-corvo.cultura.azores.gov.pt\/wp-content\/uploads\/2023\/11\/S22C-818101610030-1536x1024.jpg 1536w, https:\/\/ecomuseu-corvo.cultura.azores.gov.pt\/wp-content\/uploads\/2023\/11\/S22C-818101610030-2048x1365.jpg 2048w, https:\/\/ecomuseu-corvo.cultura.azores.gov.pt\/wp-content\/uploads\/2023\/11\/S22C-818101610030-18x12.jpg 18w, https:\/\/ecomuseu-corvo.cultura.azores.gov.pt\/wp-content\/uploads\/2023\/11\/S22C-818101610030-1200x800.jpg 1200w, https:\/\/ecomuseu-corvo.cultura.azores.gov.pt\/wp-content\/uploads\/2023\/11\/S22C-818101610030-1980x1320.jpg 1980w\" sizes=\"auto, (max-width: 1024px) 100vw, 1024px\" \/><\/figure>\n<\/figure>\n\n\n\n<p>As celebra\u00e7\u00f5es em honra do Divino terminavam com o<br>Domingo de Esp\u00edrito Santo \u2013 s\u00e9timo domingo a contar da P\u00e1scoa. Mas tudo isso mudou por influ\u00eancia dos emigrantes que visitavam a sua terra natal nos meses de ver\u00e3o, passou a celebrar-se tamb\u00e9m uma Festa no m\u00eas de julho.<\/p>\n<\/details>\n\n\n\n<details class=\"wp-block-details is-layout-flow wp-block-details-is-layout-flow\"><summary>L\u00e9xico Corvino<\/summary>\n<p>O valios\u00edssimo tesouro lingu\u00edstico dos A\u00e7ores ter\u00e1 sido transferido para as Ilhas ao longo do s\u00e9culo XV a bordo das naus que delas fizeram achamento e que transportavam marinheiros, navegantes e os seus futuros povoadores.<\/p>\n\n\n\n<p>Com a emigra\u00e7\u00e3o v\u00e1rias foram as palavras inseridas no l\u00e9xico do Arquip\u00e9lago, com destaque para a ilha do Corvo. A maioria dos &#8216;americanismos&#8217; desapareceram com o tempo, embora muitos tenham sido aculturados, fazendo parte integrante da linguagem de todas as ilhas.<\/p>\n\n\n\n<p>O fator autonomia, ou isolamento insular, tem sido fundamental no desenvolvimento das personalidades dialetais da regi\u00e3o. Por muito que cada local esteja inserido numa coer\u00eancia geogr\u00e1fica macro, a sua posi\u00e7\u00e3o micro reside na ilha de que faz parte e \u00e9 sempre a primeira identidade. Mais do que isso, o desenvolvimento mais ou menos aut\u00f3nomo que cada ilha tem confere um elevado grau de imprevisibilidade e desordenamento espacial aos padr\u00f5es de varia\u00e7\u00e3o da regi\u00e3o.<\/p>\n\n\n\n<figure class=\"wp-block-gallery has-nested-images columns-default is-cropped wp-block-gallery-5 is-layout-flex wp-block-gallery-is-layout-flex\">\n<figure class=\"wp-block-image size-large\"><img loading=\"lazy\" decoding=\"async\" width=\"220\" height=\"314\" data-id=\"3178\" src=\"https:\/\/ecomuseu-corvo.cultura.azores.gov.pt\/wp-content\/uploads\/2023\/11\/f-1.png\" alt=\"\" class=\"wp-image-3178\" srcset=\"https:\/\/ecomuseu-corvo.cultura.azores.gov.pt\/wp-content\/uploads\/2023\/11\/f-1.png 220w, https:\/\/ecomuseu-corvo.cultura.azores.gov.pt\/wp-content\/uploads\/2023\/11\/f-1-210x300.png 210w, https:\/\/ecomuseu-corvo.cultura.azores.gov.pt\/wp-content\/uploads\/2023\/11\/f-1-8x12.png 8w\" sizes=\"auto, (max-width: 220px) 100vw, 220px\" \/><\/figure>\n\n\n\n<figure class=\"wp-block-image size-large\"><img loading=\"lazy\" decoding=\"async\" width=\"140\" height=\"188\" data-id=\"3179\" src=\"https:\/\/ecomuseu-corvo.cultura.azores.gov.pt\/wp-content\/uploads\/2023\/11\/opac-image.png\" alt=\"\" class=\"wp-image-3179\" srcset=\"https:\/\/ecomuseu-corvo.cultura.azores.gov.pt\/wp-content\/uploads\/2023\/11\/opac-image.png 140w, https:\/\/ecomuseu-corvo.cultura.azores.gov.pt\/wp-content\/uploads\/2023\/11\/opac-image-9x12.png 9w\" sizes=\"auto, (max-width: 140px) 100vw, 140px\" \/><\/figure>\n<\/figure>\n\n\n\n<p>Na linguagem do Corvo, e devido \u00e0 pequena dimens\u00e3o da ilha e da sua popula\u00e7\u00e3o, nota-se uma acentuada influ\u00eancia da antiga migra\u00e7\u00e3o interna constitu\u00edda por fam\u00edlias micaelenses que se deslocaram para aquela ilha. Essa influ\u00eancia traduz-se na pron\u00fancia do [u] &#8216;franc\u00eas&#8217;, no ditongo [ou], igual a muitos lugares de S. Miguel, nunca ouvido como [oi], como acontece muito frequentemente nas restantes ilhas, e no pr\u00f3prio l\u00e9xico em que h\u00e1 termos comuns apenas \u00e0s duas ilhas.<\/p>\n\n\n<div class=\"wp-block-image\">\n<figure class=\"aligncenter size-full is-resized\"><img loading=\"lazy\" decoding=\"async\" width=\"225\" height=\"225\" src=\"https:\/\/ecomuseu-corvo.cultura.azores.gov.pt\/wp-content\/uploads\/2023\/11\/transferir-2-1.jpg\" alt=\"\" class=\"wp-image-3180\" style=\"aspect-ratio:1;width:200px;height:auto\" srcset=\"https:\/\/ecomuseu-corvo.cultura.azores.gov.pt\/wp-content\/uploads\/2023\/11\/transferir-2-1.jpg 225w, https:\/\/ecomuseu-corvo.cultura.azores.gov.pt\/wp-content\/uploads\/2023\/11\/transferir-2-1-150x150.jpg 150w, https:\/\/ecomuseu-corvo.cultura.azores.gov.pt\/wp-content\/uploads\/2023\/11\/transferir-2-1-12x12.jpg 12w\" sizes=\"auto, (max-width: 225px) 100vw, 225px\" \/><\/figure>\n<\/div>\n\n\n<ul class=\"wp-block-list\">\n<li>Dicion\u00e1rio de Falares dos A\u00e7ores \u2013 Vocabul\u00e1rio Regional de Todas as Ilhas, J. M. Soares de Barcelos; Coimbra; Edi\u00e7\u00f5es Almedina, Dicion\u00e1rios e Gram\u00e1ticas; 2008. ISBN 9789724033761.<\/li>\n<\/ul>\n<\/details>\n\n\n\n<details class=\"wp-block-details is-layout-flow wp-block-details-is-layout-flow\"><summary>Matan\u00e7a do porco<\/summary>\n<p>&#8220;O Dia da Matan\u00e7a do Porco \u00e9, desde sempre, um dia de fartura, trabalho, alegria, amizade, conv\u00edvio e partilha entre familiares e amigos. \u00c9 um dia em que imperam valores de ajuda m\u00fatua e uni\u00e3o familiar.<\/p>\n\n\n<div class=\"wp-block-image\">\n<figure class=\"aligncenter size-large is-resized\"><img loading=\"lazy\" decoding=\"async\" width=\"1024\" height=\"579\" src=\"https:\/\/ecomuseu-corvo.cultura.azores.gov.pt\/wp-content\/uploads\/2023\/11\/17.4.205-1024x579.jpg\" alt=\"\" class=\"wp-image-3186\" style=\"aspect-ratio:1.768566493955095;width:389px;height:auto\" srcset=\"https:\/\/ecomuseu-corvo.cultura.azores.gov.pt\/wp-content\/uploads\/2023\/11\/17.4.205-1024x579.jpg 1024w, https:\/\/ecomuseu-corvo.cultura.azores.gov.pt\/wp-content\/uploads\/2023\/11\/17.4.205-300x170.jpg 300w, https:\/\/ecomuseu-corvo.cultura.azores.gov.pt\/wp-content\/uploads\/2023\/11\/17.4.205-768x434.jpg 768w, https:\/\/ecomuseu-corvo.cultura.azores.gov.pt\/wp-content\/uploads\/2023\/11\/17.4.205-1536x868.jpg 1536w, https:\/\/ecomuseu-corvo.cultura.azores.gov.pt\/wp-content\/uploads\/2023\/11\/17.4.205-2048x1158.jpg 2048w, https:\/\/ecomuseu-corvo.cultura.azores.gov.pt\/wp-content\/uploads\/2023\/11\/17.4.205-18x10.jpg 18w, https:\/\/ecomuseu-corvo.cultura.azores.gov.pt\/wp-content\/uploads\/2023\/11\/17.4.205-1200x678.jpg 1200w, https:\/\/ecomuseu-corvo.cultura.azores.gov.pt\/wp-content\/uploads\/2023\/11\/17.4.205-1980x1119.jpg 1980w\" sizes=\"auto, (max-width: 1024px) 100vw, 1024px\" \/><figcaption class=\"wp-element-caption\">Arquivo Fotogr\u00e1fico do Corvo &#8211; Pertence ao Padre Eug\u00e9nio Rita<\/figcaption><\/figure>\n<\/div>\n\n\n<p>A Matan\u00e7a do Porco realiza-se nos meses de Outubro, Novembro e Dezembro. No entanto, os preparativos iniciam-se algumas semanas antes, quando os homens se deslocam \u00e0s hortas e v\u00e3o buscar a lenha que, mais tarde, ir\u00e1 servir para fritar o porco, a queir\u00f3 para o chamuscar e as folhas das canas que ser\u00e3o colocadas no ch\u00e3o de forma a receber a carne j\u00e1 cortada.<\/p>\n\n\n\n<p>Nas v\u00e9speras do Dia da Matan\u00e7a, cabia \u00e0s mulheres a maior parte das tarefas. [&#8230;] eram tamb\u00e9m elas que picavam a salsa e a cebolas para as morcelas e preparavam as comidas que iam ser servidas aos convidados(&#8230;) Da ementa constava quase sempre a sopa de feij\u00e3o ou de agri\u00e3o, a lingui\u00e7a frita acompanhada de batata-doce ou assada, a galinha guisada, a salada de atum, as filhoses, e claro, o sempre apreciado queijo do Corvo.&#8221;<\/p>\n\n\n<div class=\"wp-block-image\">\n<figure class=\"aligncenter size-large is-resized\"><img loading=\"lazy\" decoding=\"async\" width=\"1024\" height=\"628\" src=\"https:\/\/ecomuseu-corvo.cultura.azores.gov.pt\/wp-content\/uploads\/2023\/11\/17.4.206-1024x628.jpg\" alt=\"\" class=\"wp-image-3187\" style=\"aspect-ratio:1.6305732484076434;width:375px;height:auto\" srcset=\"https:\/\/ecomuseu-corvo.cultura.azores.gov.pt\/wp-content\/uploads\/2023\/11\/17.4.206-1024x628.jpg 1024w, https:\/\/ecomuseu-corvo.cultura.azores.gov.pt\/wp-content\/uploads\/2023\/11\/17.4.206-300x184.jpg 300w, https:\/\/ecomuseu-corvo.cultura.azores.gov.pt\/wp-content\/uploads\/2023\/11\/17.4.206-768x471.jpg 768w, https:\/\/ecomuseu-corvo.cultura.azores.gov.pt\/wp-content\/uploads\/2023\/11\/17.4.206-1536x942.jpg 1536w, https:\/\/ecomuseu-corvo.cultura.azores.gov.pt\/wp-content\/uploads\/2023\/11\/17.4.206-2048x1257.jpg 2048w, https:\/\/ecomuseu-corvo.cultura.azores.gov.pt\/wp-content\/uploads\/2023\/11\/17.4.206-18x12.jpg 18w, https:\/\/ecomuseu-corvo.cultura.azores.gov.pt\/wp-content\/uploads\/2023\/11\/17.4.206-1200x736.jpg 1200w, https:\/\/ecomuseu-corvo.cultura.azores.gov.pt\/wp-content\/uploads\/2023\/11\/17.4.206-1980x1215.jpg 1980w\" sizes=\"auto, (max-width: 1024px) 100vw, 1024px\" \/><figcaption class=\"wp-element-caption\">Arquivo Fotogr\u00e1fico do Corvo &#8211; Pertence ao Padre Eug\u00e9nio Rita<\/figcaption><\/figure>\n<\/div>\n\n\n<p>No dia da Matan\u00e7a, os homens tiravam os porcos dos currais, transportavam-nos para a eira, onde eram mortos e chamuscado com a queir\u00f3. De seguida, as mulheres rapavam e lavavam o porco com raspadeiras de l\u00e2mina de a\u00e7o muito fina. Terminada esta tarefa, os homens abriam e partiam os porcos, retiravam as tripas que eram colocadas em selhas de madeira.<\/p>\n\n\n\n<p>Cabia \u00e0s mulheres lavar as tripas junto ao mar. No regresso a casa as tripas eram lavadas com \u00e1gua, sab\u00e3o, laranja azeda e folha de milho, at\u00e9 ficarem completamente limpas.<\/p>\n\n\n\n<p>Procedia-se ent\u00e3o ao fazer das morcelas e lingui\u00e7as, por parte das mulheres, e ao arrumar das carnes pelos homens. No final, era servido um grande almo\u00e7o para todos.<\/p>\n\n\n\n<p>Nos dias seguintes era o tempo de cozer as morcelas, fritar o toucinho e as carnes, fazer o molho de f\u00edgado e a borrage (pasta feita \u00e0 base de toucinho frito), pendurar as lingui\u00e7as para o processo de cura.<\/p>\n\n\n\n<ul class=\"wp-block-list\">\n<li>Pimentel, Fernando Ant\u00f3nio Mendon\u00e7a de Fraga. Corvo, a ilha dos afectos, Ed. do Autor, Coingra, 2019.<\/li>\n<\/ul>\n<\/details>\n\n\n\n<details class=\"wp-block-details is-layout-flow wp-block-details-is-layout-flow\"><summary>Lendas do Corvo<\/summary>\n<p>Retirado do livro: \u201cA\u00e7ores, Lendas e Outras Hist\u00f3rias\u201d, recolha e arranjo de textos de \u00c2ngela Furtado-Brum, Ribeiro e Caravana Editores, 2\u00aa Edi\u00e7\u00e3o, Ponta Delgada,1999<\/p>\n\n\n\n<p><\/p>\n\n\n\n<details class=\"wp-block-details is-layout-flow wp-block-details-is-layout-flow\"><summary>A Est\u00e1tua Equestre da Ilha do Marco ou do Corvo <\/summary>\n<p>&#8220;J\u00e1 passava de meados do s\u00e9culo quinze, quando os marinheiros portugueses, que iam rumo a ocidente \u00e0 procura de mais terras, depararam, por fim, com um pequeno ilh\u00e9u negro, no mio do mar. Era a mais pequena ilha dos A\u00e7ores que encontravam e, aproximando-se pelo lado noroeste, viram, inesperadamente, no cume de um penhasco, que parecia servir de marco aos navegantes, o vulto de um homem grande de pedra, montado num cavalo sem sela.<\/p>\n\n\n\n<p>Era uma est\u00e1tua prof\u00e9tica, constru\u00edda n\u00e3o se sabe por quem, e representava um homem, coberto com uma esp\u00e9cie de manto, com a cabe\u00e7a descoberta. As faces do rosto e outras partes estavam sumidas, cavadas e quase gastas do muito tempo que ali tinha estado. Sobre as crinas do cavalo, que tinha uma perna dobrada e a outra levantada, estava colocada a m\u00e3o esquerda do homem, enquanto que o bra\u00e7o direito estava estendido e com os dedos da m\u00e3o encolhidos. S\u00f3 o indicador continuava aberto e apontava para o poente ou noroeste, para as regi\u00f5es onde o sol se oculta, a grande terra dos bacalhaus, as \u00cdndias de Castela ou o Brasil, terras que ainda n\u00e3o tinham sido descobertas.<\/p>\n\n\n\n<p>A est\u00e1tua assentava sobre uma laje tamb\u00e9m de pedra, na qual estavam escritas algumas palavras, que, embora muito gastas da antiguidade e do rocio do mar, ainda deixavam ler: &#8220;Jesus, avante!&#8221;. Era uma incita\u00e7\u00e3o aos descobridores portugueses para que avan\u00e7assem e expandissem a f\u00e9 crist\u00e3 para o ocidente. Os nossos marinheiros seguiram o conselho, viajaram para ocidente e descobriram muitas terras onde semearam a f\u00e9 em Jesus.<\/p>\n\n\n\n<p>Hoje a est\u00e1tua j\u00e1 n\u00e3o se encontra l\u00e1 porque, no tempo de D. Manuel, veio do reino um homem, mandado pelo rei, para a apear e levar. Descuidando-se, a est\u00e1tua quebrou-se em peda\u00e7os, dos quais alguns foram levados ao rei. Mas ainda, na parte noroeste da ilha, encontramos o promont\u00f3rio onde se levantou a est\u00e1tua equestre e, ais abaixo, o marco que teu o primeiro nome \u00e0 ilha &#8211; ilha do Marco.<\/p>\n\n\n\n<p>A esta est\u00e1tua se devem as descobertas para o ocidente, porque, com aquele dedo apontado, anunciou a exist\u00eancia de outros mundos e bastou que os navegadores compreendessem e interpretassem essa escultura em pedra para avan\u00e7arem em dire\u00e7\u00e3o \u00e0s Am\u00e9ricas.&#8221;<\/p>\n<\/details>\n\n\n\n<details class=\"wp-block-details is-layout-flow wp-block-details-is-layout-flow\"><summary>Corvino, Faquir e Pirata<\/summary>\n<p>&#8220;Por meados do s\u00e9culo quinze, no pequeno aglomerado populacional da ilha do Corvo, havia uma mulher que tinha um filho bastardo. J\u00e1 nessa altura, os corvinos, apesar da sua bondade natural, rejeitavam as mulheres que tinham filhos, sendo solteiras, pondo-as de lado ou obrigando-as a sair da ilha. Essa mulher era tida como bruxa e acreditava-se nos seus poderes mal\u00e9ficos.<\/p>\n\n\n\n<p>O filho, Al\u00edpio, sofreu muito na inf\u00e2ncia e j\u00e1 quando rapazote com os vexames por que sua m\u00e3e passava.<\/p>\n\n\n\n<p>Ora um certo dia, os piratas argelinos, em busca de gado e outros produtos, atacaram a ilha do Corvo e levaram o rapaz, que, querendo fugir \u00e0 terra, n\u00e3o imp\u00f4s resist\u00eancia, antes se ofereceu aos invasores.<\/p>\n\n\n\n<p>Depois de viajarem muito tempo, chegaram a T\u00fanis, onde o jovem corvino foi oferecido a um faquir. De Al\u00edpio passou a Ali. Aprendeu todos os poderes dos faquires mais eminentes. Via fen\u00f3menos atrav\u00e9s de corpos opacos a l\u00e9guas de dist\u00e2ncia; deixava-se cortar por alfanges e punhais, aparecendo rapidamente curado. Apesar de toda esta maravilhosa penetra\u00e7\u00e3o de esp\u00edrito, pr\u00f3pria de um faquir, e de trazer bordado no peito um pentagrama, emblema da sua autoridade intelectual em magia, aborrecia a dura penit\u00eancia e a pobreza que todo o faquir pratica para adquirir a santidade.<\/p>\n\n\n\n<p>O jovem Ali cobi\u00e7ava a riqueza e guardava na alma uma frase que sua m\u00e3e lhe dizia, h\u00e1 muitos anos atr\u00e1s, na pobre casa, \u00e0 beira-mar, naquela pequena ilha t\u00e3o distante: &#8220;pobreza n\u00e3o \u00e9 vileza, mas \u00e9 um ramo de picardia&#8221;.<\/p>\n\n\n\n<p>Quando atingiu a idade de homem feito, marcado pela ideia de riqueza e talvez pela \u00e2nsia \u00edntima e quase inconsciente de voltar ao Corvo e se vingar, abandonou o s\u00e1bio faquir com quem vivia e incorporou-se num bando de piratas, como comandante. Cantava, com um tom de fatalismo mu\u00e7ulmano: <\/p>\n\n\n\n<p>      Mandei ler a minha sina<\/p>\n\n\n\n<p>      E a sina me respondeu<\/p>\n\n\n\n<p>      Que um triste fugir n\u00e3o pode<\/p>\n\n\n\n<p>       \u00c0 sorte que Deus lhe deu.<\/p>\n\n\n\n<p>Sa\u00edram do porto marroquino de Larache em duas galeras, rumo \u00e0s ilhas dos A\u00e7ores e, porque o vento assim o permitiu e a manha e o poder do faquir assim quiseram, foram ter \u00e0 ilha do Corvo.<\/p>\n\n\n\n<p>Perante as negras penedias onde passara a sua inf\u00e2ncia, Ali experimentou uma grande confus\u00e3o de sentimentos: a alegria de voltar a ver a terra perdida e o desejo de vingar sua m\u00e3e.<\/p>\n\n\n\n<p>Mandou lan\u00e7ar ferro para os lados da ba\u00eda da praia, onde n\u00e3o os podiam ver do povoado. Conhecia o lugar como a palma das suas m\u00e3os. Ali tinha brincado horas a fio, apanhando peixes, estrelas do mar ou nadando nos dias quentes de Ver\u00e3o. Lan\u00e7aram ao mar uma lanchinha e vieram para terra.<\/p>\n\n\n\n<p>Entretanto uma mulher, que estava a apanhar lapas na Ponta da Areia, quando viu aquela galera ali dentro, desconfiou que eram piratas. Na altura s\u00f3 se falava neles e nos estragos que faziam. Largou as lapas e, a correr, veio para as casas anunciar em altos gritos o que tinha visto. Os homens da terra alvoro\u00e7aram-se e foram para cima dos cabe\u00e7os, situar-se em bom lugar, porque o terreno como era escarpado, os piratas s\u00f3 poderiam sair por um determinado s\u00edtio.<\/p>\n\n\n\n<p>Quando os invasores vinham pelas rochas fora, decididos a roubar gado e quem sabe que outros preju\u00edzos fazer, os homens da terra foram \u00e0s ombreiras das paredes e come\u00e7aram a rolar pedras com rapidez e for\u00e7a para cima dos piratas, que recuaram, dizendo:<\/p>\n\n\n\n<p>-Se vamos para diante a gente morre.<\/p>\n\n\n\n<p>Desistiram do seu intento, meteram-se no botezinho para ir para a galera, que estava ancorada mais fora. Mas, ou porque o mar mexia muito ou porque com a pressa a manobra foi mal feita, o barco quebrou.<\/p>\n\n\n\n<p>A raiva cresceu entre os piratas, pois a nado nunca conseguiriam chegar ao navio e, ficando ali, seriam ca\u00e7ados pelos da terra. Desconfiados de que o comandante os tinha trazido para serem capturados pelos corvinos disseram:<\/p>\n\n\n\n<p>-Tu \u00e9s filho do Corvo, armaste-nos uma emboscada!<\/p>\n\n\n\n<p>Sacaram as facas e cortaram-lhe o pesco\u00e7o, ficando a cabe\u00e7a ca\u00edda na areia.<\/p>\n\n\n\n<p>Os piratas conseguiram fugir, o corpo do comandante foi levado pelo mar. Mas a cabe\u00e7a degolada ficou e os da terra, quando se aproximaram, reconheceram, por um sinal na cara, que se tratava de Al\u00edpio, h\u00e1 tanto tempo levado pelos piratas.<\/p>\n\n\n\n<p>Enterraram a cabe\u00e7a na areia, mas ela no dia seguinte apareceu desenterrada, ululando pelos rochedos. E assim foi durante muitos e muitos anos, at\u00e9 que por fim se aquietou para sempre a alma do infeliz corvino, feito faquir e depois pirata.&#8221;<\/p>\n\n\n\n<p><\/p>\n<\/details>\n\n\n\n<details class=\"wp-block-details is-layout-flow wp-block-details-is-layout-flow\"><summary>A Ermida de Nossa Senhora dos Milagres<\/summary>\n<p>&#8220;L\u00e1 pelo s\u00e9culo dezasseis, num dia de mar manso, andavam uns homens nos calhaus do Porto da Casa a apanhar peixe ou a procurar restos de madeira trazidos pelo mar. Inesperadamente deram com um pequeno caixote \u00e0 beira de \u00e1gua, muito bem feito e que despertou logo muita curiosidade. Abriram-no com cuidado e tiveram uma grande alegria quando encontraram dentro uma pequena imagem de Nossa Senhora do Ros\u00e1rio.<\/p>\n\n\n\n<p>A not\u00edcia correu pelo pequeno povoado e toda a gente se juntou para ver a Santinha. Algu\u00e9m reparou que a imagem trazia um escrito que logo foi decifrado pelos poucos que sabiam ler. Dizia assim a inscri\u00e7\u00e3o: &#8220;No lugar onde eu sair, fa\u00e7am-me uma ermida.&#8221;<\/p>\n\n\n\n<p>As pessoas ficaram muito animadas e, embora n\u00e3o tivessem muitas posses, decidiram que se haviam de juntar e construir uma ermidinha no Alto da Rocha.<\/p>\n\n\n\n<p>Passado algum tempo, a not\u00edcia de que uma imagem da Senhora do Ros\u00e1rio tinha aparecido no Corvo espalhou-se pelos A\u00e7ores e chegou a Lisboa. Da\u00ed veio algu\u00e9m para levar a imagem. O povo do Corvo ficou revoltado por se quererem apossar do que era seu, mas n\u00e3o p\u00f4de fazer nada.<\/p>\n\n\n\n<p>A imagem foi levada para qualquer tempo em Lisboa. A\u00ed uma coisa estranha come\u00e7ou a acontecer: Nossa Senhora amanhecia todos os dias com o manto molhado, como se tivesse feito uma grande viagem por mar. E assim era. A Santinha aproveitava a noite para vir visitar a pequena ilha do Corvo onde queria estar.<\/p>\n\n\n\n<p>Os padres de l\u00e1 come\u00e7aram a ficar perturbados com o acontecimento inexplic\u00e1vel. At\u00e9 que um disse:<\/p>\n\n\n\n<p>-Esta santa n\u00e3o se quer aqui. Ela, desde que c\u00e1 chegou, o manto est\u00e1 sempre alagado. Isto \u00e9 um sinal. Ela tem de ir para onde saiu.<\/p>\n\n\n\n<p>Alguns concordaram e outros n\u00e3o, mas, passado algum tempo, durante o qual o estranho acontecimento se continuava a dar, mandaram a imagem de volta para o Corvo.<\/p>\n\n\n\n<p>A alegria do povo foi grande quando recebeu a sua Santinha. Fizeram-lhe uma pequena ermida sobre a Rocha, sobranceira ao Porto da Casa, onde ela tinha aparecido e queria ter a sua morada. Dali passou a proteger os corvinos e a fazer muitos milagres pelo que a batizaram com o nome de Nossa Senhora dos Milagres.&#8221;<\/p>\n<\/details>\n\n\n\n<details class=\"wp-block-details is-layout-flow wp-block-details-is-layout-flow\"><summary>Nossa Senhora do Ros\u00e1rio e os piratas<\/summary>\n<p>&#8220;Estava-se no s\u00e9culo dezasseis e a ilha do Corvo, embora quase toda rodeada coo um castelo por rochas muito altas, mas isolada e com pouca gente, estava totalmente \u00c0 merc\u00ea dos piratas que por esse tempo frequentemente cruzavam os mares dos A\u00e7ores.<\/p>\n\n\n\n<p>A povoa\u00e7\u00e3o e a ermida ficavam sobre a rocha junto ao mar, pr\u00f3ximos de uma praia de calhau solto, a que chamavam de Porto da Casa, um dos lugares mais acess\u00edveis aos piratas.<\/p>\n\n\n\n<p>Uma certa vez, enquanto os homens tratavam das ovelhas e das terras e as mulheres fiavam a l\u00e3 e faziam os arranjos da casa, um grande grupo de piratas aproximou-se do dito porto.<\/p>\n\n\n\n<p>A gente do Corvo, apanhada de surpresa, julgou que o seu fim estava pr\u00f3ximo, pois era pouca e n\u00e3o tinha armas para se defender.<\/p>\n\n\n\n<p>Do mar come\u00e7aram a vir muitos tiros e a amea\u00e7a dos piratas invadirem a ilha, roubarem e destru\u00edrem, se os corvinos n\u00e3o respondessem com for\u00e7a.<\/p>\n\n\n\n<p>Vendo-se impotentes, enquanto lutavam de cima da Rocha contra os mouros, enviando tantas pedras quantas podiam, chamavam em seu aux\u00edlio Nossa Senhora do Ros\u00e1rio. Para o lugar da peleja o vig\u00e1rio tinha levado nos bra\u00e7os a sua pequena imagem que h\u00e1 tantos anos tinha dado \u00e0 costa, em baixo, nos calhaus do Porto da Casa, e que tinha altar na ermidinha ali no Alto da Rocha.<\/p>\n\n\n\n<p>A luta foi dura, mas os do Corvo desbarataram os piratas, venceram-nos, tomaram-lhes muitas armas, sem que nenhum perigo acontecesse ao povo da terra, conseguindo ainda cativar um mouro.<\/p>\n\n\n\n<p>Esta vit\u00f3ria deveu-se a Nossa Senhora do Ros\u00e1rio, padroeira da gente do Corvo, que, lutando a seu lado, desviava todos os tiros mandados pelos piratas e devolvia-os, multiplicados, para os barcos dos mouros, conseguindo p\u00f4-los em desbarate.<\/p>\n\n\n\n<p>Os piratas fugiram amedrontados e durante muito tempo n\u00e3o voltaram a atacar a mais pequena ilha dos A\u00e7ores e diziam entre si:<\/p>\n\n\n\n<p>-N\u00e3o vamos ao Corvo que est\u00e1 l\u00e1 uma Margarita que apara as balas. A gente envia um tiro, ela manda sete para bordo e mata sete de uma vez!<\/p>\n\n\n\n<p>Essa Margarita era Nossa Senhora do Ros\u00e1rio que, por ter feito este e muitos outros milagres, passou a ser chamada de Nossa Senhora dos Milagres  ficou a ser a Santa mais querida de todos os corvinos.<\/p>\n\n\n\n<p>Hoje a pequena imagem j\u00e1 n\u00e3o est\u00e1 na ermidinha sobre a Rocha, mas num linda igreja, num lugar baixo, no meio das pequenas casas, numa ruinha estreita da pequena Vila do Corvo.&#8221;<\/p>\n<\/details>\n\n\n\n<details class=\"wp-block-details is-layout-flow wp-block-details-is-layout-flow\"><summary>Lenda dos mil habitantes<\/summary>\n<p>&#8220;A popula\u00e7\u00e3o do Corvo era sempre pouco comparada com a das restantes ilhas dos A\u00e7ores, at\u00e9 porque era a ilha mais pequena e com um s\u00f3 aglomerado de pessoas, a Vila Nova do Corvo. Mas estava mesmo destinado que nunca havia de passar de mil habitantes.<\/p>\n\n\n\n<p>Numa certa altura, o povo do Corvo tinha aumentado bastante e tinha chegado aos novecentos e noventa e nove. Todos estavam agoniados porque havia uma mulher que ia dar \u00e0 luz e iam chegar aos mil habitantes, coisa que ningu\u00e9m se lembrava de ter acontecido h\u00e1 muito tempo.<\/p>\n\n\n\n<p>Chegado o tempo, aconteceu que a mulher, sem que ningu\u00e9m estivesse \u00e0 espera, deu \u00e0 luz dois lindos g\u00e9meos, para alegria dos pais.<\/p>\n\n\n\n<p>-Fulana teve dois g\u00e9meos! &#8211; disse algu\u00e9m e as palavras passaram de boca em boca, at\u00e9 que todos no Corvo ficaram sabendo da novidade.<\/p>\n\n\n\n<p>Alguns comentavam:<\/p>\n\n\n\n<p>-O que ser\u00e1 que vai acontecer agora que temos mil e um habitantes?<\/p>\n\n\n\n<p>Mas nunca tinham afinal passado das mil pessoas porque, ainda antes do segundo g\u00e9meo nascer, tinha morrido um dos habitantes do Corvo, cumprindo-se assim o que estava destinado.<\/p>\n\n\n\n<p>De ent\u00e3o at\u00e9 hoje nunca mais os corvinos chegaram ao n\u00famero fat\u00eddico e hoje essa amea\u00e7a est\u00e1 longe de p\u00f4r-se visto que a popula\u00e7\u00e3o n\u00e3o chega a quatrocentas pessoas.&#8221;<\/p>\n<\/details>\n\n\n\n<details class=\"wp-block-details is-layout-flow wp-block-details-is-layout-flow\"><summary>O Esp\u00edrito Santo amansou o mar<\/summary>\n<p>&#8220;Antigamente o porto de serventia do Corvo era uma entrada natural, muito pr\u00f3xima dos moinhos, que depois foi melhorada e a que chamaram de Porto Novo. Por ali se fazia o embarque e desembarque de bens e mercadorias que entravam e sa\u00edam da pequena ilha, principalmente do gado que se exportava.<\/p>\n\n\n\n<p>Uma certa vez, pelo Esp\u00edrito Santo, tinham que ir levar uns bois para a festa na ilha das Flores. Apesar da \u00e9poca do ano, quase Ver\u00e3o porque Junho j\u00e1 ia adiantado, o tempo estava muito mau, principalmente \u00e0 sa\u00edda da barra, o que impedia os batel\u00f5es a remos de sa\u00edrem do Corvo. Era j\u00e1 v\u00e9speras do Esp\u00edrito Santo e o tempo n\u00e3o melhorava. Os homens andavam por cima do cais, olhavam para o mar, miravam o c\u00e9u a ver se vislumbravam ares de bom tempo, mas nada.<\/p>\n\n\n\n<p>O mestre, que era um homem muito crente no Esp\u00edrito Santo, a dada altura olhou para o mar e para o c\u00e9u e, depois de pensar algum tempo, disse:<\/p>\n\n\n\n<p>-Olha, eu sei com quem \u00e9 que estou trabalhando&#8230;gado para o barco!&#8230;<\/p>\n\n\n\n<p>Os outros acharam que ele estava doido em se querer arriscar tanto.<\/p>\n\n\n\n<p>Um homem arriscou a dizer:<\/p>\n\n\n\n<p>-Eh mestre, o tempo t\u00e1 muito mau! \u00e9 melhor n\u00e3o sair ainda!<\/p>\n\n\n\n<p>Mas o mestre estava confiante no Esp\u00edrito Santo e decidido a fazer a viagem. Com voz segura ordenou:<\/p>\n\n\n\n<p>-Gado para dentro!<\/p>\n\n\n\n<p>Mais por obriga\u00e7\u00e3o do que por vontade, carregaram o gado e o barco largou do cais entre choros e lamentos das mulheres e acenos de reprova\u00e7\u00e3o dos homens que achavam aquilo uma aventura louca. Assim que o barco com o gado para o Esp\u00edrito Santo chegou \u00e0 barra do Porto Novo, o mar amansou de repente e ficou como azeite. As pessoas estavam pasmadas, algumas benziam-se e diziam:<\/p>\n\n\n\n<p>-Louvado seja o Senhor Esp\u00edrito Santo!<\/p>\n\n\n\n<p>A viagem at\u00e9 Ponta Delgada das Flores n\u00e3o podia ter sido melhor porque o Esp\u00edrito Santo tinha amansado o mar para que a carne n\u00e3o faltasse para as esmolas do dia da Sua festa.&#8221;<\/p>\n<\/details>\n\n\n\n<details class=\"wp-block-details is-layout-flow wp-block-details-is-layout-flow\"><summary>A Furna dos Encantados e a sexta-feira de jejum<\/summary>\n<p>&#8220;Havia no Corvo uma furna muito grande que se estendia por debaixo do ch\u00e3o, no meio das terras onde, frequentemente, os homens passavam ou trabalhavam. Aquele boqueir\u00e3o medonho, que tinha o nome de Furna dos Encantados, causava medo a muitas pessoas por acreditarem que era dom\u00ednio de diabos.<\/p>\n\n\n\n<p>Uma certa vez, j\u00e1 h\u00e1 muitos anos, estava um homem mais destemido sentado a descansar fora da furna, quando come\u00e7ou a ouvir uma conversa entre tr\u00eas dem\u00f3nios que estavam dentro do esconderijo. Um deles, muito contente, entre gargalhadas maldosas, dizia aos outros:<\/p>\n\n\n\n<p>-Fulano n\u00e3o se escapa que eu j\u00e1 o tenho na m\u00e3o.<\/p>\n\n\n\n<p>-Aquele outro Fulano jejua tr\u00eas sextas-feiras do ano. Ele vai-se salvar, n\u00e3o tenho maneira de o apanhar! &#8211; resmungou um outro dem\u00f3nio, mal disposto.<\/p>\n\n\n\n<p>-Que sextas-feiras s\u00e3o essas que s\u00e3o assim t\u00e3o importantes para a salva\u00e7\u00e3o? &#8211; perguntou um terceiro.<\/p>\n\n\n\n<p>O dem\u00f3nio que antes tinha falado come\u00e7ou a explicar:<\/p>\n\n\n\n<p>-Uma \u00e9 a primeira sexta-feira do m\u00eas. A outra \u00e9 a sexta-feira do Divino Esp\u00edrito Santo e a terceira \u00e9&#8230;<\/p>\n\n\n\n<p>Nisto um dos dem\u00f3nios, farejando, interrompeu a fala do companheiro e disse:<\/p>\n\n\n\n<p>-Anda gente por aqui!<\/p>\n\n\n\n<p>O homem que estava c\u00e1 fora sentado, muito calado, a escutar a conversa, ao ouvir isto, largou-se a fugir o mais depressa que p\u00f4de com medo que os dem\u00f3nios viessem atr\u00e1s dele e o apanhassem. Correu por ali abaixo e s\u00f3 parou quando se apanhou em casa com a porta bem fechada. Ao verem-no t\u00e3o aflito, perguntaram-lhe o que tinha acontecido e ele contou a conversa que tinha escutado entre os dem\u00f3nios.<\/p>\n\n\n\n<p>Todos os habitantes do Corvo ficaram muito apreensivos porque queriam saber qual era a outra sexta-feira em que tinham de jejuar para se poderem salvar.<\/p>\n\n\n\n<p>Como nunca mais tiveram maneira de saber, passou a ser h\u00e1bito no Corvo, durante muitos anos, jejuar todas as sextas-feiras para que assim estivessem seguros de que se iam salvar e n\u00e3o iam cair no poder dos dem\u00f3nios.&#8221;<\/p>\n<\/details>\n<\/details>\n\n\n\n<details class=\"wp-block-details is-layout-flow wp-block-details-is-layout-flow\"><summary>Apanha do Sarga\u00e7o<\/summary>\n<p>O sarga\u00e7o foi durante v\u00e1rios anos uma importante fonte de rendimento econ\u00f3mico para a quase totalidade das fam\u00edlias corvinas.<\/p>\n\n\n\n<p>Durante o Ver\u00e3o, fam\u00edlias inteiras dedicavam-se \u00e0 apanha desta alga. As algas eram colocadas em redes feitas de cordas, i\u00e7adas atrav\u00e9s de uma pequena grua para uma embarca\u00e7\u00e3o de apoio. Havia tamb\u00e9m quem arrancasse \u00e0 m\u00e3o o sarga\u00e7o e guardasse em cestos, equilibrados em b\u00f3ias. <\/p>\n\n\n<div class=\"wp-block-image\">\n<figure class=\"aligncenter size-large is-resized\"><img loading=\"lazy\" decoding=\"async\" width=\"650\" height=\"1024\" src=\"https:\/\/ecomuseu-corvo.cultura.azores.gov.pt\/wp-content\/uploads\/2023\/11\/17.12.424-650x1024.jpg\" alt=\"\" class=\"wp-image-3135\" style=\"aspect-ratio:0.634765625;width:217px;height:auto\" srcset=\"https:\/\/ecomuseu-corvo.cultura.azores.gov.pt\/wp-content\/uploads\/2023\/11\/17.12.424-650x1024.jpg 650w, https:\/\/ecomuseu-corvo.cultura.azores.gov.pt\/wp-content\/uploads\/2023\/11\/17.12.424-190x300.jpg 190w, https:\/\/ecomuseu-corvo.cultura.azores.gov.pt\/wp-content\/uploads\/2023\/11\/17.12.424-768x1210.jpg 768w, https:\/\/ecomuseu-corvo.cultura.azores.gov.pt\/wp-content\/uploads\/2023\/11\/17.12.424-975x1536.jpg 975w, https:\/\/ecomuseu-corvo.cultura.azores.gov.pt\/wp-content\/uploads\/2023\/11\/17.12.424-8x12.jpg 8w, https:\/\/ecomuseu-corvo.cultura.azores.gov.pt\/wp-content\/uploads\/2023\/11\/17.12.424-1200x1891.jpg 1200w, https:\/\/ecomuseu-corvo.cultura.azores.gov.pt\/wp-content\/uploads\/2023\/11\/17.12.424.jpg 1207w\" sizes=\"auto, (max-width: 650px) 100vw, 650px\" \/><figcaption class=\"wp-element-caption\">Arquivo Fotogr\u00e1fico do Corvo &#8211; Pertence a Jos\u00e9 Pedras Saramago<\/figcaption><\/figure>\n<\/div>\n\n\n<p>Outro processo de colher as algas era feito, principalmente por crian\u00e7as e mulheres, com um saco de serapilheira atado \u00e0 cintura.<\/p>\n\n\n<div class=\"wp-block-image\">\n<figure class=\"aligncenter size-large is-resized\"><img loading=\"lazy\" decoding=\"async\" width=\"1024\" height=\"670\" src=\"https:\/\/ecomuseu-corvo.cultura.azores.gov.pt\/wp-content\/uploads\/2023\/11\/19.18.897-1024x670.jpg\" alt=\"\" class=\"wp-image-3134\" style=\"aspect-ratio:1.528358208955224;width:274px;height:auto\" srcset=\"https:\/\/ecomuseu-corvo.cultura.azores.gov.pt\/wp-content\/uploads\/2023\/11\/19.18.897-1024x670.jpg 1024w, https:\/\/ecomuseu-corvo.cultura.azores.gov.pt\/wp-content\/uploads\/2023\/11\/19.18.897-300x196.jpg 300w, https:\/\/ecomuseu-corvo.cultura.azores.gov.pt\/wp-content\/uploads\/2023\/11\/19.18.897-768x502.jpg 768w, https:\/\/ecomuseu-corvo.cultura.azores.gov.pt\/wp-content\/uploads\/2023\/11\/19.18.897-18x12.jpg 18w, https:\/\/ecomuseu-corvo.cultura.azores.gov.pt\/wp-content\/uploads\/2023\/11\/19.18.897-1200x785.jpg 1200w, https:\/\/ecomuseu-corvo.cultura.azores.gov.pt\/wp-content\/uploads\/2023\/11\/19.18.897.jpg 1292w\" sizes=\"auto, (max-width: 1024px) 100vw, 1024px\" \/><figcaption class=\"wp-element-caption\">Arquivo Fotogr\u00e1fico do Corvo &#8211; Pertence a Wilfried Mayrus<\/figcaption><\/figure>\n<\/div>\n\n\n<p>Depois o sarga\u00e7o era disposto nas ruas mais pr\u00f3ximas dos portos e nas eiras para secar, seguida de uma sele\u00e7\u00e3o das algas de melhor qualidade por ter um pre\u00e7o mais elevado. Quando secas as algas, eram vendidas a comerciantes locais, que por sua vez exportavam para a ilha de S\u00e3o Miguel.<\/p>\n<\/details>\n<\/div><\/div>\n\n\n\n<h1 class=\"wp-block-heading\">Patrim\u00f3nio Natural<\/h1>\n\n\n\n<div class=\"wp-block-media-text alignwide is-stacked-on-mobile\" style=\"grid-template-columns:39% auto\"><figure class=\"wp-block-media-text__media\"><img loading=\"lazy\" decoding=\"async\" width=\"515\" height=\"600\" src=\"https:\/\/ecomuseu-corvo.cultura.azores.gov.pt\/wp-content\/uploads\/2022\/03\/Flora-1.jpg\" alt=\"\" class=\"wp-image-1409 size-full\" srcset=\"https:\/\/ecomuseu-corvo.cultura.azores.gov.pt\/wp-content\/uploads\/2022\/03\/Flora-1.jpg 515w, https:\/\/ecomuseu-corvo.cultura.azores.gov.pt\/wp-content\/uploads\/2022\/03\/Flora-1-258x300.jpg 258w, https:\/\/ecomuseu-corvo.cultura.azores.gov.pt\/wp-content\/uploads\/2022\/03\/Flora-1-10x12.jpg 10w\" sizes=\"auto, (max-width: 515px) 100vw, 515px\" \/><\/figure><div class=\"wp-block-media-text__content\">\n<h4 class=\"wp-block-heading\">Flora<\/h4>\n\n\n\n<details class=\"wp-block-details is-layout-flow wp-block-details-is-layout-flow\"><summary>Myosotis azorica<\/summary>\n<p><\/p>\n\n\n\n<p>Planta herb\u00e1cea pertencente \u00e0 fam\u00edlia Boraginaceae, end\u00e9mica nos A\u00e7ores, protegida pela Conven\u00e7\u00e3o de Berna e pela Diretiva Habitats. \u00c9 uma das plantas end\u00e9micas mais raras dos A\u00e7ores, apenas encontrada nas ilhas das Flores e Corvo, com uma flor de um intenso azul-marinho, conhecida popularmente como n\u00e3o-me-esque\u00e7as.<\/p>\n\n\n\n<p>Em 2014 foi anunciada a descoberta de v\u00e1rios exemplares no Corvo, com uma popula\u00e7\u00e3o a rondar as 50 plantas com flor.<\/p>\n\n\n\n<figure class=\"wp-block-image size-full is-resized\"><img loading=\"lazy\" decoding=\"async\" width=\"1024\" height=\"768\" src=\"https:\/\/ecomuseu-corvo.cultura.azores.gov.pt\/wp-content\/uploads\/2023\/10\/Myosotis-azorica-Azorean-Forget-me-not2.jpg\" alt=\"\" class=\"wp-image-3032\" style=\"width:332px;height:249px\" srcset=\"https:\/\/ecomuseu-corvo.cultura.azores.gov.pt\/wp-content\/uploads\/2023\/10\/Myosotis-azorica-Azorean-Forget-me-not2.jpg 1024w, https:\/\/ecomuseu-corvo.cultura.azores.gov.pt\/wp-content\/uploads\/2023\/10\/Myosotis-azorica-Azorean-Forget-me-not2-300x225.jpg 300w, https:\/\/ecomuseu-corvo.cultura.azores.gov.pt\/wp-content\/uploads\/2023\/10\/Myosotis-azorica-Azorean-Forget-me-not2-768x576.jpg 768w, https:\/\/ecomuseu-corvo.cultura.azores.gov.pt\/wp-content\/uploads\/2023\/10\/Myosotis-azorica-Azorean-Forget-me-not2-16x12.jpg 16w\" sizes=\"auto, (max-width: 1024px) 100vw, 1024px\" \/><\/figure>\n<\/details>\n\n\n\n<details class=\"wp-block-details is-layout-flow wp-block-details-is-layout-flow\"><summary>Azorina vidalii<\/summary>\n<p><\/p>\n\n\n\n<p>A vid\u00e1lia (<em>Azorina vidalii<\/em>) \u00e9 a \u00fanica esp\u00e9cie do g\u00e9nero Azorina, que \u00e9 o \u00fanico representante da fam\u00edlia Campanulaceae entre a flora dos A\u00e7ores. Apesar de esta esp\u00e9cie poder ser observada em todas as ilhas do arquip\u00e9lago, o n\u00famero de indiv\u00edduos desta esp\u00e9cie est\u00e1 em decl\u00ednio e as popula\u00e7\u00f5es apresentam-se bastante fragmentadas. <\/p>\n\n\n\n<figure class=\"wp-block-gallery has-nested-images columns-default is-cropped wp-block-gallery-6 is-layout-flex wp-block-gallery-is-layout-flex\">\n<figure class=\"wp-block-image size-large\"><img loading=\"lazy\" decoding=\"async\" width=\"943\" height=\"1024\" data-id=\"3033\" src=\"https:\/\/ecomuseu-corvo.cultura.azores.gov.pt\/wp-content\/uploads\/2023\/10\/R-1-943x1024.jpg\" alt=\"\" class=\"wp-image-3033\" srcset=\"https:\/\/ecomuseu-corvo.cultura.azores.gov.pt\/wp-content\/uploads\/2023\/10\/R-1-943x1024.jpg 943w, https:\/\/ecomuseu-corvo.cultura.azores.gov.pt\/wp-content\/uploads\/2023\/10\/R-1-276x300.jpg 276w, https:\/\/ecomuseu-corvo.cultura.azores.gov.pt\/wp-content\/uploads\/2023\/10\/R-1-768x834.jpg 768w, https:\/\/ecomuseu-corvo.cultura.azores.gov.pt\/wp-content\/uploads\/2023\/10\/R-1-1414x1536.jpg 1414w, https:\/\/ecomuseu-corvo.cultura.azores.gov.pt\/wp-content\/uploads\/2023\/10\/R-1-11x12.jpg 11w, https:\/\/ecomuseu-corvo.cultura.azores.gov.pt\/wp-content\/uploads\/2023\/10\/R-1-1200x1303.jpg 1200w, https:\/\/ecomuseu-corvo.cultura.azores.gov.pt\/wp-content\/uploads\/2023\/10\/R-1.jpg 1473w\" sizes=\"auto, (max-width: 943px) 100vw, 943px\" \/><\/figure>\n\n\n\n<figure class=\"wp-block-image size-large\"><img loading=\"lazy\" decoding=\"async\" width=\"744\" height=\"1024\" data-id=\"3034\" src=\"https:\/\/ecomuseu-corvo.cultura.azores.gov.pt\/wp-content\/uploads\/2023\/10\/R-744x1024.jpg\" alt=\"\" class=\"wp-image-3034\" srcset=\"https:\/\/ecomuseu-corvo.cultura.azores.gov.pt\/wp-content\/uploads\/2023\/10\/R-744x1024.jpg 744w, https:\/\/ecomuseu-corvo.cultura.azores.gov.pt\/wp-content\/uploads\/2023\/10\/R-218x300.jpg 218w, https:\/\/ecomuseu-corvo.cultura.azores.gov.pt\/wp-content\/uploads\/2023\/10\/R-768x1056.jpg 768w, https:\/\/ecomuseu-corvo.cultura.azores.gov.pt\/wp-content\/uploads\/2023\/10\/R-9x12.jpg 9w, https:\/\/ecomuseu-corvo.cultura.azores.gov.pt\/wp-content\/uploads\/2023\/10\/R.jpg 900w\" sizes=\"auto, (max-width: 744px) 100vw, 744px\" \/><\/figure>\n<\/figure>\n\n\n\n<p><\/p>\n\n\n\n<p>Embalada pelas ondas Atl\u00e2nticas ao sabor da maresia, a Vid\u00e1lia (Azorina vidalii) vive arraigada nas arribas e escarpas rochosas da costa A\u00e7oriana.<\/p>\n\n\n\n<p>Nos dias de hoje, para al\u00e9m das fal\u00e9sias costeiras e escarpas bas\u00e1lticas pode ser tamb\u00e9m encontrada em zonas mais urbanas, nomeadamente em habitats de substitui\u00e7\u00e3o como telhados de casas ou muros de pedra. O seu aspeto fr\u00e1gil e delicado contrasta com as condi\u00e7\u00f5es \u00e0s quais resiste, exposta a ventos fortes, tempestades, altas concentra\u00e7\u00f5es salinas e parco substrato onde se agarrar. Floresce entre Abril e Setembro, e pode ser polinizada por abelhas (<em>Apis mellifera<\/em>), borboletas (<em>Macroglossa stellatarum<\/em>), mas tamb\u00e9m por outra ilustre habitante das ilhas, a lagartixa-da-Madeira (<em>Teira dugesii<\/em>).<\/p>\n<\/details>\n\n\n\n<details class=\"wp-block-details is-layout-flow wp-block-details-is-layout-flow\"><summary><em>Cyperus esculentus<\/em><\/summary>\n<p><\/p>\n\n\n\n<p>Informa\u00e7\u00e3o dispon\u00edvel em: <a href=\"https:\/\/ecomuseu-corvo.cultura.azores.gov.pt\/the-sedge-cyperus-esculentus-a-corvos-heritage\/\">A jun\u00e7a (Cyperus esculentus): um patrim\u00f3nio do Corvo<\/a><\/p>\n\n\n\n<figure class=\"wp-block-image size-large is-resized\"><img loading=\"lazy\" decoding=\"async\" width=\"881\" height=\"1024\" src=\"https:\/\/ecomuseu-corvo.cultura.azores.gov.pt\/wp-content\/uploads\/2023\/10\/Dossier-Junca-um-patrimonio-do-Corvo_page-0022-881x1024.jpg\" alt=\"\" class=\"wp-image-3061\" style=\"aspect-ratio:0.8603515625;width:241px;height:auto\" srcset=\"https:\/\/ecomuseu-corvo.cultura.azores.gov.pt\/wp-content\/uploads\/2023\/10\/Dossier-Junca-um-patrimonio-do-Corvo_page-0022-881x1024.jpg 881w, https:\/\/ecomuseu-corvo.cultura.azores.gov.pt\/wp-content\/uploads\/2023\/10\/Dossier-Junca-um-patrimonio-do-Corvo_page-0022-258x300.jpg 258w, https:\/\/ecomuseu-corvo.cultura.azores.gov.pt\/wp-content\/uploads\/2023\/10\/Dossier-Junca-um-patrimonio-do-Corvo_page-0022-768x893.jpg 768w, https:\/\/ecomuseu-corvo.cultura.azores.gov.pt\/wp-content\/uploads\/2023\/10\/Dossier-Junca-um-patrimonio-do-Corvo_page-0022-10x12.jpg 10w, https:\/\/ecomuseu-corvo.cultura.azores.gov.pt\/wp-content\/uploads\/2023\/10\/Dossier-Junca-um-patrimonio-do-Corvo_page-0022.jpg 1199w\" sizes=\"auto, (max-width: 881px) 100vw, 881px\" \/><\/figure>\n<\/details>\n\n\n\n<details class=\"wp-block-details is-layout-flow wp-block-details-is-layout-flow\"><summary>Salgueiro<\/summary>\n<p><\/p>\n\n\n\n<p>\u00c1rvores ou arbustos, com ramos geralmente flex\u00edveis, que crescem junto \u00e0 \u00e1gua. A terminologia \u201csalgueiro\u201d refere a planta espont\u00e2nea. Necessita estar em locais \u00famidos e n\u00e3o resiste \u00e0s temperaturas extremas. \u00c9 uma \u00e1rvore caducif\u00f3lia que chega a atingir de 20 a 30 metros de altura.<\/p>\n\n\n\n<figure class=\"wp-block-image size-full is-resized\"><img loading=\"lazy\" decoding=\"async\" width=\"266\" height=\"189\" src=\"https:\/\/ecomuseu-corvo.cultura.azores.gov.pt\/wp-content\/uploads\/2023\/11\/transferir.jpg\" alt=\"\" class=\"wp-image-3083\" style=\"aspect-ratio:1.4074074074074074;width:231px;height:auto\" srcset=\"https:\/\/ecomuseu-corvo.cultura.azores.gov.pt\/wp-content\/uploads\/2023\/11\/transferir.jpg 266w, https:\/\/ecomuseu-corvo.cultura.azores.gov.pt\/wp-content\/uploads\/2023\/11\/transferir-18x12.jpg 18w\" sizes=\"auto, (max-width: 266px) 100vw, 266px\" \/><\/figure>\n\n\n\n<p>A grande quantidade de salgueiros na ilha, introduzidos nos anos 60, deve-se \u00e0 escassez de lenha e ao facto desta esp\u00e9cie vingar facilmente e produzir madeira que queima com facilidade.<\/p>\n<\/details>\n\n\n\n<details class=\"wp-block-details is-layout-flow wp-block-details-is-layout-flow\"><summary>Inhame<\/summary>\n<p><\/p>\n\n\n\n<p>O inhame dos A\u00e7ores (Colocasia esculenta), \u00e9 uma cultura herb\u00e1cea, perene, com um rizoma, muito cultivada na regi\u00e3o, tanto em sequeiro como por alagamento. Tub\u00e9rculo muito usado nos A\u00e7ores como acompanhamento nas refei\u00e7\u00f5es<\/p>\n\n\n\n<figure class=\"wp-block-gallery has-nested-images columns-default is-cropped wp-block-gallery-7 is-layout-flex wp-block-gallery-is-layout-flex\">\n<figure class=\"wp-block-image size-large\"><img loading=\"lazy\" decoding=\"async\" width=\"1024\" height=\"728\" data-id=\"3086\" src=\"https:\/\/ecomuseu-corvo.cultura.azores.gov.pt\/wp-content\/uploads\/2023\/11\/1200px-2006-10-22Colocasia01-1024x728.jpg\" alt=\"\" class=\"wp-image-3086\" srcset=\"https:\/\/ecomuseu-corvo.cultura.azores.gov.pt\/wp-content\/uploads\/2023\/11\/1200px-2006-10-22Colocasia01-1024x728.jpg 1024w, https:\/\/ecomuseu-corvo.cultura.azores.gov.pt\/wp-content\/uploads\/2023\/11\/1200px-2006-10-22Colocasia01-300x213.jpg 300w, https:\/\/ecomuseu-corvo.cultura.azores.gov.pt\/wp-content\/uploads\/2023\/11\/1200px-2006-10-22Colocasia01-768x546.jpg 768w, https:\/\/ecomuseu-corvo.cultura.azores.gov.pt\/wp-content\/uploads\/2023\/11\/1200px-2006-10-22Colocasia01-18x12.jpg 18w, https:\/\/ecomuseu-corvo.cultura.azores.gov.pt\/wp-content\/uploads\/2023\/11\/1200px-2006-10-22Colocasia01.jpg 1200w\" sizes=\"auto, (max-width: 1024px) 100vw, 1024px\" \/><\/figure>\n\n\n\n<figure class=\"wp-block-image size-large\"><img loading=\"lazy\" decoding=\"async\" width=\"1024\" height=\"538\" data-id=\"3085\" src=\"https:\/\/ecomuseu-corvo.cultura.azores.gov.pt\/wp-content\/uploads\/2023\/11\/taro-inhame-roxo-2-1024x538.jpg\" alt=\"\" class=\"wp-image-3085\" srcset=\"https:\/\/ecomuseu-corvo.cultura.azores.gov.pt\/wp-content\/uploads\/2023\/11\/taro-inhame-roxo-2-1024x538.jpg 1024w, https:\/\/ecomuseu-corvo.cultura.azores.gov.pt\/wp-content\/uploads\/2023\/11\/taro-inhame-roxo-2-300x158.jpg 300w, https:\/\/ecomuseu-corvo.cultura.azores.gov.pt\/wp-content\/uploads\/2023\/11\/taro-inhame-roxo-2-768x403.jpg 768w, https:\/\/ecomuseu-corvo.cultura.azores.gov.pt\/wp-content\/uploads\/2023\/11\/taro-inhame-roxo-2-18x9.jpg 18w, https:\/\/ecomuseu-corvo.cultura.azores.gov.pt\/wp-content\/uploads\/2023\/11\/taro-inhame-roxo-2.jpg 1200w\" sizes=\"auto, (max-width: 1024px) 100vw, 1024px\" \/><\/figure>\n<\/figure>\n\n\n\n<p>Relativamente \u00e0 sua introdu\u00e7\u00e3o nos A\u00e7ores e na Madeira, esta ter\u00e1 acontecido nos s\u00e9culos XV e XVI por altura do povoamento das ilhas.  A presen\u00e7a de inhames na ilha \u00e9 um indicador da liga\u00e7\u00e3o aos arquip\u00e9lagos africanos de Cabo Verde e S\u00e3o Tom\u00e9 e Princ\u00edpe, de onde foram levados pelos portugueses para o Brasil. O facto de um dos capit\u00e3es donat\u00e1rios ter sido tamb\u00e9m donat\u00e1rio de algumas ilhas de Cabo Verde, facilitaria a sua introdu\u00e7\u00e3o.<\/p>\n\n\n\n<p>Fazia parte da alimenta\u00e7\u00e3o do povo que n\u00e3o tinha posses para comprar p\u00e3o, que era coisa de gente abastada.<\/p>\n<\/details>\n\n\n\n<details class=\"wp-block-details is-layout-flow wp-block-details-is-layout-flow\"><summary>Caba\u00e7a<\/summary>\n<p>A caba\u00e7a \u00e9 o fruto de uma planta chamada legen\u00e1ria, cultivada e tratada justamente porque se tornava um importante meio de transporte de l\u00edquidos. <\/p>\n\n\n<div class=\"wp-block-image\">\n<figure class=\"aligncenter size-full is-resized\"><img loading=\"lazy\" decoding=\"async\" width=\"632\" height=\"771\" src=\"https:\/\/ecomuseu-corvo.cultura.azores.gov.pt\/wp-content\/uploads\/2023\/11\/Imagem6.png\" alt=\"\" class=\"wp-image-3145\" style=\"aspect-ratio:0.8197146562905318;width:202px;height:auto\" srcset=\"https:\/\/ecomuseu-corvo.cultura.azores.gov.pt\/wp-content\/uploads\/2023\/11\/Imagem6.png 632w, https:\/\/ecomuseu-corvo.cultura.azores.gov.pt\/wp-content\/uploads\/2023\/11\/Imagem6-246x300.png 246w, https:\/\/ecomuseu-corvo.cultura.azores.gov.pt\/wp-content\/uploads\/2023\/11\/Imagem6-10x12.png 10w\" sizes=\"auto, (max-width: 632px) 100vw, 632px\" \/><\/figure>\n<\/div>\n\n\n<p>As caba\u00e7as eram equipamento indispens\u00e1vel dos pastores e dos homens de lavoura que as usavam para levar \u00e1gua para o campo e para trazer o leite para casa (as mais pequenas), no que eram auxiliados por um sedenho, esp\u00e9cie de cinto feito com entran\u00e7ados de rabada com que as atavam umas \u00e0s outras, ou \u00e0 cintura. As caba\u00e7as maiores eram o instrumento fundamental fazer a manteiga, agitando-se vigorosamente o leite no seu interior. Lavadas e limpas, secavam-se com o fumo da chamin\u00e9 e rolhavam-se com peda\u00e7os de sabugo da ma\u00e7aroca de milho. Diz, por isso, Lu\u00eds da Silva Ribeiro que &#8220;era luxo ter as caba\u00e7as bem pretas e polidas. &#8220;<\/p>\n<\/details>\n\n\n\n<details class=\"wp-block-details is-layout-flow wp-block-details-is-layout-flow\"><summary>Trigo<\/summary>\n<p>Nos A\u00e7ores, relatos entusi\u00e1sticos do cronista Gaspar Frutuoso mostram como as ilhas se tornaram rapidamente no celeiro de Portugal. Deu-se uma r\u00e1pida ocupa\u00e7\u00e3o dos terrenos ar\u00e1veis por este cereal, levando a que o trigo se impusesse at\u00e9 \u00e0 segunda metade do XVIII como o principal produto de exporta\u00e7\u00e3o do arquip\u00e9lago.<\/p>\n\n\n\n<p>No Corvo, os &#8220;(&#8230;) s\u00edtios de trigo com mais de um hectare estavam reduzidos a parte das terras baixas, pouco ultrapassando no conjunto os 18 hectares.<\/p>\n\n\n\n<p>O trigo era semeado em mar\u00e7o e estava pronto em julho. Na ceifa, faziam-se gabelas (um bra\u00e7o cheio de espigas), amarradas com espadana. At\u00e9 haver espa\u00e7o nas eiras para a debulha, as gabelas eram postas ao alto, com a rama para cima, em rolheiros, cobertas com as sacas de serapilheira que viam com o sal, para evitar que as pombas comessem o gr\u00e3o.&#8221;<\/p>\n\n\n<div class=\"wp-block-image\">\n<figure class=\"aligncenter size-large is-resized\"><img loading=\"lazy\" decoding=\"async\" width=\"1024\" height=\"683\" src=\"https:\/\/ecomuseu-corvo.cultura.azores.gov.pt\/wp-content\/uploads\/2023\/11\/19.18.868-1024x683.jpg\" alt=\"\" class=\"wp-image-3159\" style=\"aspect-ratio:1.5;width:320px;height:auto\" srcset=\"https:\/\/ecomuseu-corvo.cultura.azores.gov.pt\/wp-content\/uploads\/2023\/11\/19.18.868-1024x683.jpg 1024w, https:\/\/ecomuseu-corvo.cultura.azores.gov.pt\/wp-content\/uploads\/2023\/11\/19.18.868-300x200.jpg 300w, https:\/\/ecomuseu-corvo.cultura.azores.gov.pt\/wp-content\/uploads\/2023\/11\/19.18.868-768x512.jpg 768w, https:\/\/ecomuseu-corvo.cultura.azores.gov.pt\/wp-content\/uploads\/2023\/11\/19.18.868-1536x1024.jpg 1536w, https:\/\/ecomuseu-corvo.cultura.azores.gov.pt\/wp-content\/uploads\/2023\/11\/19.18.868-2048x1365.jpg 2048w, https:\/\/ecomuseu-corvo.cultura.azores.gov.pt\/wp-content\/uploads\/2023\/11\/19.18.868-18x12.jpg 18w, https:\/\/ecomuseu-corvo.cultura.azores.gov.pt\/wp-content\/uploads\/2023\/11\/19.18.868-1200x800.jpg 1200w, https:\/\/ecomuseu-corvo.cultura.azores.gov.pt\/wp-content\/uploads\/2023\/11\/19.18.868-1980x1320.jpg 1980w\" sizes=\"auto, (max-width: 1024px) 100vw, 1024px\" \/><figcaption class=\"wp-element-caption\">Arquivo Fotogr\u00e1fico do Corvo &#8211; Pertence a Wilfried Mayrus<\/figcaption><\/figure>\n<\/div>\n\n<div class=\"wp-block-image\">\n<figure class=\"aligncenter size-large is-resized\"><img loading=\"lazy\" decoding=\"async\" width=\"1024\" height=\"743\" src=\"https:\/\/ecomuseu-corvo.cultura.azores.gov.pt\/wp-content\/uploads\/2023\/11\/19.18.888-1024x743.jpg\" alt=\"\" class=\"wp-image-3160\" style=\"aspect-ratio:1.3781965006729475;width:317px;height:auto\" srcset=\"https:\/\/ecomuseu-corvo.cultura.azores.gov.pt\/wp-content\/uploads\/2023\/11\/19.18.888-1024x743.jpg 1024w, https:\/\/ecomuseu-corvo.cultura.azores.gov.pt\/wp-content\/uploads\/2023\/11\/19.18.888-300x218.jpg 300w, https:\/\/ecomuseu-corvo.cultura.azores.gov.pt\/wp-content\/uploads\/2023\/11\/19.18.888-768x557.jpg 768w, https:\/\/ecomuseu-corvo.cultura.azores.gov.pt\/wp-content\/uploads\/2023\/11\/19.18.888-1536x1115.jpg 1536w, https:\/\/ecomuseu-corvo.cultura.azores.gov.pt\/wp-content\/uploads\/2023\/11\/19.18.888-18x12.jpg 18w, https:\/\/ecomuseu-corvo.cultura.azores.gov.pt\/wp-content\/uploads\/2023\/11\/19.18.888-1200x871.jpg 1200w, https:\/\/ecomuseu-corvo.cultura.azores.gov.pt\/wp-content\/uploads\/2023\/11\/19.18.888-1980x1437.jpg 1980w, https:\/\/ecomuseu-corvo.cultura.azores.gov.pt\/wp-content\/uploads\/2023\/11\/19.18.888.jpg 2028w\" sizes=\"auto, (max-width: 1024px) 100vw, 1024px\" \/><figcaption class=\"wp-element-caption\">Arquivo Fotogr\u00e1fico do Corvo &#8211; Pertence a Wilfried Mayrus<\/figcaption><\/figure>\n<\/div>\n\n\n<p>Constata-se, para o s\u00e9culo XX, o decr\u00e9scimo da cultura do trigo e o incremento do milho.<\/p>\n\n\n\n<ul class=\"wp-block-list\">\n<li>Amorim, Maria Norberta. Uma aldeia no oceano: As gentes do Corvo entre o s\u00e9culo XVII e XX, Porto: CITCEM &#8211; Centro de Investiga\u00e7\u00e3o Transdisciplinar Cultura, Espa\u00e7o e Mem\u00f3ria 2018. 369 p. ISBN 978-989-8970-14-5.<\/li>\n<\/ul>\n<\/details>\n<\/div><\/div>\n\n\n\n<div class=\"wp-block-media-text alignwide is-stacked-on-mobile\" style=\"grid-template-columns:39% auto\"><figure class=\"wp-block-media-text__media\"><img loading=\"lazy\" decoding=\"async\" width=\"571\" height=\"600\" src=\"https:\/\/ecomuseu-corvo.cultura.azores.gov.pt\/wp-content\/uploads\/2022\/03\/Fauna1-1.png\" alt=\"\" class=\"wp-image-1412 size-full\" srcset=\"https:\/\/ecomuseu-corvo.cultura.azores.gov.pt\/wp-content\/uploads\/2022\/03\/Fauna1-1.png 571w, https:\/\/ecomuseu-corvo.cultura.azores.gov.pt\/wp-content\/uploads\/2022\/03\/Fauna1-1-286x300.png 286w, https:\/\/ecomuseu-corvo.cultura.azores.gov.pt\/wp-content\/uploads\/2022\/03\/Fauna1-1-11x12.png 11w\" sizes=\"auto, (max-width: 571px) 100vw, 571px\" \/><\/figure><div class=\"wp-block-media-text__content\">\n<h4 class=\"wp-block-heading\">Fauna<\/h4>\n\n\n\n<details class=\"wp-block-details is-layout-flow wp-block-details-is-layout-flow\"><summary>Angelito<br><\/summary>\n<p>Esta ave marinha, conhecida tamb\u00e9m como Melro-da-Baleia, tem como nome cient\u00edfico <em>Oceanodroma castro<\/em>. Tem uma plumagem preto-acastanhada e tem como caracter\u00edstica espec\u00edfica uma cauda levemente bifurcada. Normalmente, pode atingir entre 19 a 21 cent\u00edmetros de comprimento.<\/p>\n\n\n\n<p>\u00c9 uma ave oce\u00e2nica que visita as suas col\u00f3nias durante a noite, alimentando-se principalmente durante a noite, de pequenos peixes e crust\u00e1ceos e, tamb\u00e9m, aproveita restos de outros predadores. Quanto \u00e0 sua nidifica\u00e7\u00e3o, \u00e9 feita em buracos ou fendas de rochas, profundas, entre os meses de abril e janeiro.<\/p>\n\n\n\n<figure class=\"wp-block-image size-full is-resized\"><img loading=\"lazy\" decoding=\"async\" width=\"404\" height=\"393\" src=\"https:\/\/ecomuseu-corvo.cultura.azores.gov.pt\/wp-content\/uploads\/2023\/10\/Angelito_Img.png\" alt=\"\" class=\"wp-image-3026\" style=\"width:167px;height:162px\" srcset=\"https:\/\/ecomuseu-corvo.cultura.azores.gov.pt\/wp-content\/uploads\/2023\/10\/Angelito_Img.png 404w, https:\/\/ecomuseu-corvo.cultura.azores.gov.pt\/wp-content\/uploads\/2023\/10\/Angelito_Img-300x292.png 300w, https:\/\/ecomuseu-corvo.cultura.azores.gov.pt\/wp-content\/uploads\/2023\/10\/Angelito_Img-12x12.png 12w\" sizes=\"auto, (max-width: 404px) 100vw, 404px\" \/><\/figure>\n\n\n\n<p>A introdu\u00e7\u00e3o de mam\u00edferos pelos Portugueses a partir do s\u00e9culo<br>XV e a explora\u00e7\u00e3o das aves para alimenta\u00e7\u00e3o e extra\u00e7\u00e3o de \u00f3leo<br>resultaram na diminui\u00e7\u00e3o dr\u00e1stica da popula\u00e7\u00e3o a\u00e7oriana.<\/p>\n\n\n\n<p>As aves marinhas ocorriam tamb\u00e9m em grande abund\u00e2ncia, sendo os angelitos ca\u00e7ados por meio de armadilhas e outros processos rudimentares. Deles era extra\u00eddo um \u00f3leo considerado t\u00e3o bom como o azeite e eram aproveitadas a carne e as penas.<\/p>\n<\/details>\n\n\n\n<details class=\"wp-block-details is-layout-flow wp-block-details-is-layout-flow\"><summary>Vaca An\u00e3<\/summary>\n<p><\/p>\n\n\n\n<p>A ra\u00e7a an\u00e3 de bovinos tem um valor particular porque poder\u00e1 ser um testemunho de especia\u00e7\u00e3o e portanto de adapta\u00e7\u00e3o ao territ\u00f3rio, uma aventura partilhada com os seres humanos.<\/p>\n\n\n\n<figure class=\"wp-block-image size-full is-resized\"><img loading=\"lazy\" decoding=\"async\" width=\"400\" height=\"276\" src=\"https:\/\/ecomuseu-corvo.cultura.azores.gov.pt\/wp-content\/uploads\/2023\/10\/Bovino_Ana_CORVO_Museu-Carlos-Machado-Invent.-30-31.jpg\" alt=\"\" class=\"wp-image-3027\" style=\"width:351px;height:242px\" srcset=\"https:\/\/ecomuseu-corvo.cultura.azores.gov.pt\/wp-content\/uploads\/2023\/10\/Bovino_Ana_CORVO_Museu-Carlos-Machado-Invent.-30-31.jpg 400w, https:\/\/ecomuseu-corvo.cultura.azores.gov.pt\/wp-content\/uploads\/2023\/10\/Bovino_Ana_CORVO_Museu-Carlos-Machado-Invent.-30-31-300x207.jpg 300w, https:\/\/ecomuseu-corvo.cultura.azores.gov.pt\/wp-content\/uploads\/2023\/10\/Bovino_Ana_CORVO_Museu-Carlos-Machado-Invent.-30-31-18x12.jpg 18w\" sizes=\"auto, (max-width: 400px) 100vw, 400px\" \/><\/figure>\n\n\n\n<p>Da cria\u00e7\u00e3o de gado bovino na Ilha do Corvo resultou uma ra\u00e7a aut\u00f3ctone &#8211; Vaquinha do Corvo, que se caracterizava pela sua reduzida dimens\u00e3o e que foi extinta no in\u00edcio do s\u00e9culo passado. Existe uma enorme pol\u00e9mica em redor desta ra\u00e7a, atribuindo alguns autores as suas caracter\u00edsticas ao nanismo insular enquanto outros as relacionam com as car\u00eancias alimentares decorrentes da constitui\u00e7\u00e3o dos pastos.<\/p>\n<\/details>\n\n\n\n<details class=\"wp-block-details is-layout-flow wp-block-details-is-layout-flow\"><summary>Aves Marinhas dos A\u00e7ores<br><\/summary>\n<p><\/p>\n\n\n\n<p>S\u00e3o 10 as esp\u00e9cies que nidificam anualmente nas ilhas, entre elas a segunda maior popula\u00e7\u00e3o europeia de garajau-rosado (uma esp\u00e9cie com uma distribui\u00e7\u00e3o muito restrita na Europa) e a maior popula\u00e7\u00e3o de cagarra (75% da popula\u00e7\u00e3o mundial).<\/p>\n\n\n\n<p>A posi\u00e7\u00e3o geogr\u00e1fica do arquip\u00e9lago, em pleno oceano Atl\u00e2ntico Norte, constitui ainda um importante ponto de passagem para v\u00e1rias esp\u00e9cies de aves marinhas migradoras.<\/p>\n\n\n\n<figure class=\"wp-block-image size-full is-resized\"><img loading=\"lazy\" decoding=\"async\" width=\"516\" height=\"335\" src=\"https:\/\/ecomuseu-corvo.cultura.azores.gov.pt\/wp-content\/uploads\/2023\/10\/Fauna1-1.png\" alt=\"\" class=\"wp-image-3028\" style=\"width:380px;height:247px\" srcset=\"https:\/\/ecomuseu-corvo.cultura.azores.gov.pt\/wp-content\/uploads\/2023\/10\/Fauna1-1.png 516w, https:\/\/ecomuseu-corvo.cultura.azores.gov.pt\/wp-content\/uploads\/2023\/10\/Fauna1-1-300x195.png 300w, https:\/\/ecomuseu-corvo.cultura.azores.gov.pt\/wp-content\/uploads\/2023\/10\/Fauna1-1-18x12.png 18w\" sizes=\"auto, (max-width: 516px) 100vw, 516px\" \/><\/figure>\n\n\n\n<p>At\u00e9 ao momento, cerca de 62 esp\u00e9cies j\u00e1 foram avistadas, sendo provenientes, sobretudo, das regi\u00f5es biogeogr\u00e1ficas do Pale\u00e1rctico e do Ne\u00e1rctico.<\/p>\n<\/details>\n<\/div><\/div>\n\n\n\n<h1 class=\"wp-block-heading\">Patrim\u00f3nio Paisag\u00edstico<\/h1>\n\n\n\n<div class=\"wp-block-media-text alignwide has-media-on-the-right is-stacked-on-mobile\" style=\"grid-template-columns:auto 36%\"><div class=\"wp-block-media-text__content\">\n<details class=\"wp-block-details is-layout-flow wp-block-details-is-layout-flow\"><summary>Cara do \u00cdndio<\/summary>\n<p>Escarpa mais emblem\u00e1tica e famosa da ilha. Situa-se na zona oeste, uma das mais ventosas e em pleno Baldio. Para apreciar esta paisagem basta seguir o trilho PR01COR e poder\u00e1 deparar-se com a inebriante &#8220;cara do \u00edndio&#8221; a observar o mar.<\/p>\n\n\n\n<figure class=\"wp-block-image size-full is-resized\"><img loading=\"lazy\" decoding=\"async\" width=\"720\" height=\"720\" src=\"https:\/\/ecomuseu-corvo.cultura.azores.gov.pt\/wp-content\/uploads\/2023\/11\/dbf14280b4c76293f0236eda324a6217.jpg\" alt=\"\" class=\"wp-image-3190\" style=\"aspect-ratio:1;width:219px;height:auto\" srcset=\"https:\/\/ecomuseu-corvo.cultura.azores.gov.pt\/wp-content\/uploads\/2023\/11\/dbf14280b4c76293f0236eda324a6217.jpg 720w, https:\/\/ecomuseu-corvo.cultura.azores.gov.pt\/wp-content\/uploads\/2023\/11\/dbf14280b4c76293f0236eda324a6217-300x300.jpg 300w, https:\/\/ecomuseu-corvo.cultura.azores.gov.pt\/wp-content\/uploads\/2023\/11\/dbf14280b4c76293f0236eda324a6217-150x150.jpg 150w, https:\/\/ecomuseu-corvo.cultura.azores.gov.pt\/wp-content\/uploads\/2023\/11\/dbf14280b4c76293f0236eda324a6217-12x12.jpg 12w\" sizes=\"auto, (max-width: 720px) 100vw, 720px\" \/><\/figure>\n\n\n\n<p>Esta rota linear une dois importantes geoss\u00edtios, o Caldeir\u00e3o e a Vila do Corvo, atravessando, de norte a sul, uma das ilhas do Arquip\u00e9lago menos afetada pela a\u00e7\u00e3o antropog\u00e9nica. Este trilho percorre tamb\u00e9m algumas zonas da \u00c1rea Protegida para a Gest\u00e3o de Habitats ou Esp\u00e9cies da Costa e Caldeir\u00e3o do Corvo.<\/p>\n\n\n\n<div data-wp-interactive=\"core\/file\" class=\"wp-block-file\"><object data-wp-bind--hidden=\"!state.hasPdfPreview\" hidden class=\"wp-block-file__embed\" data=\"https:\/\/ecomuseu-corvo.cultura.azores.gov.pt\/wp-content\/uploads\/2023\/11\/pr_01_cor_-_cara_do_indio_1.pdf\" type=\"application\/pdf\" style=\"width:100%;height:600px\" aria-label=\"Embed of pr_01_cor_-_cara_do_indio_1.\"><\/object><a id=\"wp-block-file--media-7eec3a42-894b-49b7-be8f-c940a09606c5\" href=\"https:\/\/ecomuseu-corvo.cultura.azores.gov.pt\/wp-content\/uploads\/2023\/11\/pr_01_cor_-_cara_do_indio_1.pdf\">pr_01_cor_-_cara_do_indio_1<\/a><a href=\"https:\/\/ecomuseu-corvo.cultura.azores.gov.pt\/wp-content\/uploads\/2023\/11\/pr_01_cor_-_cara_do_indio_1.pdf\" class=\"wp-block-file__button wp-element-button\" download aria-describedby=\"wp-block-file--media-7eec3a42-894b-49b7-be8f-c940a09606c5\">Descarregar<\/a><\/div>\n<\/details>\n\n\n\n<details class=\"wp-block-details is-layout-flow wp-block-details-is-layout-flow\"><summary>Ponta do Marco<\/summary>\n<p>Local indicado como sendo o s\u00edtio onde na altura da descoberta da ilha foi encontrado uma misteriosa est\u00e1tua de um cavaleiro indicando o Ocidente.<\/p>\n\n\n\n<p>Corresponde ao extremo noroeste da ilha do Corvo e constitui uma elevada fal\u00e9sia litoral truncada pela eros\u00e3o marinha, exibindo uma sequ\u00eancia vulcano-estratigr\u00e1fica complexa associada ao principal vulc\u00e3o da ilha. <\/p>\n\n\n\n<p>Fazem ainda parte deste geoss\u00edtio os ilh\u00e9us do Marco e do Torr\u00e3o, separados da ilha pela eros\u00e3o. Facilmente observado a partir de um passeio de barco \u00e0 volta da ilha, este \u00e9 um geoss\u00edtio priorit\u00e1rio do Geoparque A\u00e7ores, com relev\u00e2ncia regional e uso cient\u00edfico e geotur\u00edstico.<\/p>\n<\/details>\n\n\n\n<details class=\"wp-block-details is-layout-flow wp-block-details-is-layout-flow\"><summary>Caldeir\u00e3o<\/summary>\n<p>O Caldeir\u00e3o \u00e9 o principal elemento paisag\u00edstico da ilha e resultou do colapso do vulc\u00e3o central do Corvo. Esta caldeira vulc\u00e2nica tem uma forma el\u00edptica, com um di\u00e2metro de aproximadamente 2,3 km e profundidade de 305 m. O seu interior \u00e9 formado por duas lagos de reduzida profundidade e cones vulc\u00e2nicos de pequena dimens\u00e3o, que segundo a cultura a\u00e7oriana representam as nove ilhas dos A\u00e7ores.<\/p>\n\n\n\n<p>A forma\u00e7\u00e3o do Vulc\u00e3o do Caldeir\u00e3o ter-se-\u00e1 iniciado h\u00e1 cerca de 1 a 1,5 milh\u00f5es de anos, numa primeira fase com erup\u00e7\u00f5es, predominantemente, explosivas e, depois, com uma sucess\u00e3o de escoadas l\u00e1vicas bas\u00e1lticas.<\/p>\n\n\n\n<p>O interior da caldeira \u00e9 dominado por um sistema de zonas h\u00famidas e por duas lagoas, alimentadas pela \u00e1gua das chuvas e pela \u00e1gua acumulada nos espessos tufos de musg\u00e3o (turfeiras) existentes nas vertentes viradas a Norte. \u00c9 de salientar que as maiores e mais antigas turfeiras do pa\u00eds est\u00e3o presentes nas ilhas do Corvo e das Flores.<\/p>\n\n\n\n<div data-wp-interactive=\"core\/file\" class=\"wp-block-file\"><object data-wp-bind--hidden=\"!state.hasPdfPreview\" hidden class=\"wp-block-file__embed\" data=\"https:\/\/ecomuseu-corvo.cultura.azores.gov.pt\/wp-content\/uploads\/2023\/11\/prc_02_cor_-_caldeirao_compressed.pdf\" type=\"application\/pdf\" style=\"width:100%;height:600px\" aria-label=\"Embed of prc_02_cor_-_caldeirao_compressed.\"><\/object><a id=\"wp-block-file--media-7a6725d1-3da9-4845-b1eb-b53b5a8c21ec\" href=\"https:\/\/ecomuseu-corvo.cultura.azores.gov.pt\/wp-content\/uploads\/2023\/11\/prc_02_cor_-_caldeirao_compressed.pdf\">prc_02_cor_-_caldeirao_compressed<\/a><a href=\"https:\/\/ecomuseu-corvo.cultura.azores.gov.pt\/wp-content\/uploads\/2023\/11\/prc_02_cor_-_caldeirao_compressed.pdf\" class=\"wp-block-file__button wp-element-button\" download aria-describedby=\"wp-block-file--media-7a6725d1-3da9-4845-b1eb-b53b5a8c21ec\">Descarregar<\/a><\/div>\n<\/details>\n\n\n\n<details class=\"wp-block-details is-layout-flow wp-block-details-is-layout-flow\"><summary>Terras de Cima<\/summary>\n<p>Terrenos utilizados como resultado do crescimento populacional, onde era produzida a jun\u00e7a (Cyperus esculentus).<\/p>\n<\/details>\n\n\n\n<details class=\"wp-block-details is-layout-flow wp-block-details-is-layout-flow\"><summary>Terras de Baixo<\/summary>\n<p>Localizadas na parte oeste da faj\u00e3 l\u00e1vica, s\u00e3o pequenas parcelas de terreno com muros de pedra a servir de separa\u00e7\u00e3o e abrigo \u00e0s culturas.<\/p>\n\n\n\n<p>Nesta zona predominava a produ\u00e7\u00e3o de cereais (trigo, e posteriormente milho), juntamente com a batata, o agri\u00e3o, a ab\u00f3bora, a cebola, entre outros.<\/p>\n\n\n\n<p>Uma grande parte destes terrenos desapareceu com a constru\u00e7\u00e3o da pista do aeroporto.<\/p>\n<\/details>\n\n\n\n<details class=\"wp-block-details is-layout-flow wp-block-details-is-layout-flow\"><summary>Hortas de Fruta<\/summary>\n<p>A ilha apresenta no geral vegeta\u00e7\u00e3o rasteira, com exce\u00e7\u00e3o das &#8220;Hortas de Fruta&#8221;, na zona oriental da ilha, mais abrigada do vento e declive menor. Verifica-se a exist\u00eancia de um micro clima nesta regi\u00e3o da ilha.<\/p>\n\n\n\n<p>Predominam as laranjeiras, figueiras, macieiras, entre outras \u00e1rvores de fruto.<\/p>\n<\/details>\n\n\n\n<details class=\"wp-block-details is-layout-flow wp-block-details-is-layout-flow\"><summary>Baldio<\/summary>\n<p>Na zona mais alta da ilha constituiu-se o Baldio, terreno de uso comum, onde as ovelhas pastavam e onde cresceram em n\u00famero elevado assegurando a mat\u00e9ria prima para a roupa de cama e vestu\u00e1rio dos corvinos.<\/p>\n\n\n\n<p>&#8220;O baldio proporcionava aos corvino m\u00faltiplos benef\u00edcios para uso quotidiano, nomeadamente, \u00abos juncos, fetos, silvas e quaisquer outros esp\u00e9cies de mondas que n\u2019ele se desenvolvam, e tamb\u00e9m os excrementos dos animais\u00bb. As rochas adjacentes tamb\u00e9m eram consideradas baldio. Nelas criavam-se as cabras, mas acima de tudo a\u00ed se recolhia lenha para  as popula\u00e7\u00f5es, numa ilha em que a cobertura arb\u00f3rea, devido \u00e0 press\u00e3o demogr\u00e1fica, ficou confinada \u00e0s fal\u00e9sias da ilha. Contudo, era expressamente proibido realizar fogueiras nesses locais, de modo a salvaguardar um bem t\u00e3o precioso.<\/p>\n\n\n\n<p>[&#8230;]<\/p>\n\n\n\n<p>O baldio do Corvo mais do que um elemento produtivo, numa dimens\u00e3o capitalista da explora\u00e7\u00e3o da terra, foi um meio de subsist\u00eancia fruto de uma necessidade. (&#8230;) A frui\u00e7\u00e3o do baldio fazia-se atrav\u00e9s da extra\u00e7\u00e3o de inertes, de cursos de \u00e1gua e recolha de cobertura arb\u00f3rea, embora fique patente a import\u00e2ncia que a cria\u00e7\u00e3o de ovinos e su\u00ednos representava para uma comunidade isolada.&#8221;<\/p>\n\n\n\n<ul class=\"wp-block-list\">\n<li>Soares, H. N. S.(2013), O baldio da ilha do Corvo e o seu Regulamento de 1896. Boletim do N\u00facleo Cultural da Horta, 22: 155-187.<\/li>\n<\/ul>\n<\/details>\n\n\n\n<details class=\"wp-block-details is-layout-flow wp-block-details-is-layout-flow\"><summary>Relheiras<\/summary>\n<p>As relheiras s\u00e3o sulcos paralelos deixados na pedra, no caso dos A\u00e7ores, provocados pela passagem continuada de carros puxados por bois, que durante s\u00e9culos foram o principal meio de transporte de pessoas e de carga no arquip\u00e9lago.<\/p>\n\n\n\n<p>As rodas dos carros de bois, normalmente envoltas em aros de ferro, deixaram marcas mais ou menos fundas, consoante a carga que transportavam, causadas pela quantidade de vezes que passaram no mesmo local, seguindo sempre o mesmo trajeto.<\/p>\n\n\n\n<p>Em 2018 foram redescobertos no Corvo pequenos tro\u00e7os em caminhos a atalhos.<\/p>\n<\/details>\n<\/div><figure class=\"wp-block-media-text__media\"><img loading=\"lazy\" decoding=\"async\" width=\"763\" height=\"1024\" src=\"https:\/\/ecomuseu-corvo.cultura.azores.gov.pt\/wp-content\/uploads\/2022\/03\/00-Mapa-com-a-divisao-do-territorio-1-763x1024.jpg\" alt=\"\" class=\"wp-image-1429 size-full\" srcset=\"https:\/\/ecomuseu-corvo.cultura.azores.gov.pt\/wp-content\/uploads\/2022\/03\/00-Mapa-com-a-divisao-do-territorio-1-763x1024.jpg 763w, https:\/\/ecomuseu-corvo.cultura.azores.gov.pt\/wp-content\/uploads\/2022\/03\/00-Mapa-com-a-divisao-do-territorio-1-223x300.jpg 223w, https:\/\/ecomuseu-corvo.cultura.azores.gov.pt\/wp-content\/uploads\/2022\/03\/00-Mapa-com-a-divisao-do-territorio-1-768x1031.jpg 768w, https:\/\/ecomuseu-corvo.cultura.azores.gov.pt\/wp-content\/uploads\/2022\/03\/00-Mapa-com-a-divisao-do-territorio-1-1144x1536.jpg 1144w, https:\/\/ecomuseu-corvo.cultura.azores.gov.pt\/wp-content\/uploads\/2022\/03\/00-Mapa-com-a-divisao-do-territorio-1-1525x2048.jpg 1525w, https:\/\/ecomuseu-corvo.cultura.azores.gov.pt\/wp-content\/uploads\/2022\/03\/00-Mapa-com-a-divisao-do-territorio-1-9x12.jpg 9w, https:\/\/ecomuseu-corvo.cultura.azores.gov.pt\/wp-content\/uploads\/2022\/03\/00-Mapa-com-a-divisao-do-territorio-1-1200x1611.jpg 1200w, https:\/\/ecomuseu-corvo.cultura.azores.gov.pt\/wp-content\/uploads\/2022\/03\/00-Mapa-com-a-divisao-do-territorio-1-scaled.jpg 1907w\" sizes=\"auto, (max-width: 763px) 100vw, 763px\" \/><\/figure><\/div>\n\n\n\n<h1 class=\"wp-block-heading\">Patrim\u00f3nio Hist\u00f3rico<\/h1>\n\n\n\n<div id=\"wp-block-themeisle-blocks-accordion-314be914\" class=\"wp-block-themeisle-blocks-accordion exclusive\">\n<details class=\"wp-block-themeisle-blocks-accordion-item\"><summary class=\"wp-block-themeisle-blocks-accordion-item__title\"><div><strong>Do S\u00e9c. XV ao S\u00e9c.  XXI<\/strong><\/div><\/summary><div class=\"wp-block-themeisle-blocks-accordion-item__content\">\n<p><strong>1452 &#8211;<\/strong> No regresso de uma viagem para&nbsp;Ocidente, Diogo de Teive e Pedro Velasco encontram as ilhas de Corvo e Flores, ent\u00e3o&nbsp;designadas por Ilhas Floreiras, ou ainda Ilha de Santa Iria e Ilha de S\u00e3o Tom\u00e1s,&nbsp;formando o Grupo Ocidental do Arquip\u00e9lago dos A\u00e7ores.<\/p>\n<p><strong>1453<\/strong> <strong>&#8211;<\/strong>&nbsp;D. Afonso V faz doa\u00e7\u00e3o&nbsp;do Corvo a seu tio D.&nbsp;Afonso, duque de Bragan\u00e7a e Conde de Barcelos.&nbsp;&nbsp;<\/p>\n<p><strong>1475<\/strong> <strong>&#8211;<\/strong>&nbsp;Carta&nbsp;r\u00e9gia sanciona a compra do Corvo e das Flores por Fern\u00e3o&nbsp;Teles de Menezes.&nbsp;<\/p>\n<p><strong>1503<\/strong><strong> &#8211;<\/strong>&nbsp;D. Maria Vilhena, vi\u00fava de Fern\u00e3o Teles,&nbsp;vende as duas ilhas a Jo\u00e3o da Fonseca, cujo filho Pedro da Fonseca, comandar\u00e1 uma leva de colonos com o intuito de povoar ambas as ilhas. No Corvo essa tentativa \u00e9 levada a cabo, ainda que fracassada, pelo terceirense Ant\u00e3o Vaz que, durante alguns anos, conseguiu fixar uma pequena comunidade.&nbsp;<\/p>\n<p><strong>1537<\/strong> <strong>&#8211;<\/strong> Cors\u00e1rios&nbsp;franceses atacam navios ancorados no Corvo.&nbsp;<\/p>\n<p><strong>1548<\/strong> <strong>&#8211;<\/strong>&nbsp;As ilhas do Corvo e das Flores s\u00e3o entregues a&nbsp;Gon\u00e7alo de Sousa e Fonseca, respons\u00e1vel pela efetiva\u00e7\u00e3o do povoamento da ilha do Corvo.<\/p>\n<p>Este capit\u00e3o, a quem pertencia tamb\u00e9m a donataria de Santo Ant\u00e3o, em Cabo Verde, recorre a uma solu\u00e7\u00e3o que n\u00e3o estaria dispon\u00edvel aos seus antecessores &#8211; escravos oriundos daquele arquip\u00e9lago. S\u00e3o estes, a quem se juntam filhos e netos dos primeiros povoadores da ilha das Flores que garantem o povoamento do Corvo. Conhecida pelos navegadores como a ilha do Marco, a sua posi\u00e7\u00e3o geogr\u00e1fica entre o Novo e o Velho Mundo fez do Corvo um ponto de passagem das grandes rotas atl\u00e2nticas e, como consequ\u00eancia, um alvo de ataques de piratas e cors\u00e1rios.<\/p>\n<p><strong>1587 &#8211;<\/strong>&nbsp;A ilha \u00e9 saqueada por&nbsp;cors\u00e1rios&nbsp;ingleses&nbsp;liderados por Sir Francis&nbsp;Drake, que incendiaram&nbsp;o Porto das Casas.&nbsp;<\/p>\n<p><strong>1589 &#8211;<\/strong> Gaspar Frutuoso refere que a ilha era habitada por \u201cvinte vizinhos, rendeiros e negros do senhorio\u201d&nbsp;correspondendo&nbsp;a 80 a 100 pessoas.&nbsp;<\/p>\n<p><strong>1592 &#8211;<\/strong> Morre Gon\u00e7alo de Sousa e Fonseca, deixando vaga a donataria do Corvo e das Flores. A sua vi\u00fava retira da ilha os escravos que eram sua propriedade.&nbsp;<strong><\/strong><\/p>\n<p><strong>1593 &#8211;<\/strong> D. Francisco de Mascarenhas,&nbsp;Conde de Santa Cruz,&nbsp;passa a ser senhor das&nbsp;ilhas&nbsp;do Corvo e das Flores.&nbsp;Inicia-se uma terceira fase de povoamento com colonos vindos das Flores.&nbsp;<\/p>\n<p><strong>1632<\/strong> &#8211; Dez naus de piratas provenientes do norte de \u00c1frica invadem o Corvo, mas s\u00e3o repelidos pelos locais que, tirando proveito da orografia da ilha e da posi\u00e7\u00e3o vantajosa no alto da ravina, saem vitoriosos de uma batalha que durou cerca de 11 horas e foi avistada da vizinha ilha das Flores. O epis\u00f3dio foi registado pelo Padre In\u00e1cio Coelho, florentino que havia sido p\u00e1roco no Corvo, e que ter\u00e1 ouvido o relato pelo p\u00e1roco de ent\u00e3o; com o intuito de alertar as autoridades para a bravura e resili\u00eancia do povo corvino, apesar do abandono a que sempre esteve sujeito, envia o seu registo para Lisboa para ser impresso e divulgado. Este ganhou contornos milagrosos, sendo a vit\u00f3ria atribu\u00edda \u00e0 a\u00e7\u00e3o de Nossa Senhora dos Milagres, ent\u00e3o designada Nossa Senhora do Ros\u00e1rio.<\/p>\n<p><strong>1654<\/strong> <strong>&#8211;<\/strong>&nbsp;O Padre&nbsp;Ant\u00f3nio&nbsp;Vieira,&nbsp;acompanhado por 4&nbsp;carmelitas e 40 pessoas naufraga \u00e0&nbsp;vista do Corvo.<\/p>\n<p><strong>1695 &#8211;&nbsp;<\/strong>A&nbsp;atual&nbsp;igreja matriz fica conclu\u00edda de forma a poder ser utilizada, ainda que a necessitar de continuas melhorias.&nbsp;Surge a primeira refer\u00eancia nas Visitas Pastorais a Nossa Senhora dos Milagres enquanto padroeira do Corvo e n\u00e3o Nossa Senhora do Ros\u00e1rio.&nbsp;<\/p>\n<p><strong>1770<\/strong> <strong>&#8211;<\/strong>&nbsp;Come\u00e7a a utilizar-se o anil para tingir as l\u00e3s, resultado de um naufr\u00e1gio de uma nau espanhola carregada daquele corante. As suas propriedades s\u00e3o demonstradas pelos sobreviventes do naufr\u00e1gio.&nbsp;<\/p>\n<p><strong>1795 &#8211;&nbsp;<\/strong>Igreja Matriz fica conclu\u00edda.&nbsp;<\/p>\n<p><strong>1808<\/strong> <strong>&#8211;<\/strong> Visita do governador civil no Corvo e nas Flores.&nbsp;<\/p>\n<p><strong>1818<\/strong> <strong>&#8211;<\/strong>&nbsp;Os corvinos dirigem uma&nbsp;peti\u00e7\u00e3o&nbsp;ao novo senhor da ilha, Pedro Jos\u00e9 Caupers, solicitando a&nbsp;redu\u00e7\u00e3o&nbsp;dos impostos a que estavam sujeitos e que haviam sido institu\u00eddos pela fam\u00edlia Mascarenhas (Condes de Santa Cruz).&nbsp;&nbsp;<\/p>\n<p><strong>1832 &#8211;<\/strong>&nbsp;Por interce\u00e7\u00e3o de Mouzinho da Silveira \u00e9 reduzido para metade o imposto pago em trigo pelos corvinos e abolido o imposto pago em dinheiro. A 20 de junho, D. Pedro IV eleva a povoa\u00e7\u00e3o&nbsp;do Corvo&nbsp;\u00e0 categoria de vila e sede de concelho.&nbsp;\u00c9 eleito o capit\u00e3o Joaquim Pedro Coelho como 1\u00ba presidente da C\u00e2mara.<\/p>\n<p><strong>1833<\/strong> <strong>&#8211;<\/strong>&nbsp;\u00c9 criada&nbsp;a Ouvidoria&nbsp;Eclesi\u00e1stica&nbsp;do Corvo.&nbsp;<\/p>\n<p><strong>1836<\/strong> <strong>&#8211;<\/strong> Morre Joaquim Pedro Coelho. \u00c9 a primeira pessoa a ser sepultada no cemit\u00e9rio.&nbsp;<\/p>\n<p><strong>1836<\/strong> <strong>&#8211;<\/strong>&nbsp;Constru\u00e7\u00e3o do primeiro chafariz da Vila, garantindo assim um acesso mais c\u00f3modo a \u00e1gua pot\u00e1vel para uso dom\u00e9stico. Este espa\u00e7o tinha ainda tanques para lavar a roupa e um bebedouro para os animais.<\/p>\n<p><strong>1841<\/strong> <strong>&#8211;<\/strong>&nbsp;\u00c9 criada a&nbsp;comarca judicial de Corvo e Flores.&nbsp;<\/p>\n<p><strong>1845<\/strong> <strong>&#8211;<\/strong>&nbsp;\u00c9 criada a escola&nbsp;masculina.&nbsp;<\/p>\n<p><strong>1849<\/strong> <strong>&#8211;<\/strong>&nbsp;Morre Mouzinho da Silveira, deixando no seu testamento o desejo de ser sepultado no Corvo, onde estaria rodeado de gente que soube ser agradecida.<\/p>\n<p><strong>1853 \u2013&nbsp;<\/strong>A popula\u00e7\u00e3o corvina \u00e9 liberta do imposto que havia ostracizado a comunidade durante mais de tr\u00eas s\u00e9culos. Institu\u00eddo pela fam\u00edlia Mascarenhas, Condes de Santa Cruz, obrigava a um pagamento de 40 moios de trigo e 80 mil reis em l\u00e3, que s\u00f3 a a\u00e7\u00e3o de Mouzinho da Silveira 21 anos antes havia suavizado, ao conseguir reduzir para metade a contribui\u00e7\u00e3o em trigo e abolir o pagamento em l\u00e3. Notam-se, a partir deste momento, melhorias consider\u00e1veis na vida da popula\u00e7\u00e3o que passa a produzir apenas para a sua subsist\u00eancia ; outras culturas v\u00e3o ganhar express\u00e3o em detrimento do trigo, como o milho ou a batata, o rebanho de ovelhas \u00e9 distribu\u00eddo pela popula\u00e7\u00e3o e v\u00e3o verificar-se as mais significativas altera\u00e7\u00f5es na casa corvina.<strong><\/strong><\/p>\n<p>\u00c9&nbsp;nomeada uma comiss\u00e3o para dirigir as obras p\u00fablicas de via\u00e7\u00e3o na ilha do Corvo, tr\u00eas anos antes havia sido criada a Reparti\u00e7\u00e3o das Obras P\u00fablicas na ilha das Flores.&nbsp;<\/p>\n<p><strong>1864<\/strong> <strong>&#8211;<\/strong>&nbsp;O arrolamento de 1864 diz ter o Corvo 1.095 habitantes.<\/p>\n<p><strong>1867<\/strong> <strong>&#8211;<\/strong>&nbsp;Extin\u00e7\u00e3o&nbsp;do concelho do Corvo, que n\u00e3o se efetivou devido \u00e0 queda do Minist\u00e9rio. Inc\u00eandio na C\u00e2mara Municipal resulta na perda dos livros das atas.<\/p>\n<p><strong>1871 &#8211;&nbsp;<\/strong>Criado um sistema para sinalizar e identificar as ovelhas cujo n\u00famero havia aumentado para cerca de 1060.&nbsp;<\/p>\n<p><strong>1873<\/strong> <strong>&#8211;<\/strong>&nbsp;Um grande&nbsp;temporal destruiu os portos do Corvo.&nbsp;<\/p>\n<p><strong>1874<\/strong> <strong>&#8211;<\/strong>&nbsp;\u00c9 criada a escola&nbsp;feminina&nbsp;do Corvo.&nbsp;<\/p>\n<p><strong>1880<\/strong> <strong>&#8211;<\/strong>&nbsp;A C\u00e2mara deliberou a obrigatoriedade da participa\u00e7\u00e3o no dia da l\u00e3 de um homem de cada casa.&nbsp;<\/p>\n<p><strong>1882<\/strong> <strong>&#8211;<\/strong>&nbsp;Pe. Manuel Leal Goulart, cura da Matriz de N.&nbsp;Sra.&nbsp;dos Milagres fundou a escola noturna de&nbsp;instru\u00e7\u00e3o&nbsp;elementar de&nbsp;leciona\u00e7\u00e3o&nbsp;gratuita.&nbsp;<\/p>\n<p><strong>1885<\/strong> <strong>&#8211;<\/strong>&nbsp;Nasce no Corvo Manuel Carlos George Nascimento,&nbsp;que vem a tornar-se o&nbsp;coautor&nbsp;das letras chilenas, tendo editado Pablo Neruda e Gabriela Mistral, entre outros.&nbsp;&nbsp;<\/p>\n<p><strong>1886<\/strong> <strong>&#8211;<\/strong>&nbsp;O Governador Civil da Horta em visita \u00e0&nbsp;ilha pergunta&nbsp;quais eram&nbsp;as necessidades da popula\u00e7\u00e3o,&nbsp;que lhe responderam&nbsp;\u201capenas uma bandeira nacional para&nbsp;saudar os navios que passavam\u201d.&nbsp;<\/p>\n<p><strong>1890<\/strong> <strong>&#8211;<\/strong>\u00a0Constitui-se a Comiss\u00e3o de Melhoramentos por iniciativa de um grupo de corvinos que, liderados pelo padre Jos\u00e9 Greg\u00f3rio de Mendon\u00e7a, financiam e levam a cabo in\u00fameras obras na Vila que permitiram melhorar as condi\u00e7\u00f5es de vida da comunidade. Esta Comiss\u00e3o dissolve-se 2 anos depois mas, ainda assim, o Padre Greg\u00f3rio de Mendon\u00e7a continua o seu trabalho, conseguindo garantir verbas para a constru\u00e7\u00e3o de chafarizes e lavadouros na Vila.<\/p>\n<p><strong>1892<\/strong> <strong>&#8211;<\/strong> Dissolve-se a Comiss\u00e3o de Melhoramentos, mas o padre Greg\u00f3rio de Mendon\u00e7a continua o seu trabalho, tendo conseguido garantir verbas para as constru\u00e7\u00f5es dos outros chafarizes e lavadouros da vila.<\/p>\n<p><strong>1893 &#8211;<\/strong> Celebrado contrato com a Empresa Insulana de Navega\u00e7\u00e3o que prev\u00ea a ida do vapor\u00a0\u201cA\u00e7\u00f4r\u201d \u00e0 ilha do Corvo, de tr\u00eas em tr\u00eas meses. \u00a0<\/p>\n<p><strong>1896<\/strong> <strong>&#8211;<\/strong>\u00a0Visita do\u00a0Pr\u00edncipe\u00a0Alberto I do\u00a0M\u00f3naco\u00a0ao Corvo, em miss\u00e3o\u00a0cient\u00edfica, a bordo do\u00a0<em>L\u2019Hirondelle<\/em>, onde realiza uma importante cole\u00e7\u00e3o\u00a0de fotografias que se encontram no Museu\u00a0Oceanogr\u00e1fico\u00a0do\u00a0M\u00f3naco que a C\u00e2mara Municipal do Corvo adquiriu c\u00f3pia em 2011.\u00a0<\/p>\n<p><strong>1896<\/strong> <strong>&#8211;<\/strong>&nbsp;Elaborado o primeiro Projeto de Regulamento do Baldio.&nbsp;<\/p>\n<p><strong>1912<\/strong> <strong>&#8211;<\/strong>&nbsp;Jesu\u00edno&nbsp;Augusto Carlos Flores, condutor de Obras P\u00fablicas,&nbsp;veio levantar a planta do cais do Porto da casa e em 1923 a planta do Porto Novo.&nbsp;<\/p>\n<p><strong>1924<\/strong> <strong>&#8211;<\/strong>&nbsp;Visita do Raul&nbsp;Brand\u00e3o&nbsp;ao Corvo&nbsp;<\/p>\n<p><strong>1932<\/strong> <strong>&#8211;<\/strong> Inc\u00eandio na Igreja Matriz destr\u00f3i uma parte significativa do arquivo paroquial.&nbsp;<\/p>\n<p><strong>1938 &#8211;<\/strong> Criada a Sociedade Filarm\u00f3nica Lira Corvense.<\/p>\n<p><strong>1939 &#8211;<\/strong>&nbsp;Criado um Clube Recreativo e Instrutivo, com sede no edif\u00edcio da antiga escola no lugar do Maroi\u00e7o&nbsp;onde tamb\u00e9m funcionou um&nbsp;aparelho de r\u00e1dio.&nbsp;&nbsp;<\/p>\n<p><strong>1942 &#8211;&nbsp;<\/strong>Naufraga a lancha \u201cFrancesa\u201d, na costa Sul da ilha, que trazia florentinos para a festa de Nossa Senhora dos Milagres; morrem 16 pessoas.<\/p>\n<p>Nesse mesmo ano&nbsp;chega ao Corvo o 1\u00ba recetor de r\u00e1dio, oferta de um grupo de portuenses amigos dos A\u00e7ores, cujo objetivo era o de diminuir o isolamento em que viviam os corvinos.&nbsp;<\/p>\n<p><strong>1950 &#8211;<\/strong> Ap\u00f3s abaixo-assinado dirigido a Salazar pelos corvinos, o navio \u201cCarvalho Ara\u00fajo\u201d passa a escalar o Corvo todos os meses.<\/p>\n<p><strong>1951 &#8211;<\/strong> O padre Leonete Vieira do Rego faz chegar \u00e0 ilha a primeira camioneta, assim como um gerador para produ\u00e7\u00e3o de eletricidade. \u00c9 da sua responsabilidade ainda a montagem de uma debulhadora mec\u00e2nica.<\/p>\n<p><strong>1963 \u2013 <\/strong>Fica conclu\u00eddo o projeto de eletrifica\u00e7\u00e3o da Vila do Corvo, e \u00e9 inaugurada a primeira central el\u00e9trica na Avenida Nova, onde hoje funciona a padaria.<\/p>\n<p><strong>1964 &#8211;<\/strong>&nbsp;Ano da Matriz Predial do edif\u00edcio dos Pa\u00e7os do Concelho, David Santos era presidente. At\u00e9 aqui a C\u00e2mara Municipal estava sediada no Largo do Outeiro.&nbsp;<\/p>\n<p><strong>1965<\/strong> <strong>&#8211;<\/strong> Constru\u00e7\u00e3o do primeiro molhe do Porto da Casa.<\/p>\n<p><strong>1966 \u2013<\/strong> \u00c9 instalado o primeiro reservat\u00f3rio de \u00e1gua, garantindo-se o fornecimento de \u00e1gua canalizada \u00e0s habita\u00e7\u00f5es.<\/p>\n<p><strong>1969 &#8211;<\/strong> Tem lugar o \u00faltimo Dia da L\u00e3, no m\u00eas de maio, s\u00edmbolo do comunitarismo que caraterizou a sociedade corvina durante mais de 400 anos. Era o dia da tosquia, festivo, apesar de todo o trabalho que implicava. Os anci\u00e3os planeavam os trabalhos e o dia come\u00e7ava com a forma\u00e7\u00e3o das \u00abesquadras\u00bb de homens que iam arrebanhar as ovelhas do Baldio at\u00e9 ao curral do Lagos, onde eram tosquiadas. Toda a comunidade participava. Em setembro fazia-se outro dia da l\u00e3, para marcar as f\u00eameas que estariam gr\u00e1vidas, de modo a melhor identificar as crias e respetivas m\u00e3es. O n\u00famero de ovelhas caiu drasticamente quando a gest\u00e3o do Baldio foi entregue aos Servi\u00e7os Florestais no ano seguinte, regressando \u00e0s m\u00e3os dos corvinos em 1975, ap\u00f3s uma guerra acesa entre os agricultores e aqueles Servi\u00e7os.<\/p>\n<p><strong>1976<\/strong> <strong>&#8211;<\/strong> Primeiras elei\u00e7\u00f5es, livres e democr\u00e1tica, para a C\u00e2mara Municipal e Assembleia Municipal.<\/p>\n<p><strong>1977<\/strong> <strong>&#8211;<\/strong> T\u00eam&nbsp;in\u00edcio&nbsp;as obras para constru\u00e7\u00e3o da pista de avia\u00e7\u00e3o.&nbsp;<\/p>\n<p>S\u00e3o aprovados, pelo Governo Regional dos A\u00e7ores, os estatutos do Baldio.<\/p>\n<p><strong>1977 (21 de junho) &#8211;<\/strong> A LDG 202 ALABARDA da Marinha encosta no Porto da Casa para desembarque de maquinaria e militares do Ex\u00e9rcito para constru\u00e7\u00e3o do Aer\u00f3dromo.<\/p>\n<p><strong>1979 (19 de junho) &#8211;<\/strong> 2 helic\u00f3pteros SA330 PUMA da FAP aterram pela primeira vez no Corvo. Trazem militares (altas patentes) para verem o decorrer das obras em curso na pista de avia\u00e7\u00e3o.<\/p>\n<p>D\u00e1-se a \u00faltima colheita de trigo na ilha.<\/p>\n<p><strong>1983 (25 de setembro) &#8211;<\/strong> Primeiro avi\u00e3o a aterrar na pista de avia\u00e7\u00e3o do Corvo, um Aviocar CASA 212 da FAP para realiza\u00e7\u00e3o de testes de aterragem e descolagem<strong>.<\/strong><\/p>\n<p><strong>1983 (28 de setembro)<\/strong> <strong>&#8211;<\/strong>&nbsp;Inaugura\u00e7\u00e3o do aeroporto do Corvo pelo Presidente da Rep\u00fablica, o General Ramalho Eanes, que inaugura tamb\u00e9m a rede telef\u00f3nica autom\u00e1tica da esta\u00e7\u00e3o dos CTT.<\/p>\n<p><strong>1995 &#8211; <\/strong>Asfaltagem da estrada para o Caldeir\u00e3o.<\/p>\n<p><strong>1997<\/strong> <strong>&#8211;<\/strong>&nbsp;O&nbsp;n\u00facleo&nbsp;urbano antigo de Vila do Corvo \u00e9 classificado como conjunto de interesse p\u00fablico.<\/p>\n<p><strong>1998 &#8211;<\/strong> Inaugurado o novo edif\u00edcio da atual Escola B\u00e1sica e Secund\u00e1ria Mouzinho da Silveira.<\/p>\n<p><strong>2007<\/strong> &#8211;&nbsp;A&nbsp;ilha do Corvo \u00e9 classificada pela UNESCO como Reserva da&nbsp;Biosfera.<\/p>\n<p><strong>2014<\/strong> &#8211; Cria\u00e7\u00e3o do Ecomuseu do Corvo.<\/p>\n<p><strong>2019 &#8211;<\/strong> \u00c9 inaugurada a Casa do Tempo, primeiro polo do Ecomuseu do Corvo.<\/p>\n<\/div><\/details>\n<\/div>\n","protected":false},"excerpt":{"rendered":"<p>Fechadura de Madeira Barreta de L\u00e3 Jun\u00e7a &#8211; Cyperus esculentus Moinho do Caldeir\u00e3o Patrim\u00f3nio Cultural Patrim\u00f3nio Natural Patrim\u00f3nio Paisag\u00edstico Patrim\u00f3nio Hist\u00f3rico Do S\u00e9c. XV ao S\u00e9c. XXI 1452 &#8211; No [&hellip;]<\/p>\n","protected":false},"author":6,"featured_media":0,"parent":0,"menu_order":0,"comment_status":"closed","ping_status":"closed","template":"templates\/template-full-width.php","meta":{"footnotes":""},"class_list":["post-110","page","type-page","status-publish","hentry"],"_links":{"self":[{"href":"https:\/\/ecomuseu-corvo.cultura.azores.gov.pt\/en\/wp-json\/wp\/v2\/pages\/110","targetHints":{"allow":["GET"]}}],"collection":[{"href":"https:\/\/ecomuseu-corvo.cultura.azores.gov.pt\/en\/wp-json\/wp\/v2\/pages"}],"about":[{"href":"https:\/\/ecomuseu-corvo.cultura.azores.gov.pt\/en\/wp-json\/wp\/v2\/types\/page"}],"author":[{"embeddable":true,"href":"https:\/\/ecomuseu-corvo.cultura.azores.gov.pt\/en\/wp-json\/wp\/v2\/users\/6"}],"replies":[{"embeddable":true,"href":"https:\/\/ecomuseu-corvo.cultura.azores.gov.pt\/en\/wp-json\/wp\/v2\/comments?post=110"}],"version-history":[{"count":107,"href":"https:\/\/ecomuseu-corvo.cultura.azores.gov.pt\/en\/wp-json\/wp\/v2\/pages\/110\/revisions"}],"predecessor-version":[{"id":4778,"href":"https:\/\/ecomuseu-corvo.cultura.azores.gov.pt\/en\/wp-json\/wp\/v2\/pages\/110\/revisions\/4778"}],"wp:attachment":[{"href":"https:\/\/ecomuseu-corvo.cultura.azores.gov.pt\/en\/wp-json\/wp\/v2\/media?parent=110"}],"curies":[{"name":"wp","href":"https:\/\/api.w.org\/{rel}","templated":true}]}}