{"id":10,"date":"2021-07-16T12:09:42","date_gmt":"2021-07-16T12:09:42","guid":{"rendered":"https:\/\/ecomuseu-corvo.cultura.azores.gov.pt\/?page_id=10"},"modified":"2026-04-24T10:56:27","modified_gmt":"2026-04-24T10:56:27","slug":"corvo-ecomuseum","status":"publish","type":"page","link":"https:\/\/ecomuseu-corvo.cultura.azores.gov.pt\/en\/","title":{"rendered":"Homepage"},"content":{"rendered":"<div class=\"wp-block-cover alignfull is-light homepage__cover-block has-normal-font-size\" style=\"min-height:100px;aspect-ratio:unset;\"><img loading=\"lazy\" decoding=\"async\" width=\"2560\" height=\"1440\" class=\"wp-block-cover__image-background wp-image-1586\" alt=\"\" src=\"https:\/\/ecomuseu-corvo.cultura.azores.gov.pt\/wp-content\/uploads\/2022\/05\/corvo-foto.webp\" style=\"object-position:50% 13%\" data-object-fit=\"cover\" data-object-position=\"50% 13%\" srcset=\"https:\/\/ecomuseu-corvo.cultura.azores.gov.pt\/wp-content\/uploads\/2022\/05\/corvo-foto.webp 2560w, https:\/\/ecomuseu-corvo.cultura.azores.gov.pt\/wp-content\/uploads\/2022\/05\/corvo-foto-300x169.webp 300w, https:\/\/ecomuseu-corvo.cultura.azores.gov.pt\/wp-content\/uploads\/2022\/05\/corvo-foto-1024x576.webp 1024w, https:\/\/ecomuseu-corvo.cultura.azores.gov.pt\/wp-content\/uploads\/2022\/05\/corvo-foto-768x432.webp 768w, https:\/\/ecomuseu-corvo.cultura.azores.gov.pt\/wp-content\/uploads\/2022\/05\/corvo-foto-1536x864.webp 1536w, https:\/\/ecomuseu-corvo.cultura.azores.gov.pt\/wp-content\/uploads\/2022\/05\/corvo-foto-2048x1152.webp 2048w, https:\/\/ecomuseu-corvo.cultura.azores.gov.pt\/wp-content\/uploads\/2022\/05\/corvo-foto-18x10.webp 18w, https:\/\/ecomuseu-corvo.cultura.azores.gov.pt\/wp-content\/uploads\/2022\/05\/corvo-foto-1200x675.webp 1200w, https:\/\/ecomuseu-corvo.cultura.azores.gov.pt\/wp-content\/uploads\/2022\/05\/corvo-foto-1980x1114.webp 1980w\" sizes=\"auto, (max-width: 2560px) 100vw, 2560px\" \/><span aria-hidden=\"true\" class=\"wp-block-cover__background has-background-background-color has-background-dim\"><\/span><div class=\"wp-block-cover__inner-container is-layout-flow wp-block-cover-is-layout-flow\">\n<p class=\"has-text-align-center has-small-font-size\"><\/p>\n<\/div><\/div>\n\n\n\n<div class=\"wp-block-media-text is-stacked-on-mobile\"><figure class=\"wp-block-media-text__media\"><a href=\"https:\/\/ecomuseu-corvo.cultura.azores.gov.pt\/wp-content\/uploads\/2026\/03\/foto-abril.jpg\" data-rel=\"lightbox-image-0\" data-rl_title=\"\" data-rl_caption=\"\" title=\"\"><img loading=\"lazy\" decoding=\"async\" width=\"526\" height=\"526\" src=\"https:\/\/ecomuseu-corvo.cultura.azores.gov.pt\/wp-content\/uploads\/2026\/03\/foto-abril.jpg\" alt=\"\" class=\"wp-image-5205 size-full\" srcset=\"https:\/\/ecomuseu-corvo.cultura.azores.gov.pt\/wp-content\/uploads\/2026\/03\/foto-abril.jpg 526w, https:\/\/ecomuseu-corvo.cultura.azores.gov.pt\/wp-content\/uploads\/2026\/03\/foto-abril-300x300.jpg 300w, https:\/\/ecomuseu-corvo.cultura.azores.gov.pt\/wp-content\/uploads\/2026\/03\/foto-abril-150x150.jpg 150w, https:\/\/ecomuseu-corvo.cultura.azores.gov.pt\/wp-content\/uploads\/2026\/03\/foto-abril-12x12.jpg 12w\" sizes=\"auto, (max-width: 526px) 100vw, 526px\" \/><\/a><\/figure><div class=\"wp-block-media-text__content\">\n<p class=\"has-large-font-size\"><strong>Foto do M\u00eas &#8211; Abril<\/strong><\/p>\n\n\n\n<p>Pertence a Jos\u00e9 das Pedras Saramago \u2013 <a href=\"https:\/\/padlet.com\/Ecomuseu\/a-foto-do-m-s-tj9s9r9mi6du05oi?fbclid=IwZXh0bgNhZW0CMTAAAR0Tabn9QKu0gmGhKPEBLEIlDHZwRkWN7QuCyd4BoHCCPDyw37lO2ZGACt0_aem_ATH6BhkiX9zWuf-nvj1HefRwi3JWnTn23qEeruJWPAYndOwKtGUoySQj8XA0tDopICZSKqcwCe_yV3OHlSO_6Sx5\" data-type=\"link\" data-id=\"https:\/\/padlet.com\/Ecomuseu\/a-foto-do-m-s-tj9s9r9mi6du05oi?fbclid=IwZXh0bgNhZW0CMTAAAR0Tabn9QKu0gmGhKPEBLEIlDHZwRkWN7QuCyd4BoHCCPDyw37lO2ZGACt0_aem_ATH6BhkiX9zWuf-nvj1HefRwi3JWnTn23qEeruJWPAYndOwKtGUoySQj8XA0tDopICZSKqcwCe_yV3OHlSO_6Sx5\" target=\"_blank\" rel=\"noreferrer noopener\">Arquivo Fotogr\u00e1fico do Ecomuseu do Corvo<\/a><\/p>\n\n\n\n<p class=\"has-small-font-size\"><\/p>\n\n\n\n<p>Recolha Participativa <a href=\"https:\/\/www.facebook.com\/photo\/?fbid=1341303611392669&amp;set=a.476281337894905&amp;locale=pt_PT\" data-type=\"link\" data-id=\"https:\/\/www.facebook.com\/photo\/?fbid=1341303611392669&amp;set=a.476281337894905&amp;locale=pt_PT\">aqui<\/a>\u00bb<\/p>\n<\/div><\/div>\n\n\n\n<div style=\"height:2rem\" aria-hidden=\"true\" class=\"wp-block-spacer\"><\/div>\n\n\n\n<div class=\"wp-block-media-text is-stacked-on-mobile\"><figure class=\"wp-block-media-text__media\"><a href=\"https:\/\/ecomuseu-corvo.cultura.azores.gov.pt\/wp-content\/uploads\/2026\/04\/04_2026.png\" data-rel=\"lightbox-image-1\" data-rl_title=\"\" data-rl_caption=\"\" title=\"\"><img loading=\"lazy\" decoding=\"async\" width=\"978\" height=\"513\" src=\"https:\/\/ecomuseu-corvo.cultura.azores.gov.pt\/wp-content\/uploads\/2026\/04\/04_2026.png\" alt=\"\" class=\"wp-image-5215 size-full\" srcset=\"https:\/\/ecomuseu-corvo.cultura.azores.gov.pt\/wp-content\/uploads\/2026\/04\/04_2026.png 978w, https:\/\/ecomuseu-corvo.cultura.azores.gov.pt\/wp-content\/uploads\/2026\/04\/04_2026-300x157.png 300w, https:\/\/ecomuseu-corvo.cultura.azores.gov.pt\/wp-content\/uploads\/2026\/04\/04_2026-768x403.png 768w, https:\/\/ecomuseu-corvo.cultura.azores.gov.pt\/wp-content\/uploads\/2026\/04\/04_2026-18x9.png 18w\" sizes=\"auto, (max-width: 978px) 100vw, 978px\" \/><\/a><\/figure><div class=\"wp-block-media-text__content\">\n<p class=\"has-large-font-size\"><strong><a href=\"https:\/\/padlet.com\/tatianamfragata\/pe-a-do-m-s-sd9vd5npqbzulcoj?fbclid=IwZXh0bgNhZW0CMTAAAR14dMhu3-aPJqHQ5Z4nyk4jUeNcEKcSI6Prdvz3WlhyT-NYZtSaH3UDyEo_aem_ATEdhkW2GUR-ehz5Thr1UihFjNGThmF5I0YGLJ0reKyLhwxRMMvyToRNIAwgJYtGfZx8W9vXxViluDNGM_Q8QLQ3\" target=\"_blank\" rel=\"noreferrer noopener\">Pe\u00e7a do M\u00eas <\/a>&#8211;<\/strong> <strong>Abril<\/strong><\/p>\n\n\n\n<p>Propriet\u00e1rio: Ecomuseu do Corvo<\/p>\n\n\n\n<p class=\"has-small-font-size\"><\/p>\n\n\n\n<p>Recolha Participativa <a href=\"https:\/\/www.facebook.com\/photo\/?fbid=1346801267509570&amp;set=a.476281337894905&amp;locale=pt_PT\" data-type=\"link\" data-id=\"https:\/\/www.facebook.com\/photo\/?fbid=1013821994140834&amp;set=a.476281337894905&amp;locale=pt_PT\">aqui<\/a>\u00bb<\/p>\n<\/div><\/div>\n\n\n\n<div class=\"wp-block-buttons is-content-justification-center is-layout-flex wp-container-core-buttons-is-layout-16018d1d wp-block-buttons-is-layout-flex\">\n<div class=\"wp-block-button ec-btn-anteriores-pecas-do-mes\"><a class=\"wp-block-button__link wp-element-button\" href=\"https:\/\/ecomuseu-corvo.cultura.azores.gov.pt\/en\/arquivo-das-pecas-do-mes\/\">Ver as anteriores pe\u00e7as do m\u00eas<\/a><\/div>\n<\/div>\n\n\n\n    <div class=\"ec__homepage-news-container alignwide animated fadeInUp\">\n\t<h2>\u00daltimas not\u00edcias<\/h2>\n    <div class=\"ec__homepage-news\"><div class=\"ec__homepage-news-article\"><a href=\"https:\/\/ecomuseu-corvo.cultura.azores.gov.pt\/en\/?p=5162\"><img loading=\"lazy\" decoding=\"async\" src=\"https:\/\/ecomuseu-corvo.cultura.azores.gov.pt\/wp-content\/uploads\/2026\/03\/logo.png\" width=\"300\" height=\"225\" alt=\"Projeto \"redes\" - rede regional de voluntariado jovem's featured image\"><div class=\"ec__homepage-news-article-title\">Projeto \"Redes\" - Rede Regional de Voluntariado Jovem<\/div><\/a><\/div><div class=\"ec__homepage-news-article\"><a href=\"https:\/\/ecomuseu-corvo.cultura.azores.gov.pt\/en\/?p=5145\"><img loading=\"lazy\" decoding=\"async\" src=\"https:\/\/ecomuseu-corvo.cultura.azores.gov.pt\/wp-content\/uploads\/2026\/03\/Divulgacao-redes-1200x676.jpg\" width=\"300\" height=\"225\" alt=\"Eco Act Project's featured image\"><div class=\"ec__homepage-news-article-title\">Eco Act Project<\/div><\/a><\/div><div class=\"ec__homepage-news-article\"><a href=\"https:\/\/ecomuseu-corvo.cultura.azores.gov.pt\/en\/?p=5123\"><img loading=\"lazy\" decoding=\"async\" src=\"https:\/\/ecomuseu-corvo.cultura.azores.gov.pt\/wp-content\/uploads\/2026\/03\/vertical.jpg\" width=\"300\" height=\"225\" alt=\"Projeto europeu EcoAct - primeira reuni\u00e3o transnacional's featured image\"><div class=\"ec__homepage-news-article-title\">Projeto europeu EcoAct - primeira reuni\u00e3o transnacional<\/div><\/a><\/div><\/div><a href=\"\/en\/news\/\" class=\"wp-block-button__link wp-element-button ec__btn-view-all-articles\">Ver todas as not\u00edcias<\/a><\/div>\n\n\n\n    <div class=\"ec__homepage-events-container alignwide animated fadeInUp\">\n\t<h2>Pr\u00f3ximas atividades<\/h2>\n    <div class=\"ec__homepage-events\">\n            <div class=\"ec__homepage-event\">\n                <a href=\"\/en\/event\/inscricoes-abertas-para-a-formacao-em-iniciacao-as-tecnicas-de-tecelagem\/\">\n                \t<p><img loading=\"lazy\" decoding=\"async\" src=\"https:\/\/ecomuseu-corvo.cultura.azores.gov.pt\/wp-content\/uploads\/2026\/04\/Formacao-iniciacao-as-tecnicas-de-tecelagem-5-edicao-1200x1698.png\" width=\"300\" height=\"225\" alt=\"Inscri\u00e7\u00f5es abertas para a forma\u00e7\u00e3o em inicia\u00e7\u00e3o \u00e0s t\u00e9cnicas de tecelagem's featured image\"<\/p>\n                    <div class=\"ec__homepage-event-title\">Inscri\u00e7\u00f5es abertas para a forma\u00e7\u00e3o em inicia\u00e7\u00e3o \u00e0s t\u00e9cnicas de tecelagem<\/div>\n                    <div class=\"ec__homepage-event-date\">24\/05\/2026, 8:00 AM<\/div>\n                <\/a>\n            <\/div>\n\t\t\n            <div class=\"ec__homepage-event\">\n                <a href=\"\/en\/event\/extensao-cineeco-seia-festival-internacional-de-cinema-ambiental-da-serra-da-estrela-2\/\">\n                \t<p><img loading=\"lazy\" decoding=\"async\" src=\"https:\/\/ecomuseu-corvo.cultura.azores.gov.pt\/wp-content\/uploads\/2026\/03\/Redes_Divulgacao_Ilha-do-Corvo-1200x628.jpg\" width=\"300\" height=\"225\" alt=\"Extens\u00e3o Cine\u2019Eco Seia \u2013 Festival Internacional de Cinema Ambiental da Serra da Estrela's featured image\"<\/p>\n                    <div class=\"ec__homepage-event-title\">Extens\u00e3o Cine\u2019Eco Seia \u2013 Festival Internacional de Cinema Ambiental da Serra da Estrela<\/div>\n                    <div class=\"ec__homepage-event-date\">18\/03\/2026, 3:30 PM<\/div>\n                <\/a>\n            <\/div>\n\t\t\n            <div class=\"ec__homepage-event\">\n                <a href=\"\/en\/event\/encontros-com-memoria-6\/\">\n                \t<p><img loading=\"lazy\" decoding=\"async\" src=\"https:\/\/ecomuseu-corvo.cultura.azores.gov.pt\/wp-content\/uploads\/2026\/02\/Divulgacao-1200x676.png\" width=\"300\" height=\"225\" alt=\"Encontros com Mem\u00f3ria's featured image\"<\/p>\n                    <div class=\"ec__homepage-event-title\">Encontros com Mem\u00f3ria<\/div>\n                    <div class=\"ec__homepage-event-date\">23\/04\/2026, 3:30 PM<\/div>\n                <\/a>\n            <\/div>\n\t\t<\/div><a href=\"\/en\/eventos\/\" class=\"wp-block-button__link wp-element-button ec__btn-view-all-events\">Ver todas as atividades<\/a><\/div>","protected":false},"excerpt":{"rendered":"<p>Foto do M\u00eas &#8211; Abril Pertence a Jos\u00e9 das Pedras Saramago \u2013 Arquivo Fotogr\u00e1fico do Ecomuseu do Corvo Recolha Participativa aqui\u00bb Pe\u00e7a do M\u00eas &#8211; Abril Propriet\u00e1rio: Ecomuseu do Corvo [&hellip;]<\/p>\n","protected":false},"author":6,"featured_media":0,"parent":0,"menu_order":0,"comment_status":"closed","ping_status":"closed","template":"templates\/template-homepage.php","meta":{"footnotes":""},"class_list":["post-10","page","type-page","status-publish","hentry"],"_links":{"self":[{"href":"https:\/\/ecomuseu-corvo.cultura.azores.gov.pt\/en\/wp-json\/wp\/v2\/pages\/10","targetHints":{"allow":["GET"]}}],"collection":[{"href":"https:\/\/ecomuseu-corvo.cultura.azores.gov.pt\/en\/wp-json\/wp\/v2\/pages"}],"about":[{"href":"https:\/\/ecomuseu-corvo.cultura.azores.gov.pt\/en\/wp-json\/wp\/v2\/types\/page"}],"author":[{"embeddable":true,"href":"https:\/\/ecomuseu-corvo.cultura.azores.gov.pt\/en\/wp-json\/wp\/v2\/users\/6"}],"replies":[{"embeddable":true,"href":"https:\/\/ecomuseu-corvo.cultura.azores.gov.pt\/en\/wp-json\/wp\/v2\/comments?post=10"}],"version-history":[{"count":235,"href":"https:\/\/ecomuseu-corvo.cultura.azores.gov.pt\/en\/wp-json\/wp\/v2\/pages\/10\/revisions"}],"predecessor-version":[{"id":5235,"href":"https:\/\/ecomuseu-corvo.cultura.azores.gov.pt\/en\/wp-json\/wp\/v2\/pages\/10\/revisions\/5235"}],"wp:attachment":[{"href":"https:\/\/ecomuseu-corvo.cultura.azores.gov.pt\/en\/wp-json\/wp\/v2\/media?parent=10"}],"curies":[{"name":"wp","href":"https:\/\/api.w.org\/{rel}","templated":true}]}}